{"id":5072,"date":"2016-01-21T11:07:03","date_gmt":"2016-01-21T11:07:03","guid":{"rendered":"http:\/\/impreza5.us-themes.com\/?page_id=5072"},"modified":"2025-11-07T20:29:32","modified_gmt":"2025-11-07T19:29:32","slug":"home-3","status":"publish","type":"page","link":"https:\/\/poesiaerestu.com\/revista\/","title":{"rendered":"Revista de poes\u00eda. Revista Poes\u00eda eres t\u00fa."},"content":{"rendered":"<section class=\"l-section wpb_row height_auto width_full color_custom\"><div class=\"l-section-h i-cf\"><div class=\"g-cols vc_row via_flex valign_top type_default stacking_default\"><div class=\"vc_col-sm-6 wpb_column vc_column_container\"><div class=\"vc_column-inner us_custom_de67d1db\"><div class=\"wpb_wrapper\"><div class=\"w-grid us_carousel type_carousel layout_7199 overflow_hidden preload_style_spinner items_3\" id=\"us_grid_1\" style=\"--items:3;--gap:2px;\"><style>@media (min-width:1024px){#us_grid_1 .w-post-elm.post_title{font-size:1rem!important}}.layout_7199 .w-grid-item-h{}.layout_7199 .usg_post_image_1{transition-duration:0.3s;transform:scale(1) translate(0%,0%)}.layout_7199 .w-grid-item-h:focus-within .usg_post_image_1,.layout_7199 .w-grid-item-h:hover .usg_post_image_1{transform:scale(1.2) translate(0%,0%);opacity:1}<\/style><div class=\"w-grid-list owl-carousel valign_stretch dotstyle_circle navstyle_circle arrows-ver-pos_middle arrows-hor-pos_on_sides_outside arrows-disabled_hide owl-responsive-2000 center_item with_arrows\" style=\"--transition-duration:350ms;--arrows-size:1.5rem;--arrows-hor-offset:calc(0px + 2px);--arrows-gap:10px;\">\t<article class=\"w-grid-item post-10522 post type-post status-publish format-standard has-post-thumbnail hentry category-entrevistas\" data-id=\"10522\">\r\n\t\t<div class=\"w-grid-item-h\">\r\n\t\t\t\t\t\t<div class=\"w-post-elm post_image usg_post_image_1 stretched\"><a href=\"https:\/\/poesiaerestu.com\/revista\/entrevista-a-jose-devis-con-motivo-de-la-publicacion-de-de-la-mano-de-gloria-tributo-a-gloria-fuertes\/\" aria-label=\"Entrevista a Jos\u00e9 Dev\u00eds. Con motivo de la publicaci\u00f3n de &#8220;De la mano de Gloria&#8221;. Tributo a Gloria Fuertes\"><img loading=\"lazy\" decoding=\"async\" width=\"2560\" height=\"1803\" src=\"https:\/\/poesiaerestu.com\/revista\/wp-content\/uploads\/2026\/03\/FichaAutor2-5-scaled.webp\" class=\"attachment-us_img_size_2 size-us_img_size_2 not-transparent wp-post-image\" alt=\"Retrato art\u00edstico para la revista Poes\u00ed\u00ada eres t\u00fa, con un fondo naranja y un texto manuscrito en esp.\" srcset=\"https:\/\/poesiaerestu.com\/revista\/wp-content\/uploads\/2026\/03\/FichaAutor2-5-scaled.webp 2560w, https:\/\/poesiaerestu.com\/revista\/wp-content\/uploads\/2026\/03\/FichaAutor2-5-scaled-300x211.webp 300w, https:\/\/poesiaerestu.com\/revista\/wp-content\/uploads\/2026\/03\/FichaAutor2-5-scaled-1024x721.webp 1024w, https:\/\/poesiaerestu.com\/revista\/wp-content\/uploads\/2026\/03\/FichaAutor2-5-scaled-600x423.webp 600w, https:\/\/poesiaerestu.com\/revista\/wp-content\/uploads\/2026\/03\/FichaAutor2-5-scaled-768x541.webp 768w, https:\/\/poesiaerestu.com\/revista\/wp-content\/uploads\/2026\/03\/FichaAutor2-5-scaled-85x60.webp 85w\" sizes=\"auto, (max-width: 2560px) 100vw, 2560px\" data-has-transparency=\"false\" data-dominant-color=\"f3e9e3\" style=\"--dominant-color: #f3e9e3;\" \/><\/a><\/div><div class=\"w-vwrapper usg_vwrapper_1 align_left valign_bottom\"><h2 class=\"w-post-elm post_title usg_post_title_1 entry-title color_link_inherit\"><a href=\"https:\/\/poesiaerestu.com\/revista\/entrevista-a-jose-devis-con-motivo-de-la-publicacion-de-de-la-mano-de-gloria-tributo-a-gloria-fuertes\/\">Entrevista a Jos\u00e9 Dev\u00eds. Con motivo de la publicaci\u00f3n de &#8220;De la mano de Gloria&#8221;. Tributo a Gloria Fuertes<\/a><\/h2><div class=\"w-hwrapper usg_hwrapper_1 align_left valign_top wrap\"><time class=\"w-post-elm post_date usg_post_date_1 entry-date published\" datetime=\"2026-03-22T19:54:45+01:00\"><i class=\"far fa-clock\"><\/i>22 22Europe\/Madrid March 22Europe\/Madrid 2026<\/time><\/div><\/div>\t\t<\/div>\r\n\t\t\t<\/article>\r\n\t<article class=\"w-grid-item post-10514 post type-post status-publish format-standard has-post-thumbnail hentry category-entrevistas\" data-id=\"10514\">\r\n\t\t<div class=\"w-grid-item-h\">\r\n\t\t\t\t\t\t<div class=\"w-post-elm post_image usg_post_image_1 stretched\"><a href=\"https:\/\/poesiaerestu.com\/revista\/entrevista-a-nancy-ordonez-con-motivo-de-la-publicacion-de-tu-silencio\/\" aria-label=\"Entrevista a Nancy Ord\u00f3\u00f1ez. Con motivo de la publicaci\u00f3n de Tu silencio\"><img loading=\"lazy\" decoding=\"async\" width=\"2560\" height=\"1794\" src=\"https:\/\/poesiaerestu.com\/revista\/wp-content\/uploads\/2026\/03\/FichaAutor2-4-scaled.webp\" class=\"attachment-us_img_size_2 size-us_img_size_2 not-transparent wp-post-image\" alt=\"Imagen de Nancy Ord\u00f3\u00f1ez en la portada de la revista Poes\u00eda eres t\u00fa, con fondo colorido y estilo art\u00ed.\" srcset=\"https:\/\/poesiaerestu.com\/revista\/wp-content\/uploads\/2026\/03\/FichaAutor2-4-scaled.webp 2560w, https:\/\/poesiaerestu.com\/revista\/wp-content\/uploads\/2026\/03\/FichaAutor2-4-scaled-300x210.webp 300w, https:\/\/poesiaerestu.com\/revista\/wp-content\/uploads\/2026\/03\/FichaAutor2-4-scaled-1024x718.webp 1024w, https:\/\/poesiaerestu.com\/revista\/wp-content\/uploads\/2026\/03\/FichaAutor2-4-scaled-600x420.webp 600w, https:\/\/poesiaerestu.com\/revista\/wp-content\/uploads\/2026\/03\/FichaAutor2-4-scaled-768x538.webp 768w, https:\/\/poesiaerestu.com\/revista\/wp-content\/uploads\/2026\/03\/FichaAutor2-4-scaled-86x60.webp 86w\" sizes=\"auto, (max-width: 2560px) 100vw, 2560px\" data-has-transparency=\"false\" data-dominant-color=\"f4ebe8\" style=\"--dominant-color: #f4ebe8;\" \/><\/a><\/div><div class=\"w-vwrapper usg_vwrapper_1 align_left valign_bottom\"><h2 class=\"w-post-elm post_title usg_post_title_1 entry-title color_link_inherit\"><a href=\"https:\/\/poesiaerestu.com\/revista\/entrevista-a-nancy-ordonez-con-motivo-de-la-publicacion-de-tu-silencio\/\">Entrevista a Nancy Ord\u00f3\u00f1ez. Con motivo de la publicaci\u00f3n de Tu silencio<\/a><\/h2><div class=\"w-hwrapper usg_hwrapper_1 align_left valign_top wrap\"><time class=\"w-post-elm post_date usg_post_date_1 entry-date published\" datetime=\"2026-03-22T19:39:25+01:00\"><i class=\"far fa-clock\"><\/i>22 22Europe\/Madrid March 22Europe\/Madrid 2026<\/time><\/div><\/div>\t\t<\/div>\r\n\t\t\t<\/article>\r\n\t<article class=\"w-grid-item post-10509 post type-post status-publish format-standard has-post-thumbnail hentry category-entrevistas\" data-id=\"10509\">\r\n\t\t<div class=\"w-grid-item-h\">\r\n\t\t\t\t\t\t<div class=\"w-post-elm post_image usg_post_image_1 stretched\"><a href=\"https:\/\/poesiaerestu.com\/revista\/entrevista-a-jose-carlos-turrado-de-la-fuente-con-motivo-de-la-publicacion-de-restauracion-de-la-belleza-ediciones-rilke-2026\/\" aria-label=\"Entrevista a Jos\u00e9 Carlos Turrado de la Fuente. Con motivo de la publicaci\u00f3n de Restauraci\u00f3n de la Belleza (Ediciones Rilke, 2026)\"><img loading=\"lazy\" decoding=\"async\" width=\"2560\" height=\"1794\" src=\"https:\/\/poesiaerestu.com\/revista\/wp-content\/uploads\/2026\/03\/FichaAutor2-3-scaled.webp\" class=\"attachment-us_img_size_2 size-us_img_size_2 not-transparent wp-post-image\" alt=\"Imagen de Jos\u00e9 Carlos Turrado de la Fuente, autor de &quot;Restauraci\u00f3n de la Belleza&quot;.\" srcset=\"https:\/\/poesiaerestu.com\/revista\/wp-content\/uploads\/2026\/03\/FichaAutor2-3-scaled.webp 2560w, https:\/\/poesiaerestu.com\/revista\/wp-content\/uploads\/2026\/03\/FichaAutor2-3-scaled-300x210.webp 300w, https:\/\/poesiaerestu.com\/revista\/wp-content\/uploads\/2026\/03\/FichaAutor2-3-scaled-1024x718.webp 1024w, https:\/\/poesiaerestu.com\/revista\/wp-content\/uploads\/2026\/03\/FichaAutor2-3-scaled-600x420.webp 600w, https:\/\/poesiaerestu.com\/revista\/wp-content\/uploads\/2026\/03\/FichaAutor2-3-scaled-768x538.webp 768w, https:\/\/poesiaerestu.com\/revista\/wp-content\/uploads\/2026\/03\/FichaAutor2-3-scaled-86x60.webp 86w\" sizes=\"auto, (max-width: 2560px) 100vw, 2560px\" data-has-transparency=\"false\" data-dominant-color=\"f1edeb\" style=\"--dominant-color: #f1edeb;\" \/><\/a><\/div><div class=\"w-vwrapper usg_vwrapper_1 align_left valign_bottom\"><h2 class=\"w-post-elm post_title usg_post_title_1 entry-title color_link_inherit\"><a href=\"https:\/\/poesiaerestu.com\/revista\/entrevista-a-jose-carlos-turrado-de-la-fuente-con-motivo-de-la-publicacion-de-restauracion-de-la-belleza-ediciones-rilke-2026\/\">Entrevista a Jos\u00e9 Carlos Turrado de la Fuente. Con motivo de la publicaci\u00f3n de Restauraci\u00f3n de la Belleza (Ediciones Rilke, 2026)<\/a><\/h2><div class=\"w-hwrapper usg_hwrapper_1 align_left valign_top wrap\"><time class=\"w-post-elm post_date usg_post_date_1 entry-date published\" datetime=\"2026-03-22T18:28:51+01:00\"><i class=\"far fa-clock\"><\/i>22 22Europe\/Madrid March 22Europe\/Madrid 2026<\/time><\/div><\/div>\t\t<\/div>\r\n\t\t\t<\/article>\r\n\t<article class=\"w-grid-item post-10503 post type-post status-publish format-standard has-post-thumbnail hentry category-entrevistas\" data-id=\"10503\">\r\n\t\t<div class=\"w-grid-item-h\">\r\n\t\t\t\t\t\t<div class=\"w-post-elm post_image usg_post_image_1 stretched\"><a href=\"https:\/\/poesiaerestu.com\/revista\/entrevista-a-andres-martinez-diaz\/\" aria-label=\"ENTREVISTA A ANDR\u00c9S MART\u00cdNEZ D\u00cdAZ. Con motivo de la publicaci\u00f3n de Fuera de la Jaula \u00b7 Ediciones Rilke, 2026\"><img loading=\"lazy\" decoding=\"async\" width=\"2560\" height=\"1794\" src=\"https:\/\/poesiaerestu.com\/revista\/wp-content\/uploads\/2026\/03\/FichaAutor2-2-scaled.webp\" class=\"attachment-us_img_size_2 size-us_img_size_2 not-transparent wp-post-image\" alt=\"Poes\u00eda eres t\u00fa, revista literaria que celebra la belleza y el poder de la poes\u00eda en la cultura hispa.\" srcset=\"https:\/\/poesiaerestu.com\/revista\/wp-content\/uploads\/2026\/03\/FichaAutor2-2-scaled.webp 2560w, https:\/\/poesiaerestu.com\/revista\/wp-content\/uploads\/2026\/03\/FichaAutor2-2-scaled-300x210.webp 300w, https:\/\/poesiaerestu.com\/revista\/wp-content\/uploads\/2026\/03\/FichaAutor2-2-scaled-1024x718.webp 1024w, https:\/\/poesiaerestu.com\/revista\/wp-content\/uploads\/2026\/03\/FichaAutor2-2-scaled-600x420.webp 600w, https:\/\/poesiaerestu.com\/revista\/wp-content\/uploads\/2026\/03\/FichaAutor2-2-scaled-768x538.webp 768w, https:\/\/poesiaerestu.com\/revista\/wp-content\/uploads\/2026\/03\/FichaAutor2-2-scaled-86x60.webp 86w\" sizes=\"auto, (max-width: 2560px) 100vw, 2560px\" data-has-transparency=\"false\" data-dominant-color=\"f7f2ea\" style=\"--dominant-color: #f7f2ea;\" \/><\/a><\/div><div class=\"w-vwrapper usg_vwrapper_1 align_left valign_bottom\"><h2 class=\"w-post-elm post_title usg_post_title_1 entry-title color_link_inherit\"><a href=\"https:\/\/poesiaerestu.com\/revista\/entrevista-a-andres-martinez-diaz\/\">ENTREVISTA A ANDR\u00c9S MART\u00cdNEZ D\u00cdAZ. Con motivo de la publicaci\u00f3n de Fuera de la Jaula \u00b7 Ediciones Rilke, 2026<\/a><\/h2><div class=\"w-hwrapper usg_hwrapper_1 align_left valign_top wrap\"><time class=\"w-post-elm post_date usg_post_date_1 entry-date published\" datetime=\"2026-03-22T17:25:18+01:00\"><i class=\"far fa-clock\"><\/i>22 22Europe\/Madrid March 22Europe\/Madrid 2026<\/time><\/div><\/div>\t\t<\/div>\r\n\t\t\t<\/article>\r\n\t<article class=\"w-grid-item post-10498 post type-post status-publish format-standard has-post-thumbnail hentry category-entrevistas\" data-id=\"10498\">\r\n\t\t<div class=\"w-grid-item-h\">\r\n\t\t\t\t\t\t<div class=\"w-post-elm post_image usg_post_image_1 stretched\"><a href=\"https:\/\/poesiaerestu.com\/revista\/entrevista-a-silvia-vaquero-un-amor-sin-ley\/\" aria-label=\"ENTREVISTA A SILVIA VAQUERO: &#8220;UN AMOR SIN LEY&#8221;\"><img loading=\"lazy\" decoding=\"async\" width=\"2560\" height=\"1803\" src=\"https:\/\/poesiaerestu.com\/revista\/wp-content\/uploads\/2026\/03\/FichaAutor2-1-scaled.webp\" class=\"attachment-us_img_size_2 size-us_img_size_2 not-transparent wp-post-image\" alt=\"Poes\u00eda eres t\u00fa, Silvia Vaquero, entrevista, amor sin ley, poes\u00eda, literatura, mujer escritora, inspi.\" srcset=\"https:\/\/poesiaerestu.com\/revista\/wp-content\/uploads\/2026\/03\/FichaAutor2-1-scaled.webp 2560w, https:\/\/poesiaerestu.com\/revista\/wp-content\/uploads\/2026\/03\/FichaAutor2-1-scaled-300x211.webp 300w, https:\/\/poesiaerestu.com\/revista\/wp-content\/uploads\/2026\/03\/FichaAutor2-1-scaled-1024x721.webp 1024w, https:\/\/poesiaerestu.com\/revista\/wp-content\/uploads\/2026\/03\/FichaAutor2-1-scaled-600x423.webp 600w, https:\/\/poesiaerestu.com\/revista\/wp-content\/uploads\/2026\/03\/FichaAutor2-1-scaled-768x541.webp 768w, https:\/\/poesiaerestu.com\/revista\/wp-content\/uploads\/2026\/03\/FichaAutor2-1-scaled-85x60.webp 85w\" sizes=\"auto, (max-width: 2560px) 100vw, 2560px\" data-has-transparency=\"false\" data-dominant-color=\"f2e5df\" style=\"--dominant-color: #f2e5df;\" \/><\/a><\/div><div class=\"w-vwrapper usg_vwrapper_1 align_left valign_bottom\"><h2 class=\"w-post-elm post_title usg_post_title_1 entry-title color_link_inherit\"><a href=\"https:\/\/poesiaerestu.com\/revista\/entrevista-a-silvia-vaquero-un-amor-sin-ley\/\">ENTREVISTA A SILVIA VAQUERO: &#8220;UN AMOR SIN LEY&#8221;<\/a><\/h2><div class=\"w-hwrapper usg_hwrapper_1 align_left valign_top wrap\"><time class=\"w-post-elm post_date usg_post_date_1 entry-date published\" datetime=\"2026-03-22T17:00:22+01:00\"><i class=\"far fa-clock\"><\/i>22 22Europe\/Madrid March 22Europe\/Madrid 2026<\/time><\/div><\/div>\t\t<\/div>\r\n\t\t\t<\/article>\r\n\t<article class=\"w-grid-item post-10413 post type-post status-publish format-standard has-post-thumbnail hentry category-entrevistas\" data-id=\"10413\">\r\n\t\t<div class=\"w-grid-item-h\">\r\n\t\t\t\t\t\t<div class=\"w-post-elm post_image usg_post_image_1 stretched\"><a href=\"https:\/\/poesiaerestu.com\/revista\/entrevista-a-luis-de-la-rosa-fernandez-con-motivo-de-la-publicacion-de-a-la-sombra-del-sauce\/\" aria-label=\"Entrevista a Luis de la Rosa Fern\u00e1ndez. Con motivo de la publicaci\u00f3n de A la sombra del sauce.\"><img loading=\"lazy\" decoding=\"async\" width=\"2560\" height=\"1803\" src=\"https:\/\/poesiaerestu.com\/revista\/wp-content\/uploads\/2026\/03\/FichaAutor2-scaled.webp\" class=\"attachment-us_img_size_2 size-us_img_size_2 not-transparent wp-post-image\" alt=\"Retrato de un poeta con fondo naranja y texto manuscrito.\" srcset=\"https:\/\/poesiaerestu.com\/revista\/wp-content\/uploads\/2026\/03\/FichaAutor2-scaled.webp 2560w, https:\/\/poesiaerestu.com\/revista\/wp-content\/uploads\/2026\/03\/FichaAutor2-scaled-300x211.webp 300w, https:\/\/poesiaerestu.com\/revista\/wp-content\/uploads\/2026\/03\/FichaAutor2-scaled-1024x721.webp 1024w, https:\/\/poesiaerestu.com\/revista\/wp-content\/uploads\/2026\/03\/FichaAutor2-scaled-600x423.webp 600w, https:\/\/poesiaerestu.com\/revista\/wp-content\/uploads\/2026\/03\/FichaAutor2-scaled-768x541.webp 768w, https:\/\/poesiaerestu.com\/revista\/wp-content\/uploads\/2026\/03\/FichaAutor2-scaled-85x60.webp 85w\" sizes=\"auto, (max-width: 2560px) 100vw, 2560px\" data-has-transparency=\"false\" data-dominant-color=\"ede0d2\" style=\"--dominant-color: #ede0d2;\" \/><\/a><\/div><div class=\"w-vwrapper usg_vwrapper_1 align_left valign_bottom\"><h2 class=\"w-post-elm post_title usg_post_title_1 entry-title color_link_inherit\"><a href=\"https:\/\/poesiaerestu.com\/revista\/entrevista-a-luis-de-la-rosa-fernandez-con-motivo-de-la-publicacion-de-a-la-sombra-del-sauce\/\">Entrevista a Luis de la Rosa Fern\u00e1ndez. Con motivo de la publicaci\u00f3n de A la sombra del sauce.<\/a><\/h2><div class=\"w-hwrapper usg_hwrapper_1 align_left valign_top wrap\"><time class=\"w-post-elm post_date usg_post_date_1 entry-date published\" datetime=\"2026-03-09T20:45:27+01:00\"><i class=\"far fa-clock\"><\/i>9 09Europe\/Madrid March 09Europe\/Madrid 2026<\/time><\/div><\/div>\t\t<\/div>\r\n\t\t\t<\/article>\r\n\t<article class=\"w-grid-item post-10386 post type-post status-publish format-standard has-post-thumbnail hentry category-entrevistas category-uncategorized\" data-id=\"10386\">\r\n\t\t<div class=\"w-grid-item-h\">\r\n\t\t\t\t\t\t<div class=\"w-post-elm post_image usg_post_image_1 stretched\"><a href=\"https:\/\/poesiaerestu.com\/revista\/entrevista-a-fernando-barbero-carrasco-con-motivo-de-la-publicacion-de-la-muerte-siempre-nos-deja-con-algo-por-hacer-ediciones-rilke-2026\/\" aria-label=\"Entrevista a Fernando Barbero Carrasco Con motivo de la publicaci\u00f3n de la muerte siempre nos deja con algo por hacer (ediciones rilke, 2026)\"><img loading=\"lazy\" decoding=\"async\" width=\"1453\" height=\"1024\" src=\"https:\/\/poesiaerestu.com\/revista\/wp-content\/uploads\/2026\/03\/FichaAutor2_resultado-2.webp\" class=\"attachment-us_img_size_2 size-us_img_size_2 not-transparent wp-post-image\" alt=\"Imagen de un hombre mayor con barba y chaqueta naranja, en fondo naranja.\" srcset=\"https:\/\/poesiaerestu.com\/revista\/wp-content\/uploads\/2026\/03\/FichaAutor2_resultado-2.webp 1453w, https:\/\/poesiaerestu.com\/revista\/wp-content\/uploads\/2026\/03\/FichaAutor2_resultado-2-300x211.webp 300w, https:\/\/poesiaerestu.com\/revista\/wp-content\/uploads\/2026\/03\/FichaAutor2_resultado-2-1024x722.webp 1024w, https:\/\/poesiaerestu.com\/revista\/wp-content\/uploads\/2026\/03\/FichaAutor2_resultado-2-600x423.webp 600w, https:\/\/poesiaerestu.com\/revista\/wp-content\/uploads\/2026\/03\/FichaAutor2_resultado-2-768x541.webp 768w, https:\/\/poesiaerestu.com\/revista\/wp-content\/uploads\/2026\/03\/FichaAutor2_resultado-2-85x60.webp 85w\" sizes=\"auto, (max-width: 1453px) 100vw, 1453px\" data-has-transparency=\"false\" data-dominant-color=\"efe0d3\" style=\"--dominant-color: #efe0d3;\" \/><\/a><\/div><div class=\"w-vwrapper usg_vwrapper_1 align_left valign_bottom\"><h2 class=\"w-post-elm post_title usg_post_title_1 entry-title color_link_inherit\"><a href=\"https:\/\/poesiaerestu.com\/revista\/entrevista-a-fernando-barbero-carrasco-con-motivo-de-la-publicacion-de-la-muerte-siempre-nos-deja-con-algo-por-hacer-ediciones-rilke-2026\/\">Entrevista a Fernando Barbero Carrasco Con motivo de la publicaci\u00f3n de la muerte siempre nos deja con algo por hacer (ediciones rilke, 2026)<\/a><\/h2><div class=\"w-hwrapper usg_hwrapper_1 align_left valign_top wrap\"><time class=\"w-post-elm post_date usg_post_date_1 entry-date published\" datetime=\"2026-03-04T14:20:44+01:00\"><i class=\"far fa-clock\"><\/i>4 04Europe\/Madrid March 04Europe\/Madrid 2026<\/time><\/div><\/div>\t\t<\/div>\r\n\t\t\t<\/article>\r\n\t<article class=\"w-grid-item post-10383 post type-post status-publish format-standard has-post-thumbnail hentry category-entrevistas\" data-id=\"10383\">\r\n\t\t<div class=\"w-grid-item-h\">\r\n\t\t\t\t\t\t<div class=\"w-post-elm post_image usg_post_image_1 stretched\"><a href=\"https:\/\/poesiaerestu.com\/revista\/entrevista-a-cesar-tome-con-motivo-de-la-publicacion-de-moneda-del-sentir\/\" aria-label=\"Entrevista a C\u00e9sar Tom\u00e9. Con motivo de la publicaci\u00f3n de Moneda del sentir\"><img loading=\"lazy\" decoding=\"async\" width=\"1453\" height=\"1024\" src=\"https:\/\/poesiaerestu.com\/revista\/wp-content\/uploads\/2026\/03\/FichaAutor2_resultado-1.webp\" class=\"attachment-us_img_size_2 size-us_img_size_2 not-transparent wp-post-image\" alt=\"Imagen de C\u00e9sar Tom\u00e9, autor de &quot;Moneda del sentir&quot; en entrevista para la revista.\" srcset=\"https:\/\/poesiaerestu.com\/revista\/wp-content\/uploads\/2026\/03\/FichaAutor2_resultado-1.webp 1453w, https:\/\/poesiaerestu.com\/revista\/wp-content\/uploads\/2026\/03\/FichaAutor2_resultado-1-300x211.webp 300w, https:\/\/poesiaerestu.com\/revista\/wp-content\/uploads\/2026\/03\/FichaAutor2_resultado-1-1024x722.webp 1024w, https:\/\/poesiaerestu.com\/revista\/wp-content\/uploads\/2026\/03\/FichaAutor2_resultado-1-600x423.webp 600w, https:\/\/poesiaerestu.com\/revista\/wp-content\/uploads\/2026\/03\/FichaAutor2_resultado-1-768x541.webp 768w, https:\/\/poesiaerestu.com\/revista\/wp-content\/uploads\/2026\/03\/FichaAutor2_resultado-1-85x60.webp 85w\" sizes=\"auto, (max-width: 1453px) 100vw, 1453px\" data-has-transparency=\"false\" data-dominant-color=\"f5f1ee\" style=\"--dominant-color: #f5f1ee;\" \/><\/a><\/div><div class=\"w-vwrapper usg_vwrapper_1 align_left valign_bottom\"><h2 class=\"w-post-elm post_title usg_post_title_1 entry-title color_link_inherit\"><a href=\"https:\/\/poesiaerestu.com\/revista\/entrevista-a-cesar-tome-con-motivo-de-la-publicacion-de-moneda-del-sentir\/\">Entrevista a C\u00e9sar Tom\u00e9. Con motivo de la publicaci\u00f3n de Moneda del sentir<\/a><\/h2><div class=\"w-hwrapper usg_hwrapper_1 align_left valign_top wrap\"><time class=\"w-post-elm post_date usg_post_date_1 entry-date published\" datetime=\"2026-03-04T13:48:04+01:00\"><i class=\"far fa-clock\"><\/i>4 04Europe\/Madrid March 04Europe\/Madrid 2026<\/time><\/div><\/div>\t\t<\/div>\r\n\t\t\t<\/article>\r\n\t<article class=\"w-grid-item post-10379 post type-post status-publish format-standard has-post-thumbnail hentry category-entrevistas\" data-id=\"10379\">\r\n\t\t<div class=\"w-grid-item-h\">\r\n\t\t\t\t\t\t<div class=\"w-post-elm post_image usg_post_image_1 stretched\"><a href=\"https:\/\/poesiaerestu.com\/revista\/entrevista-a-j-carlos-mellado-fernandez-con-motivo-de-la-publicacion-de-tempestades\/\" aria-label=\"Entrevista a J. Carlos Mellado Fern\u00e1ndez. Con motivo de la publicaci\u00f3n de Tempestades\"><img loading=\"lazy\" decoding=\"async\" width=\"1754\" height=\"1236\" src=\"https:\/\/poesiaerestu.com\/revista\/wp-content\/uploads\/2026\/03\/FichaAutor2_resultado.webp\" class=\"attachment-us_img_size_2 size-us_img_size_2 not-transparent wp-post-image\" alt=\"Imagen de un retrato art\u00edstico de un hombre con fondo colorido.\" srcset=\"https:\/\/poesiaerestu.com\/revista\/wp-content\/uploads\/2026\/03\/FichaAutor2_resultado.webp 1754w, https:\/\/poesiaerestu.com\/revista\/wp-content\/uploads\/2026\/03\/FichaAutor2_resultado-300x211.webp 300w, https:\/\/poesiaerestu.com\/revista\/wp-content\/uploads\/2026\/03\/FichaAutor2_resultado-1024x722.webp 1024w, https:\/\/poesiaerestu.com\/revista\/wp-content\/uploads\/2026\/03\/FichaAutor2_resultado-600x423.webp 600w, https:\/\/poesiaerestu.com\/revista\/wp-content\/uploads\/2026\/03\/FichaAutor2_resultado-768x541.webp 768w, https:\/\/poesiaerestu.com\/revista\/wp-content\/uploads\/2026\/03\/FichaAutor2_resultado-85x60.webp 85w\" sizes=\"auto, (max-width: 1754px) 100vw, 1754px\" data-has-transparency=\"false\" data-dominant-color=\"efe7e2\" style=\"--dominant-color: #efe7e2;\" \/><\/a><\/div><div class=\"w-vwrapper usg_vwrapper_1 align_left valign_bottom\"><h2 class=\"w-post-elm post_title usg_post_title_1 entry-title color_link_inherit\"><a href=\"https:\/\/poesiaerestu.com\/revista\/entrevista-a-j-carlos-mellado-fernandez-con-motivo-de-la-publicacion-de-tempestades\/\">Entrevista a J. Carlos Mellado Fern\u00e1ndez. Con motivo de la publicaci\u00f3n de Tempestades<\/a><\/h2><div class=\"w-hwrapper usg_hwrapper_1 align_left valign_top wrap\"><time class=\"w-post-elm post_date usg_post_date_1 entry-date published\" datetime=\"2026-03-04T12:17:52+01:00\"><i class=\"far fa-clock\"><\/i>4 04Europe\/Madrid March 04Europe\/Madrid 2026<\/time><\/div><\/div>\t\t<\/div>\r\n\t\t\t<\/article>\r\n\t<article class=\"w-grid-item post-10244 post type-post status-publish format-standard has-post-thumbnail hentry category-entrevistas category-n5\" data-id=\"10244\">\r\n\t\t<div class=\"w-grid-item-h\">\r\n\t\t\t\t\t\t<div class=\"w-post-elm post_image usg_post_image_1 stretched\"><a href=\"https:\/\/poesiaerestu.com\/revista\/entrevista-a-almu-gambi-con-motivo-de-la-publicacion-de-marte-retrogrado-venus-ausente\/\" aria-label=\"Entrevista a Almu Gambi.  Con motivo de la publicaci\u00f3n de Marte retr\u00f3grado, Venus ausente.\"><img loading=\"lazy\" decoding=\"async\" width=\"1464\" height=\"1024\" src=\"https:\/\/poesiaerestu.com\/revista\/wp-content\/uploads\/2026\/02\/FichaAutor2-scaled.webp\" class=\"attachment-us_img_size_2 size-us_img_size_2 not-transparent wp-post-image\" alt=\"Retrato de Almud Gambi con fondo de texto manuscrito, en estilo art\u00edstico y po\u00e9tico.\" srcset=\"https:\/\/poesiaerestu.com\/revista\/wp-content\/uploads\/2026\/02\/FichaAutor2-scaled.webp 1464w, https:\/\/poesiaerestu.com\/revista\/wp-content\/uploads\/2026\/02\/FichaAutor2-scaled-300x210.webp 300w, https:\/\/poesiaerestu.com\/revista\/wp-content\/uploads\/2026\/02\/FichaAutor2-scaled-1024x716.webp 1024w, https:\/\/poesiaerestu.com\/revista\/wp-content\/uploads\/2026\/02\/FichaAutor2-scaled-600x420.webp 600w, https:\/\/poesiaerestu.com\/revista\/wp-content\/uploads\/2026\/02\/FichaAutor2-scaled-768x537.webp 768w, https:\/\/poesiaerestu.com\/revista\/wp-content\/uploads\/2026\/02\/FichaAutor2-scaled-86x60.webp 86w\" sizes=\"auto, (max-width: 1464px) 100vw, 1464px\" data-has-transparency=\"false\" data-dominant-color=\"ece7e4\" style=\"--dominant-color: #ece7e4;\" \/><\/a><\/div><div class=\"w-vwrapper usg_vwrapper_1 align_left valign_bottom\"><h2 class=\"w-post-elm post_title usg_post_title_1 entry-title color_link_inherit\"><a href=\"https:\/\/poesiaerestu.com\/revista\/entrevista-a-almu-gambi-con-motivo-de-la-publicacion-de-marte-retrogrado-venus-ausente\/\">Entrevista a Almu Gambi.  Con motivo de la publicaci\u00f3n de Marte retr\u00f3grado, Venus ausente.<\/a><\/h2><div class=\"w-hwrapper usg_hwrapper_1 align_left valign_top wrap\"><time class=\"w-post-elm post_date usg_post_date_1 entry-date published\" datetime=\"2026-02-12T19:07:54+01:00\"><i class=\"far fa-clock\"><\/i>12 12Europe\/Madrid February 12Europe\/Madrid 2026<\/time><\/div><\/div>\t\t<\/div>\r\n\t\t\t<\/article>\r\n\t<article class=\"w-grid-item post-10241 post type-post status-publish format-standard has-post-thumbnail hentry category-entrevistas\" data-id=\"10241\">\r\n\t\t<div class=\"w-grid-item-h\">\r\n\t\t\t\t\t\t<div class=\"w-post-elm post_image usg_post_image_1 stretched\"><a href=\"https:\/\/poesiaerestu.com\/revista\/entrevista-a-martin-lorenzo-paredes-aparicio-con-motivo-de-la-publicacion-de-cuentos-para-un-destierro-digno\/\" aria-label=\"Entrevista a Mart\u00edn Lorenzo Paredes Aparicio. Con motivo de la publicaci\u00f3n de Cuentos para un destierro digno\"><img loading=\"lazy\" decoding=\"async\" width=\"1454\" height=\"1024\" src=\"https:\/\/poesiaerestu.com\/revista\/wp-content\/uploads\/2025\/02\/FichaAutor-scaled.webp\" class=\"attachment-us_img_size_2 size-us_img_size_2 not-transparent wp-post-image\" alt=\"Thoughtful man with glasses and beard, artistic poetry theme, Revista Poes\u00eda Eres T\u00fa.\" srcset=\"https:\/\/poesiaerestu.com\/revista\/wp-content\/uploads\/2025\/02\/FichaAutor-scaled-300x211.webp 300w, https:\/\/poesiaerestu.com\/revista\/wp-content\/uploads\/2025\/02\/FichaAutor-scaled-1024x721.webp 1024w, https:\/\/poesiaerestu.com\/revista\/wp-content\/uploads\/2025\/02\/FichaAutor-scaled-600x423.webp 600w, https:\/\/poesiaerestu.com\/revista\/wp-content\/uploads\/2025\/02\/FichaAutor-scaled-768x541.webp 768w, https:\/\/poesiaerestu.com\/revista\/wp-content\/uploads\/2025\/02\/FichaAutor-scaled-85x60.webp 85w, https:\/\/poesiaerestu.com\/revista\/wp-content\/uploads\/2025\/02\/FichaAutor-scaled.webp 1454w\" sizes=\"auto, (max-width: 1454px) 100vw, 1454px\" data-has-transparency=\"false\" data-dominant-color=\"dfd6cc\" style=\"--dominant-color: #dfd6cc;\" \/><\/a><\/div><div class=\"w-vwrapper usg_vwrapper_1 align_left valign_bottom\"><h2 class=\"w-post-elm post_title usg_post_title_1 entry-title color_link_inherit\"><a href=\"https:\/\/poesiaerestu.com\/revista\/entrevista-a-martin-lorenzo-paredes-aparicio-con-motivo-de-la-publicacion-de-cuentos-para-un-destierro-digno\/\">Entrevista a Mart\u00edn Lorenzo Paredes Aparicio. Con motivo de la publicaci\u00f3n de Cuentos para un destierro digno<\/a><\/h2><div class=\"w-hwrapper usg_hwrapper_1 align_left valign_top wrap\"><time class=\"w-post-elm post_date usg_post_date_1 entry-date published\" datetime=\"2026-02-12T18:46:01+01:00\"><i class=\"far fa-clock\"><\/i>12 12Europe\/Madrid February 12Europe\/Madrid 2026<\/time><\/div><\/div>\t\t<\/div>\r\n\t\t\t<\/article>\r\n\t<article class=\"w-grid-item post-10090 post type-post status-publish format-standard has-post-thumbnail hentry category-entrevistas\" data-id=\"10090\">\r\n\t\t<div class=\"w-grid-item-h\">\r\n\t\t\t\t\t\t<div class=\"w-post-elm post_image usg_post_image_1 stretched\"><a href=\"https:\/\/poesiaerestu.com\/revista\/entrevista-a-miguel-torres-morales-con-motivo-de-la-publicacion-de-asi-hablo-arquipoeta\/\" aria-label=\"Entrevista a Miguel Torres Morales con motivo de la publicaci\u00f3n de &#8220;As\u00ed habl\u00f3 Arquipoeta&#8221;\"><img loading=\"lazy\" decoding=\"async\" width=\"1464\" height=\"1024\" src=\"https:\/\/poesiaerestu.com\/revista\/wp-content\/uploads\/2026\/01\/FichaAutor2-2-scaled.webp\" class=\"attachment-us_img_size_2 size-us_img_size_2 has-transparency wp-post-image\" alt=\"\" srcset=\"https:\/\/poesiaerestu.com\/revista\/wp-content\/uploads\/2026\/01\/FichaAutor2-2-scaled.webp 1464w, https:\/\/poesiaerestu.com\/revista\/wp-content\/uploads\/2026\/01\/FichaAutor2-2-scaled-300x210.webp 300w, https:\/\/poesiaerestu.com\/revista\/wp-content\/uploads\/2026\/01\/FichaAutor2-2-scaled-1024x716.webp 1024w, https:\/\/poesiaerestu.com\/revista\/wp-content\/uploads\/2026\/01\/FichaAutor2-2-scaled-600x420.webp 600w, https:\/\/poesiaerestu.com\/revista\/wp-content\/uploads\/2026\/01\/FichaAutor2-2-scaled-768x537.webp 768w, https:\/\/poesiaerestu.com\/revista\/wp-content\/uploads\/2026\/01\/FichaAutor2-2-scaled-86x60.webp 86w\" sizes=\"auto, (max-width: 1464px) 100vw, 1464px\" data-has-transparency=\"true\" data-dominant-color=\"f5f0ee\" style=\"--dominant-color: #f5f0ee;\" \/><\/a><\/div><div class=\"w-vwrapper usg_vwrapper_1 align_left valign_bottom\"><h2 class=\"w-post-elm post_title usg_post_title_1 entry-title color_link_inherit\"><a href=\"https:\/\/poesiaerestu.com\/revista\/entrevista-a-miguel-torres-morales-con-motivo-de-la-publicacion-de-asi-hablo-arquipoeta\/\">Entrevista a Miguel Torres Morales con motivo de la publicaci\u00f3n de &#8220;As\u00ed habl\u00f3 Arquipoeta&#8221;<\/a><\/h2><div class=\"w-hwrapper usg_hwrapper_1 align_left valign_top wrap\"><time class=\"w-post-elm post_date usg_post_date_1 entry-date published\" datetime=\"2026-01-15T10:54:17+01:00\"><i class=\"far fa-clock\"><\/i>15 15Europe\/Madrid January 15Europe\/Madrid 2026<\/time><\/div><\/div>\t\t<\/div>\r\n\t\t\t<\/article>\r\n\t<article class=\"w-grid-item post-10085 post type-post status-publish format-standard has-post-thumbnail hentry category-entrevistas\" data-id=\"10085\">\r\n\t\t<div class=\"w-grid-item-h\">\r\n\t\t\t\t\t\t<div class=\"w-post-elm post_image usg_post_image_1 stretched\"><a href=\"https:\/\/poesiaerestu.com\/revista\/entrevista-a-manuel-lozano-figueroa-con-motivo-de-la-publicacion-de-de-lo-visceral-a-la-piel\/\" aria-label=\"Entrevista a Manuel Lozano Figueroa Con motivo de la publicaci\u00f3n de &#8220;De lo visceral a la piel&#8221;\"><img loading=\"lazy\" decoding=\"async\" width=\"1454\" height=\"1024\" src=\"https:\/\/poesiaerestu.com\/revista\/wp-content\/uploads\/2026\/01\/FichaAutor2-1-scaled.webp\" class=\"attachment-us_img_size_2 size-us_img_size_2 has-transparency wp-post-image\" alt=\"\" srcset=\"https:\/\/poesiaerestu.com\/revista\/wp-content\/uploads\/2026\/01\/FichaAutor2-1-scaled.webp 1454w, https:\/\/poesiaerestu.com\/revista\/wp-content\/uploads\/2026\/01\/FichaAutor2-1-scaled-300x211.webp 300w, https:\/\/poesiaerestu.com\/revista\/wp-content\/uploads\/2026\/01\/FichaAutor2-1-scaled-1024x721.webp 1024w, https:\/\/poesiaerestu.com\/revista\/wp-content\/uploads\/2026\/01\/FichaAutor2-1-scaled-600x423.webp 600w, https:\/\/poesiaerestu.com\/revista\/wp-content\/uploads\/2026\/01\/FichaAutor2-1-scaled-768x541.webp 768w, https:\/\/poesiaerestu.com\/revista\/wp-content\/uploads\/2026\/01\/FichaAutor2-1-scaled-85x60.webp 85w\" sizes=\"auto, (max-width: 1454px) 100vw, 1454px\" data-has-transparency=\"true\" data-dominant-color=\"e7e1de\" style=\"--dominant-color: #e7e1de;\" \/><\/a><\/div><div class=\"w-vwrapper usg_vwrapper_1 align_left valign_bottom\"><h2 class=\"w-post-elm post_title usg_post_title_1 entry-title color_link_inherit\"><a href=\"https:\/\/poesiaerestu.com\/revista\/entrevista-a-manuel-lozano-figueroa-con-motivo-de-la-publicacion-de-de-lo-visceral-a-la-piel\/\">Entrevista a Manuel Lozano Figueroa Con motivo de la publicaci\u00f3n de &#8220;De lo visceral a la piel&#8221;<\/a><\/h2><div class=\"w-hwrapper usg_hwrapper_1 align_left valign_top wrap\"><time class=\"w-post-elm post_date usg_post_date_1 entry-date published\" datetime=\"2026-01-15T10:26:33+01:00\"><i class=\"far fa-clock\"><\/i>15 15Europe\/Madrid January 15Europe\/Madrid 2026<\/time><\/div><\/div>\t\t<\/div>\r\n\t\t\t<\/article>\r\n\t<article class=\"w-grid-item post-10081 post type-post status-publish format-standard has-post-thumbnail hentry category-entrevistas\" data-id=\"10081\">\r\n\t\t<div class=\"w-grid-item-h\">\r\n\t\t\t\t\t\t<div class=\"w-post-elm post_image usg_post_image_1 stretched\"><a href=\"https:\/\/poesiaerestu.com\/revista\/entrevista-a-angel-jesus-martin-gonzalez-con-motivo-de-la-publicacion-de-existencial\/\" aria-label=\"Entrevista a \u00c1ngel Jes\u00fas Mart\u00edn Gonz\u00e1lez. Con motivo de la publicaci\u00f3n de Existencial\"><img loading=\"lazy\" decoding=\"async\" width=\"1454\" height=\"1024\" src=\"https:\/\/poesiaerestu.com\/revista\/wp-content\/uploads\/2026\/01\/FichaAutor2-scaled.webp\" class=\"attachment-us_img_size_2 size-us_img_size_2 has-transparency wp-post-image\" alt=\"\" srcset=\"https:\/\/poesiaerestu.com\/revista\/wp-content\/uploads\/2026\/01\/FichaAutor2-scaled.webp 1454w, https:\/\/poesiaerestu.com\/revista\/wp-content\/uploads\/2026\/01\/FichaAutor2-scaled-300x211.webp 300w, https:\/\/poesiaerestu.com\/revista\/wp-content\/uploads\/2026\/01\/FichaAutor2-scaled-1024x721.webp 1024w, https:\/\/poesiaerestu.com\/revista\/wp-content\/uploads\/2026\/01\/FichaAutor2-scaled-600x423.webp 600w, https:\/\/poesiaerestu.com\/revista\/wp-content\/uploads\/2026\/01\/FichaAutor2-scaled-768x541.webp 768w, https:\/\/poesiaerestu.com\/revista\/wp-content\/uploads\/2026\/01\/FichaAutor2-scaled-85x60.webp 85w\" sizes=\"auto, (max-width: 1454px) 100vw, 1454px\" data-has-transparency=\"true\" data-dominant-color=\"eae9e7\" style=\"--dominant-color: #eae9e7;\" \/><\/a><\/div><div class=\"w-vwrapper usg_vwrapper_1 align_left valign_bottom\"><h2 class=\"w-post-elm post_title usg_post_title_1 entry-title color_link_inherit\"><a href=\"https:\/\/poesiaerestu.com\/revista\/entrevista-a-angel-jesus-martin-gonzalez-con-motivo-de-la-publicacion-de-existencial\/\">Entrevista a \u00c1ngel Jes\u00fas Mart\u00edn Gonz\u00e1lez. Con motivo de la publicaci\u00f3n de Existencial<\/a><\/h2><div class=\"w-hwrapper usg_hwrapper_1 align_left valign_top wrap\"><time class=\"w-post-elm post_date usg_post_date_1 entry-date published\" datetime=\"2026-01-15T09:59:53+01:00\"><i class=\"far fa-clock\"><\/i>15 15Europe\/Madrid January 15Europe\/Madrid 2026<\/time><\/div><\/div>\t\t<\/div>\r\n\t\t\t<\/article>\r\n\t<article class=\"w-grid-item post-9869 post type-post status-publish format-standard has-post-thumbnail hentry category-entrevistas\" data-id=\"9869\">\r\n\t\t<div class=\"w-grid-item-h\">\r\n\t\t\t\t\t\t<div class=\"w-post-elm post_image usg_post_image_1 stretched\"><a href=\"https:\/\/poesiaerestu.com\/revista\/entrevista-a-lucia-garcia-ramos-con-motivo-de-la-publicacion-de-renacida-en-mi-calma\/\" aria-label=\"Entrevista a Luc\u00eda Garc\u00eda Ramos Con motivo de la publicaci\u00f3n de &#8220;Renacida en mi calma&#8221;\"><img loading=\"lazy\" decoding=\"async\" width=\"2560\" height=\"1803\" src=\"https:\/\/poesiaerestu.com\/revista\/wp-content\/uploads\/2025\/12\/FichaAutor2-3-scaled.webp\" class=\"attachment-us_img_size_2 size-us_img_size_2 not-transparent wp-post-image\" alt=\"\" srcset=\"https:\/\/poesiaerestu.com\/revista\/wp-content\/uploads\/2025\/12\/FichaAutor2-3-scaled.webp 2560w, https:\/\/poesiaerestu.com\/revista\/wp-content\/uploads\/2025\/12\/FichaAutor2-3-scaled-300x211.webp 300w, https:\/\/poesiaerestu.com\/revista\/wp-content\/uploads\/2025\/12\/FichaAutor2-3-scaled-1024x721.webp 1024w, https:\/\/poesiaerestu.com\/revista\/wp-content\/uploads\/2025\/12\/FichaAutor2-3-scaled-600x423.webp 600w, https:\/\/poesiaerestu.com\/revista\/wp-content\/uploads\/2025\/12\/FichaAutor2-3-scaled-768x541.webp 768w, https:\/\/poesiaerestu.com\/revista\/wp-content\/uploads\/2025\/12\/FichaAutor2-3-scaled-85x60.webp 85w\" sizes=\"auto, (max-width: 2560px) 100vw, 2560px\" data-has-transparency=\"false\" data-dominant-color=\"f5f0e7\" style=\"--dominant-color: #f5f0e7;\" \/><\/a><\/div><div class=\"w-vwrapper usg_vwrapper_1 align_left valign_bottom\"><h2 class=\"w-post-elm post_title usg_post_title_1 entry-title color_link_inherit\"><a href=\"https:\/\/poesiaerestu.com\/revista\/entrevista-a-lucia-garcia-ramos-con-motivo-de-la-publicacion-de-renacida-en-mi-calma\/\">Entrevista a Luc\u00eda Garc\u00eda Ramos Con motivo de la publicaci\u00f3n de &#8220;Renacida en mi calma&#8221;<\/a><\/h2><div class=\"w-hwrapper usg_hwrapper_1 align_left valign_top wrap\"><time class=\"w-post-elm post_date usg_post_date_1 entry-date published\" datetime=\"2025-12-17T16:36:51+01:00\"><i class=\"far fa-clock\"><\/i>17 17Europe\/Madrid December 17Europe\/Madrid 2025<\/time><\/div><\/div>\t\t<\/div>\r\n\t\t\t<\/article>\r\n\t<article class=\"w-grid-item post-9796 post type-post status-publish format-standard has-post-thumbnail hentry category-entrevistas\" data-id=\"9796\">\r\n\t\t<div class=\"w-grid-item-h\">\r\n\t\t\t\t\t\t<div class=\"w-post-elm post_image usg_post_image_1 stretched\"><a href=\"https:\/\/poesiaerestu.com\/revista\/entrevista-a-maria-navas-con-motivo-de-la-publicacion-de-poemas-en-el-bolso\/\" aria-label=\"Entrevista a Mar\u00eda Navas Con motivo de la publicaci\u00f3n de &#8220;Poemas en el bolso&#8221;\"><img loading=\"lazy\" decoding=\"async\" width=\"2560\" height=\"1788\" src=\"https:\/\/poesiaerestu.com\/revista\/wp-content\/uploads\/2025\/12\/FichaAutor2-2-scaled.webp\" class=\"attachment-us_img_size_2 size-us_img_size_2 has-transparency wp-post-image\" alt=\"\" srcset=\"https:\/\/poesiaerestu.com\/revista\/wp-content\/uploads\/2025\/12\/FichaAutor2-2-scaled.webp 2560w, https:\/\/poesiaerestu.com\/revista\/wp-content\/uploads\/2025\/12\/FichaAutor2-2-scaled-300x210.webp 300w, https:\/\/poesiaerestu.com\/revista\/wp-content\/uploads\/2025\/12\/FichaAutor2-2-scaled-1024x715.webp 1024w, https:\/\/poesiaerestu.com\/revista\/wp-content\/uploads\/2025\/12\/FichaAutor2-2-scaled-600x419.webp 600w, https:\/\/poesiaerestu.com\/revista\/wp-content\/uploads\/2025\/12\/FichaAutor2-2-scaled-768x536.webp 768w, https:\/\/poesiaerestu.com\/revista\/wp-content\/uploads\/2025\/12\/FichaAutor2-2-scaled-86x60.webp 86w\" sizes=\"auto, (max-width: 2560px) 100vw, 2560px\" data-has-transparency=\"true\" data-dominant-color=\"ede6e2\" style=\"--dominant-color: #ede6e2;\" \/><\/a><\/div><div class=\"w-vwrapper usg_vwrapper_1 align_left valign_bottom\"><h2 class=\"w-post-elm post_title usg_post_title_1 entry-title color_link_inherit\"><a href=\"https:\/\/poesiaerestu.com\/revista\/entrevista-a-maria-navas-con-motivo-de-la-publicacion-de-poemas-en-el-bolso\/\">Entrevista a Mar\u00eda Navas Con motivo de la publicaci\u00f3n de &#8220;Poemas en el bolso&#8221;<\/a><\/h2><div class=\"w-hwrapper usg_hwrapper_1 align_left valign_top wrap\"><time class=\"w-post-elm post_date usg_post_date_1 entry-date published\" datetime=\"2025-12-07T13:49:59+01:00\"><i class=\"far fa-clock\"><\/i>7 07Europe\/Madrid December 07Europe\/Madrid 2025<\/time><\/div><\/div>\t\t<\/div>\r\n\t\t\t<\/article>\r\n\t<article class=\"w-grid-item post-9790 post type-post status-publish format-standard has-post-thumbnail hentry category-entrevistas\" data-id=\"9790\">\r\n\t\t<div class=\"w-grid-item-h\">\r\n\t\t\t\t\t\t<div class=\"w-post-elm post_image usg_post_image_1 stretched\"><a href=\"https:\/\/poesiaerestu.com\/revista\/entrevista-a-sabela-gondulfes-con-motivo-de-la-publicacion-de-afouteza-certeca\/\" aria-label=\"Entrevista a Sabela Gondulfes. Con motivo de la publicaci\u00f3n de AFOUTEZA &#038; CERTE\u00c7A\"><img loading=\"lazy\" decoding=\"async\" width=\"2560\" height=\"1803\" src=\"https:\/\/poesiaerestu.com\/revista\/wp-content\/uploads\/2025\/12\/FichaAutor2-scaled.webp\" class=\"attachment-us_img_size_2 size-us_img_size_2 has-transparency wp-post-image\" alt=\"\" srcset=\"https:\/\/poesiaerestu.com\/revista\/wp-content\/uploads\/2025\/12\/FichaAutor2-scaled.webp 2560w, https:\/\/poesiaerestu.com\/revista\/wp-content\/uploads\/2025\/12\/FichaAutor2-scaled-300x211.webp 300w, https:\/\/poesiaerestu.com\/revista\/wp-content\/uploads\/2025\/12\/FichaAutor2-scaled-1024x721.webp 1024w, https:\/\/poesiaerestu.com\/revista\/wp-content\/uploads\/2025\/12\/FichaAutor2-scaled-600x423.webp 600w, https:\/\/poesiaerestu.com\/revista\/wp-content\/uploads\/2025\/12\/FichaAutor2-scaled-768x541.webp 768w, https:\/\/poesiaerestu.com\/revista\/wp-content\/uploads\/2025\/12\/FichaAutor2-scaled-85x60.webp 85w\" sizes=\"auto, (max-width: 2560px) 100vw, 2560px\" data-has-transparency=\"true\" data-dominant-color=\"f0edea\" style=\"--dominant-color: #f0edea;\" \/><\/a><\/div><div class=\"w-vwrapper usg_vwrapper_1 align_left valign_bottom\"><h2 class=\"w-post-elm post_title usg_post_title_1 entry-title color_link_inherit\"><a href=\"https:\/\/poesiaerestu.com\/revista\/entrevista-a-sabela-gondulfes-con-motivo-de-la-publicacion-de-afouteza-certeca\/\">Entrevista a Sabela Gondulfes. Con motivo de la publicaci\u00f3n de AFOUTEZA &#038; CERTE\u00c7A<\/a><\/h2><div class=\"w-hwrapper usg_hwrapper_1 align_left valign_top wrap\"><time class=\"w-post-elm post_date usg_post_date_1 entry-date published\" datetime=\"2025-12-07T13:47:00+01:00\"><i class=\"far fa-clock\"><\/i>7 07Europe\/Madrid December 07Europe\/Madrid 2025<\/time><\/div><\/div>\t\t<\/div>\r\n\t\t\t<\/article>\r\n\t<article class=\"w-grid-item post-9730 post type-post status-publish format-standard has-post-thumbnail hentry category-entrevistas\" data-id=\"9730\">\r\n\t\t<div class=\"w-grid-item-h\">\r\n\t\t\t\t\t\t<div class=\"w-post-elm post_image usg_post_image_1 stretched\"><a href=\"https:\/\/poesiaerestu.com\/revista\/entrevista-a-juan-argelina-con-motivo-de-la-publicacion-de-job-en-gaza\/\" aria-label=\"Entrevista a Juan Argelina con motivo de la publicaci\u00f3n de &#8220;JOB EN GAZA&#8221;\"><img loading=\"lazy\" decoding=\"async\" width=\"1464\" height=\"1024\" src=\"https:\/\/poesiaerestu.com\/revista\/wp-content\/uploads\/2025\/11\/FichaAutor2-2-scaled.webp\" class=\"attachment-us_img_size_2 size-us_img_size_2 has-transparency wp-post-image\" alt=\"Fusi\u00f3n de poes\u00eda y arte en la revista Poes\u00ed\u00ada eres t\u00fa, resaltando la expresi\u00f3n art\u00edstica y literaria en M\u00e9xico.\" srcset=\"https:\/\/poesiaerestu.com\/revista\/wp-content\/uploads\/2025\/11\/FichaAutor2-2-scaled.webp 1464w, https:\/\/poesiaerestu.com\/revista\/wp-content\/uploads\/2025\/11\/FichaAutor2-2-scaled-300x210.webp 300w, https:\/\/poesiaerestu.com\/revista\/wp-content\/uploads\/2025\/11\/FichaAutor2-2-scaled-1024x716.webp 1024w, https:\/\/poesiaerestu.com\/revista\/wp-content\/uploads\/2025\/11\/FichaAutor2-2-scaled-600x420.webp 600w, https:\/\/poesiaerestu.com\/revista\/wp-content\/uploads\/2025\/11\/FichaAutor2-2-scaled-768x537.webp 768w, https:\/\/poesiaerestu.com\/revista\/wp-content\/uploads\/2025\/11\/FichaAutor2-2-scaled-86x60.webp 86w\" sizes=\"auto, (max-width: 1464px) 100vw, 1464px\" data-has-transparency=\"true\" data-dominant-color=\"f1ebe5\" style=\"--dominant-color: #f1ebe5;\" \/><\/a><\/div><div class=\"w-vwrapper usg_vwrapper_1 align_left valign_bottom\"><h2 class=\"w-post-elm post_title usg_post_title_1 entry-title color_link_inherit\"><a href=\"https:\/\/poesiaerestu.com\/revista\/entrevista-a-juan-argelina-con-motivo-de-la-publicacion-de-job-en-gaza\/\">Entrevista a Juan Argelina con motivo de la publicaci\u00f3n de &#8220;JOB EN GAZA&#8221;<\/a><\/h2><div class=\"w-hwrapper usg_hwrapper_1 align_left valign_top wrap\"><time class=\"w-post-elm post_date usg_post_date_1 entry-date published\" datetime=\"2025-11-28T20:38:24+01:00\"><i class=\"far fa-clock\"><\/i>28 28Europe\/Madrid November 28Europe\/Madrid 2025<\/time><\/div><\/div>\t\t<\/div>\r\n\t\t\t<\/article>\r\n\t<article class=\"w-grid-item post-9692 post type-post status-publish format-standard has-post-thumbnail hentry category-entrevistas\" data-id=\"9692\">\r\n\t\t<div class=\"w-grid-item-h\">\r\n\t\t\t\t\t\t<div class=\"w-post-elm post_image usg_post_image_1 stretched\"><a href=\"https:\/\/poesiaerestu.com\/revista\/entrevista-a-jose-soriano-recio-alabanzas-de-esto-y-de-lo-otro\/\" aria-label=\"Entrevista a Jos\u00e9 Soriano Recio.\u00a0Alabanzas de esto y de lo otro\"><img loading=\"lazy\" decoding=\"async\" width=\"1464\" height=\"1024\" src=\"https:\/\/poesiaerestu.com\/revista\/wp-content\/uploads\/2025\/11\/FichaAutor2-1-scaled.webp\" class=\"attachment-us_img_size_2 size-us_img_size_2 has-transparency wp-post-image\" alt=\"Almazas de estilo y de la cita, revista de poes\u00eda, poes\u00eda eres t\u00fa.\" srcset=\"https:\/\/poesiaerestu.com\/revista\/wp-content\/uploads\/2025\/11\/FichaAutor2-1-scaled.webp 1464w, https:\/\/poesiaerestu.com\/revista\/wp-content\/uploads\/2025\/11\/FichaAutor2-1-scaled-300x210.webp 300w, https:\/\/poesiaerestu.com\/revista\/wp-content\/uploads\/2025\/11\/FichaAutor2-1-scaled-1024x716.webp 1024w, https:\/\/poesiaerestu.com\/revista\/wp-content\/uploads\/2025\/11\/FichaAutor2-1-scaled-600x420.webp 600w, https:\/\/poesiaerestu.com\/revista\/wp-content\/uploads\/2025\/11\/FichaAutor2-1-scaled-768x537.webp 768w, https:\/\/poesiaerestu.com\/revista\/wp-content\/uploads\/2025\/11\/FichaAutor2-1-scaled-86x60.webp 86w\" sizes=\"auto, (max-width: 1464px) 100vw, 1464px\" data-has-transparency=\"true\" data-dominant-color=\"f1eee9\" style=\"--dominant-color: #f1eee9;\" \/><\/a><\/div><div class=\"w-vwrapper usg_vwrapper_1 align_left valign_bottom\"><h2 class=\"w-post-elm post_title usg_post_title_1 entry-title color_link_inherit\"><a href=\"https:\/\/poesiaerestu.com\/revista\/entrevista-a-jose-soriano-recio-alabanzas-de-esto-y-de-lo-otro\/\">Entrevista a Jos\u00e9 Soriano Recio.\u00a0Alabanzas de esto y de lo otro<\/a><\/h2><div class=\"w-hwrapper usg_hwrapper_1 align_left valign_top wrap\"><time class=\"w-post-elm post_date usg_post_date_1 entry-date published\" datetime=\"2025-11-18T21:16:58+01:00\"><i class=\"far fa-clock\"><\/i>18 18Europe\/Madrid November 18Europe\/Madrid 2025<\/time><\/div><\/div>\t\t<\/div>\r\n\t\t\t<\/article>\r\n\t<article class=\"w-grid-item post-9596 post type-post status-publish format-standard has-post-thumbnail hentry category-entrevistas\" data-id=\"9596\">\r\n\t\t<div class=\"w-grid-item-h\">\r\n\t\t\t\t\t\t<div class=\"w-post-elm post_image usg_post_image_1 stretched\"><a href=\"https:\/\/poesiaerestu.com\/revista\/entrevista-a-nuria-gazquez-y-cecilia-guiter-tras-la-publicacion-de-su-libro-un-firmamento-de-peces\/\" aria-label=\"Entrevista a NURIA G\u00c1ZQUEZ y CECILIA GUITER tras la publicaci\u00f3n de su libro &#8220;UN FIRMAMENTO DE PECES&#8221;\"><img loading=\"lazy\" decoding=\"async\" width=\"1454\" height=\"1024\" src=\"https:\/\/poesiaerestu.com\/revista\/wp-content\/uploads\/2025\/11\/FichaAutor2-scaled.webp\" class=\"attachment-us_img_size_2 size-us_img_size_2 has-transparency wp-post-image\" alt=\"Poes\u00eda eres t\u00fa, revista de poes\u00eda, arte y cultura en l\u00ednea, inspiraci\u00f3n para poetas y amantes de la literatura.\" srcset=\"https:\/\/poesiaerestu.com\/revista\/wp-content\/uploads\/2025\/11\/FichaAutor2-scaled.webp 1454w, https:\/\/poesiaerestu.com\/revista\/wp-content\/uploads\/2025\/11\/FichaAutor2-scaled-300x211.webp 300w, https:\/\/poesiaerestu.com\/revista\/wp-content\/uploads\/2025\/11\/FichaAutor2-scaled-1024x721.webp 1024w, https:\/\/poesiaerestu.com\/revista\/wp-content\/uploads\/2025\/11\/FichaAutor2-scaled-600x423.webp 600w, https:\/\/poesiaerestu.com\/revista\/wp-content\/uploads\/2025\/11\/FichaAutor2-scaled-768x541.webp 768w, https:\/\/poesiaerestu.com\/revista\/wp-content\/uploads\/2025\/11\/FichaAutor2-scaled-85x60.webp 85w\" sizes=\"auto, (max-width: 1454px) 100vw, 1454px\" data-has-transparency=\"true\" data-dominant-color=\"f1eeea\" style=\"--dominant-color: #f1eeea;\" \/><\/a><\/div><div class=\"w-vwrapper usg_vwrapper_1 align_left valign_bottom\"><h2 class=\"w-post-elm post_title usg_post_title_1 entry-title color_link_inherit\"><a href=\"https:\/\/poesiaerestu.com\/revista\/entrevista-a-nuria-gazquez-y-cecilia-guiter-tras-la-publicacion-de-su-libro-un-firmamento-de-peces\/\">Entrevista a NURIA G\u00c1ZQUEZ y CECILIA GUITER tras la publicaci\u00f3n de su libro &#8220;UN FIRMAMENTO DE PECES&#8221;<\/a><\/h2><div class=\"w-hwrapper usg_hwrapper_1 align_left valign_top wrap\"><time class=\"w-post-elm post_date usg_post_date_1 entry-date published\" datetime=\"2025-11-07T20:22:30+01:00\"><i class=\"far fa-clock\"><\/i>7 07Europe\/Madrid November 07Europe\/Madrid 2025<\/time><\/div><\/div>\t\t<\/div>\r\n\t\t\t<\/article>\r\n\t<article class=\"w-grid-item post-9575 post type-post status-publish format-standard has-post-thumbnail hentry category-entrevistas\" data-id=\"9575\">\r\n\t\t<div class=\"w-grid-item-h\">\r\n\t\t\t\t\t\t<div class=\"w-post-elm post_image usg_post_image_1 stretched\"><a href=\"https:\/\/poesiaerestu.com\/revista\/entrevista-a-kepa-fernandez-de-larrinoa\/\" aria-label=\"Entrevista A Kepa Fern\u00e1ndez De Larrinoa\"><img loading=\"lazy\" decoding=\"async\" width=\"1454\" height=\"1024\" src=\"https:\/\/poesiaerestu.com\/revista\/wp-content\/uploads\/2025\/11\/FichaAutor-scaled.webp\" class=\"attachment-us_img_size_2 size-us_img_size_2 has-transparency wp-post-image\" alt=\"Intelectual y art\u00edstico, dedicado a la poes\u00eda en Poes\u00eda Eres T\u00fa (revista).\" srcset=\"https:\/\/poesiaerestu.com\/revista\/wp-content\/uploads\/2025\/11\/FichaAutor-scaled.webp 1454w, https:\/\/poesiaerestu.com\/revista\/wp-content\/uploads\/2025\/11\/FichaAutor-scaled-300x211.webp 300w, https:\/\/poesiaerestu.com\/revista\/wp-content\/uploads\/2025\/11\/FichaAutor-scaled-1024x721.webp 1024w, https:\/\/poesiaerestu.com\/revista\/wp-content\/uploads\/2025\/11\/FichaAutor-scaled-600x423.webp 600w, https:\/\/poesiaerestu.com\/revista\/wp-content\/uploads\/2025\/11\/FichaAutor-scaled-768x541.webp 768w, https:\/\/poesiaerestu.com\/revista\/wp-content\/uploads\/2025\/11\/FichaAutor-scaled-85x60.webp 85w\" sizes=\"auto, (max-width: 1454px) 100vw, 1454px\" data-has-transparency=\"true\" data-dominant-color=\"efeceb\" style=\"--dominant-color: #efeceb;\" \/><\/a><\/div><div class=\"w-vwrapper usg_vwrapper_1 align_left valign_bottom\"><h2 class=\"w-post-elm post_title usg_post_title_1 entry-title color_link_inherit\"><a href=\"https:\/\/poesiaerestu.com\/revista\/entrevista-a-kepa-fernandez-de-larrinoa\/\">Entrevista A Kepa Fern\u00e1ndez De Larrinoa<\/a><\/h2><div class=\"w-hwrapper usg_hwrapper_1 align_left valign_top wrap\"><time class=\"w-post-elm post_date usg_post_date_1 entry-date published\" datetime=\"2025-11-04T19:35:59+01:00\"><i class=\"far fa-clock\"><\/i>4 04Europe\/Madrid November 04Europe\/Madrid 2025<\/time><\/div><\/div>\t\t<\/div>\r\n\t\t\t<\/article>\r\n<\/div><div class=\"w-grid-carousel-json hidden\" onclick='return {&quot;carousel_settings&quot;:{&quot;aria_labels&quot;:{&quot;prev&quot;:&quot;Previous&quot;,&quot;next&quot;:&quot;Next&quot;},&quot;autoplayContinual&quot;:false,&quot;autoplayHoverPause&quot;:false,&quot;autoplayTimeout&quot;:3000,&quot;autoWidth&quot;:false,&quot;smartSpeed&quot;:350,&quot;margin&quot;:0,&quot;mouseDrag&quot;:true,&quot;rtl&quot;:false,&quot;slideBy&quot;:&quot;1&quot;,&quot;touchDrag&quot;:true,&quot;slideTransition&quot;:&quot;&quot;,&quot;responsive&quot;:{&quot;0&quot;:{&quot;autoHeight&quot;:false,&quot;autoplay&quot;:true,&quot;autoWidth&quot;:false,&quot;center&quot;:true,&quot;dots&quot;:false,&quot;items&quot;:1,&quot;loop&quot;:true,&quot;nav&quot;:false,&quot;stagePadding&quot;:0,&quot;slideBy&quot;:&quot;1&quot;},&quot;601&quot;:{&quot;autoHeight&quot;:false,&quot;autoplay&quot;:true,&quot;autoWidth&quot;:false,&quot;center&quot;:true,&quot;dots&quot;:false,&quot;items&quot;:2,&quot;loop&quot;:true,&quot;nav&quot;:true,&quot;stagePadding&quot;:0,&quot;slideBy&quot;:&quot;1&quot;},&quot;1025&quot;:{&quot;autoHeight&quot;:false,&quot;autoplay&quot;:true,&quot;autoWidth&quot;:false,&quot;center&quot;:true,&quot;dots&quot;:false,&quot;items&quot;:3,&quot;loop&quot;:true,&quot;nav&quot;:true,&quot;stagePadding&quot;:0,&quot;slideBy&quot;:&quot;1&quot;},&quot;1281&quot;:{&quot;items&quot;:3,&quot;autoplay&quot;:true,&quot;center&quot;:true,&quot;dots&quot;:false,&quot;nav&quot;:true,&quot;autoHeight&quot;:false,&quot;autoWidth&quot;:false,&quot;loop&quot;:true,&quot;stagePadding&quot;:0}}}}'><\/div><\/div><\/div><\/div><\/div><div class=\"vc_col-sm-6 wpb_column vc_column_container\"><div class=\"vc_column-inner\"><div class=\"wpb_wrapper\"><div class=\"w-grid us_carousel type_carousel layout_7199 overflow_hidden preload_style_spinner items_5\" id=\"us_grid_2\" style=\"--items:5;--gap:2px;\"><style>@media (min-width:1024px){#us_grid_2 .w-post-elm.post_title{font-size:1rem!important}}<\/style><div class=\"w-grid-list owl-carousel valign_stretch dotstyle_circle navstyle_circle arrows-ver-pos_middle arrows-hor-pos_on_sides_outside arrows-disabled_hide owl-responsive-2000 center_item with_arrows\" style=\"--transition-duration:350ms;--arrows-size:1.5rem;--arrows-hor-offset:calc(0px + 2px);--arrows-gap:10px;\">\t<article class=\"w-grid-item post-10581 post type-post status-publish format-standard has-post-thumbnail hentry category-poesia tag-ana-maria-olivares tag-critica-poetica tag-don-de-la-invocacion tag-duermevela tag-elegia tag-herencia-corporal tag-in-memoriam tag-invocacion tag-lazaro tag-lirica-espanola tag-memoria-y-duelo tag-padre-e-hijo tag-poema tag-poesia-espanola-contemporanea tag-raul-gimeno\" data-id=\"10581\">\r\n\t\t<div class=\"w-grid-item-h\">\r\n\t\t\t\t\t\t<div class=\"w-post-elm post_image usg_post_image_1 stretched\"><a href=\"https:\/\/poesiaerestu.com\/revista\/duermevela-raul-gimeno-don-de-la-invocacion\/\" aria-label=\"DUERMEVELA. Ra\u00fal Gimeno. Don de la invocaci\u00f3n\"><img loading=\"lazy\" decoding=\"async\" width=\"1024\" height=\"796\" src=\"https:\/\/spcdn.shortpixel.ai\/spio\/ret_img,q_cdnize,to_auto,s_webp:avif\/poesiaerestu.com\/revista\/wp-content\/uploads\/2026\/04\/PoesiaRevistaPET2-1024x796.webp\" class=\"attachment-large size-large not-transparent wp-post-image\" alt=\"\" srcset=\"https:\/\/spcdn.shortpixel.ai\/spio\/ret_img,q_cdnize,to_auto,s_webp:avif\/poesiaerestu.com\/revista\/wp-content\/uploads\/2026\/04\/PoesiaRevistaPET2-1024x796.webp 1024w, https:\/\/spcdn.shortpixel.ai\/spio\/ret_img,q_cdnize,to_auto,s_webp:avif\/poesiaerestu.com\/revista\/wp-content\/uploads\/2026\/04\/PoesiaRevistaPET2-300x233.webp 300w, https:\/\/spcdn.shortpixel.ai\/spio\/ret_img,q_cdnize,to_auto,s_webp:avif\/poesiaerestu.com\/revista\/wp-content\/uploads\/2026\/04\/PoesiaRevistaPET2-600x467.webp 600w, https:\/\/spcdn.shortpixel.ai\/spio\/ret_img,q_cdnize,to_auto,s_webp:avif\/poesiaerestu.com\/revista\/wp-content\/uploads\/2026\/04\/PoesiaRevistaPET2-768x597.webp 768w, https:\/\/spcdn.shortpixel.ai\/spio\/ret_img,q_cdnize,to_auto,s_webp:avif\/poesiaerestu.com\/revista\/wp-content\/uploads\/2026\/04\/PoesiaRevistaPET2-77x60.webp 77w\" sizes=\"auto, (max-width: 1024px) 100vw, 1024px\" data-has-transparency=\"false\" data-dominant-color=\"616a74\" style=\"--dominant-color: #616a74;\" \/><\/a><\/div><div class=\"w-vwrapper usg_vwrapper_1 align_left valign_bottom\"><h2 class=\"w-post-elm post_title usg_post_title_1 entry-title color_link_inherit\"><a href=\"https:\/\/poesiaerestu.com\/revista\/duermevela-raul-gimeno-don-de-la-invocacion\/\">DUERMEVELA. Ra\u00fal Gimeno. Don de la invocaci\u00f3n<\/a><\/h2><div class=\"w-hwrapper usg_hwrapper_1 align_left valign_top wrap\"><time class=\"w-post-elm post_date usg_post_date_1 entry-date published\" datetime=\"2026-04-05T21:39:15+02:00\"><i class=\"far fa-clock\"><\/i>5 05Europe\/Madrid April 05Europe\/Madrid 2026<\/time><\/div><\/div>\t\t<\/div>\r\n\t\t\t<\/article>\r\n\t<article class=\"w-grid-item post-10567 post type-post status-publish format-standard has-post-thumbnail hentry category-poesia tag-ana-maria-olivares tag-anafora tag-analisis-poetico tag-critica-literaria tag-descalzo tag-herencia tag-memoria-familiar tag-myrna-l-betancourt tag-poesia-contemporanea tag-poesia-en-espanol tag-poesia-latinoamericana tag-poesia-puertorriquena tag-poesia-social tag-lo-callado-a-gritos\" data-id=\"10567\">\r\n\t\t<div class=\"w-grid-item-h\">\r\n\t\t\t\t\t\t<div class=\"w-post-elm post_image usg_post_image_1 stretched\"><a href=\"https:\/\/poesiaerestu.com\/revista\/sin-zapatos-myrna-l-betancourt-lo-callado-a-gritos\/\" aria-label=\"Sin zapatos. Myrna L. Betancourt \u00a1Lo callado, a gritos!\"><img loading=\"lazy\" decoding=\"async\" width=\"1024\" height=\"1024\" src=\"https:\/\/spcdn.shortpixel.ai\/spio\/ret_img,q_cdnize,to_auto,s_webp:avif\/poesiaerestu.com\/revista\/wp-content\/uploads\/2026\/04\/PoesiaRevistaPET-1024x1024.webp\" class=\"attachment-large size-large not-transparent wp-post-image\" alt=\"Camino de tierra con huella en la tierra, vista desde abajo, al atardecer.\" srcset=\"https:\/\/spcdn.shortpixel.ai\/spio\/ret_img,q_cdnize,to_auto,s_webp:avif\/poesiaerestu.com\/revista\/wp-content\/uploads\/2026\/04\/PoesiaRevistaPET-1024x1024.webp 1024w, https:\/\/spcdn.shortpixel.ai\/spio\/ret_img,q_cdnize,to_auto,s_webp:avif\/poesiaerestu.com\/revista\/wp-content\/uploads\/2026\/04\/PoesiaRevistaPET-300x300.webp 300w, https:\/\/spcdn.shortpixel.ai\/spio\/ret_img,q_cdnize,to_auto,s_webp:avif\/poesiaerestu.com\/revista\/wp-content\/uploads\/2026\/04\/PoesiaRevistaPET-150x150.webp 150w, https:\/\/spcdn.shortpixel.ai\/spio\/ret_img,q_cdnize,to_auto,s_webp:avif\/poesiaerestu.com\/revista\/wp-content\/uploads\/2026\/04\/PoesiaRevistaPET-600x600.webp 600w, https:\/\/spcdn.shortpixel.ai\/spio\/ret_img,q_cdnize,to_auto,s_webp:avif\/poesiaerestu.com\/revista\/wp-content\/uploads\/2026\/04\/PoesiaRevistaPET-768x768.webp 768w, https:\/\/spcdn.shortpixel.ai\/spio\/ret_img,q_cdnize,to_auto,s_webp:avif\/poesiaerestu.com\/revista\/wp-content\/uploads\/2026\/04\/PoesiaRevistaPET-60x60.webp 60w, https:\/\/spcdn.shortpixel.ai\/spio\/ret_img,q_cdnize,to_auto,s_webp:avif\/poesiaerestu.com\/revista\/wp-content\/uploads\/2026\/04\/PoesiaRevistaPET.webp 2048w\" sizes=\"auto, (max-width: 1024px) 100vw, 1024px\" data-has-transparency=\"false\" data-dominant-color=\"ad8d71\" style=\"--dominant-color: #ad8d71;\" \/><\/a><\/div><div class=\"w-vwrapper usg_vwrapper_1 align_left valign_bottom\"><h2 class=\"w-post-elm post_title usg_post_title_1 entry-title color_link_inherit\"><a href=\"https:\/\/poesiaerestu.com\/revista\/sin-zapatos-myrna-l-betancourt-lo-callado-a-gritos\/\">Sin zapatos. Myrna L. Betancourt \u00a1Lo callado, a gritos!<\/a><\/h2><div class=\"w-hwrapper usg_hwrapper_1 align_left valign_top wrap\"><time class=\"w-post-elm post_date usg_post_date_1 entry-date published\" datetime=\"2026-04-03T12:01:05+02:00\"><i class=\"far fa-clock\"><\/i>3 03Europe\/Madrid April 03Europe\/Madrid 2026<\/time><\/div><\/div>\t\t<\/div>\r\n\t\t\t<\/article>\r\n\t<article class=\"w-grid-item post-10544 post type-post status-publish format-standard has-post-thumbnail hentry category-poesia\" data-id=\"10544\">\r\n\t\t<div class=\"w-grid-item-h\">\r\n\t\t\t\t\t\t<div class=\"w-post-elm post_image usg_post_image_1 stretched\"><a href=\"https:\/\/poesiaerestu.com\/revista\/el-sonido-de-una-lagrima-al-caer-de-jose-carlos-balague-domenech-del-libro-versos-y-aversos\/\" aria-label=\"El sonido de una l\u00e1grima al caer de Jos\u00e9 Carlos Balagu\u00e9 Dom\u00e9nech del libro Versos y Aversos\"><img loading=\"lazy\" decoding=\"async\" width=\"1024\" height=\"1024\" src=\"https:\/\/poesiaerestu.com\/revista\/wp-content\/uploads\/2026\/03\/Poesia-Revista-PET-2.webp\" class=\"attachment-large size-large not-transparent wp-post-image\" alt=\"L\u00e1grima con notas musicales y gotas, simbolizando la poes\u00eda y la emoci\u00f3n en la m\u00fasica.\" srcset=\"https:\/\/poesiaerestu.com\/revista\/wp-content\/uploads\/2026\/03\/Poesia-Revista-PET-2.webp 1024w, https:\/\/poesiaerestu.com\/revista\/wp-content\/uploads\/2026\/03\/Poesia-Revista-PET-2-300x300.webp 300w, https:\/\/poesiaerestu.com\/revista\/wp-content\/uploads\/2026\/03\/Poesia-Revista-PET-2-150x150.webp 150w, https:\/\/poesiaerestu.com\/revista\/wp-content\/uploads\/2026\/03\/Poesia-Revista-PET-2-600x600.webp 600w, https:\/\/poesiaerestu.com\/revista\/wp-content\/uploads\/2026\/03\/Poesia-Revista-PET-2-768x768.webp 768w, https:\/\/poesiaerestu.com\/revista\/wp-content\/uploads\/2026\/03\/Poesia-Revista-PET-2-60x60.webp 60w\" sizes=\"auto, (max-width: 1024px) 100vw, 1024px\" data-has-transparency=\"false\" data-dominant-color=\"18253e\" style=\"--dominant-color: #18253e;\" \/><\/a><\/div><div class=\"w-vwrapper usg_vwrapper_1 align_left valign_bottom\"><h2 class=\"w-post-elm post_title usg_post_title_1 entry-title color_link_inherit\"><a href=\"https:\/\/poesiaerestu.com\/revista\/el-sonido-de-una-lagrima-al-caer-de-jose-carlos-balague-domenech-del-libro-versos-y-aversos\/\">El sonido de una l\u00e1grima al caer de Jos\u00e9 Carlos Balagu\u00e9 Dom\u00e9nech del libro Versos y Aversos<\/a><\/h2><div class=\"w-hwrapper usg_hwrapper_1 align_left valign_top wrap\"><time class=\"w-post-elm post_date usg_post_date_1 entry-date published\" datetime=\"2026-03-29T11:44:20+02:00\"><i class=\"far fa-clock\"><\/i>29 29Europe\/Madrid March 29Europe\/Madrid 2026<\/time><\/div><\/div>\t\t<\/div>\r\n\t\t\t<\/article>\r\n\t<article class=\"w-grid-item post-10489 post type-post status-publish format-standard has-post-thumbnail hentry category-poesia\" data-id=\"10489\">\r\n\t\t<div class=\"w-grid-item-h\">\r\n\t\t\t\t\t\t<div class=\"w-post-elm post_image usg_post_image_1 stretched\"><a href=\"https:\/\/poesiaerestu.com\/revista\/el-dia-de-mi-muerte-sera-alquimia-de-mia-reig-parajes-impares\/\" aria-label=\"El d\u00eda de mi muerte ser\u00e1 alquimia de Mia Reig. Parajes Impares.\"><img loading=\"lazy\" decoding=\"async\" width=\"768\" height=\"768\" src=\"https:\/\/poesiaerestu.com\/revista\/wp-content\/uploads\/2026\/03\/PoesiarevistaPET-Mediana-1.webp\" class=\"attachment-large size-large not-transparent wp-post-image\" alt=\"Imagen que muestra una mano ajustando una vela en un ambiente c\u00e1lido y acogedor, rodeada de flores y.\" srcset=\"https:\/\/poesiaerestu.com\/revista\/wp-content\/uploads\/2026\/03\/PoesiarevistaPET-Mediana-1.webp 768w, https:\/\/poesiaerestu.com\/revista\/wp-content\/uploads\/2026\/03\/PoesiarevistaPET-Mediana-1-300x300.webp 300w, https:\/\/poesiaerestu.com\/revista\/wp-content\/uploads\/2026\/03\/PoesiarevistaPET-Mediana-1-150x150.webp 150w, https:\/\/poesiaerestu.com\/revista\/wp-content\/uploads\/2026\/03\/PoesiarevistaPET-Mediana-1-600x600.webp 600w, https:\/\/poesiaerestu.com\/revista\/wp-content\/uploads\/2026\/03\/PoesiarevistaPET-Mediana-1-60x60.webp 60w\" sizes=\"auto, (max-width: 768px) 100vw, 768px\" data-has-transparency=\"false\" data-dominant-color=\"968c7b\" style=\"--dominant-color: #968c7b;\" \/><\/a><\/div><div class=\"w-vwrapper usg_vwrapper_1 align_left valign_bottom\"><h2 class=\"w-post-elm post_title usg_post_title_1 entry-title color_link_inherit\"><a href=\"https:\/\/poesiaerestu.com\/revista\/el-dia-de-mi-muerte-sera-alquimia-de-mia-reig-parajes-impares\/\">El d\u00eda de mi muerte ser\u00e1 alquimia de Mia Reig. Parajes Impares.<\/a><\/h2><div class=\"w-hwrapper usg_hwrapper_1 align_left valign_top wrap\"><time class=\"w-post-elm post_date usg_post_date_1 entry-date published\" datetime=\"2026-03-22T12:44:54+01:00\"><i class=\"far fa-clock\"><\/i>22 22Europe\/Madrid March 22Europe\/Madrid 2026<\/time><\/div><\/div>\t\t<\/div>\r\n\t\t\t<\/article>\r\n\t<article class=\"w-grid-item post-10462 post type-post status-publish format-standard has-post-thumbnail hentry category-poesia\" data-id=\"10462\">\r\n\t\t<div class=\"w-grid-item-h\">\r\n\t\t\t\t\t\t<div class=\"w-post-elm post_image usg_post_image_1 stretched\"><a href=\"https:\/\/poesiaerestu.com\/revista\/cuarenta-y-siete-fuera-de-la-jaula-ediciones-rilke-2026\/\" aria-label=\"Cuarenta y siete. Fuera de la Jaula, Ediciones Rilke, 2026\"><img loading=\"lazy\" decoding=\"async\" width=\"768\" height=\"768\" src=\"https:\/\/poesiaerestu.com\/revista\/wp-content\/uploads\/2026\/03\/PoesiaRevistaPET-Mediana.webp\" class=\"attachment-large size-large not-transparent wp-post-image\" alt=\"Manos de ancianos entrelazadas sobre mesa con reloj y diario.\" srcset=\"https:\/\/poesiaerestu.com\/revista\/wp-content\/uploads\/2026\/03\/PoesiaRevistaPET-Mediana.webp 768w, https:\/\/poesiaerestu.com\/revista\/wp-content\/uploads\/2026\/03\/PoesiaRevistaPET-Mediana-300x300.webp 300w, https:\/\/poesiaerestu.com\/revista\/wp-content\/uploads\/2026\/03\/PoesiaRevistaPET-Mediana-150x150.webp 150w, https:\/\/poesiaerestu.com\/revista\/wp-content\/uploads\/2026\/03\/PoesiaRevistaPET-Mediana-600x600.webp 600w, https:\/\/poesiaerestu.com\/revista\/wp-content\/uploads\/2026\/03\/PoesiaRevistaPET-Mediana-60x60.webp 60w\" sizes=\"auto, (max-width: 768px) 100vw, 768px\" data-has-transparency=\"false\" data-dominant-color=\"6e5139\" style=\"--dominant-color: #6e5139;\" \/><\/a><\/div><div class=\"w-vwrapper usg_vwrapper_1 align_left valign_bottom\"><h2 class=\"w-post-elm post_title usg_post_title_1 entry-title color_link_inherit\"><a href=\"https:\/\/poesiaerestu.com\/revista\/cuarenta-y-siete-fuera-de-la-jaula-ediciones-rilke-2026\/\">Cuarenta y siete. Fuera de la Jaula, Ediciones Rilke, 2026<\/a><\/h2><div class=\"w-hwrapper usg_hwrapper_1 align_left valign_top wrap\"><time class=\"w-post-elm post_date usg_post_date_1 entry-date published\" datetime=\"2026-03-15T16:45:35+01:00\"><i class=\"far fa-clock\"><\/i>15 15Europe\/Madrid March 15Europe\/Madrid 2026<\/time><\/div><\/div>\t\t<\/div>\r\n\t\t\t<\/article>\r\n\t<article class=\"w-grid-item post-10400 post type-post status-publish format-standard has-post-thumbnail hentry category-poesia\" data-id=\"10400\">\r\n\t\t<div class=\"w-grid-item-h\">\r\n\t\t\t\t\t\t<div class=\"w-post-elm post_image usg_post_image_1 stretched\"><a href=\"https:\/\/poesiaerestu.com\/revista\/la-receta-mas-antigua-del-mundo-receta-para-ser-bueno\/\" aria-label=\"La receta m\u00e1s antigua del mundo RECETA PARA SER BUENO\"><img loading=\"lazy\" decoding=\"async\" width=\"1024\" height=\"559\" src=\"https:\/\/spcdn.shortpixel.ai\/spio\/ret_img,q_cdnize,to_auto,s_webp:avif\/poesiaerestu.com\/revista\/wp-content\/uploads\/2026\/03\/PoesiaRevista-PET-1024x559.webp\" class=\"attachment-large size-large not-transparent wp-post-image\" alt=\"Imagen de una pareja mayor cocinando con alegr\u00eda en la cocina tradicional.\" srcset=\"https:\/\/spcdn.shortpixel.ai\/spio\/ret_img,q_cdnize,to_auto,s_webp:avif\/poesiaerestu.com\/revista\/wp-content\/uploads\/2026\/03\/PoesiaRevista-PET-1024x559.webp 1024w, https:\/\/spcdn.shortpixel.ai\/spio\/ret_img,q_cdnize,to_auto,s_webp:avif\/poesiaerestu.com\/revista\/wp-content\/uploads\/2026\/03\/PoesiaRevista-PET-300x164.webp 300w, https:\/\/spcdn.shortpixel.ai\/spio\/ret_img,q_cdnize,to_auto,s_webp:avif\/poesiaerestu.com\/revista\/wp-content\/uploads\/2026\/03\/PoesiaRevista-PET-600x327.webp 600w, https:\/\/spcdn.shortpixel.ai\/spio\/ret_img,q_cdnize,to_auto,s_webp:avif\/poesiaerestu.com\/revista\/wp-content\/uploads\/2026\/03\/PoesiaRevista-PET-768x419.webp 768w, https:\/\/spcdn.shortpixel.ai\/spio\/ret_img,q_cdnize,to_auto,s_webp:avif\/poesiaerestu.com\/revista\/wp-content\/uploads\/2026\/03\/PoesiaRevista-PET-110x60.webp 110w, https:\/\/spcdn.shortpixel.ai\/spio\/ret_img,q_cdnize,to_auto,s_webp:avif\/poesiaerestu.com\/revista\/wp-content\/uploads\/2026\/03\/PoesiaRevista-PET.webp 1408w\" sizes=\"auto, (max-width: 1024px) 100vw, 1024px\" data-has-transparency=\"false\" data-dominant-color=\"795937\" style=\"--dominant-color: #795937;\" \/><\/a><\/div><div class=\"w-vwrapper usg_vwrapper_1 align_left valign_bottom\"><h2 class=\"w-post-elm post_title usg_post_title_1 entry-title color_link_inherit\"><a href=\"https:\/\/poesiaerestu.com\/revista\/la-receta-mas-antigua-del-mundo-receta-para-ser-bueno\/\">La receta m\u00e1s antigua del mundo RECETA PARA SER BUENO<\/a><\/h2><div class=\"w-hwrapper usg_hwrapper_1 align_left valign_top wrap\"><time class=\"w-post-elm post_date usg_post_date_1 entry-date published\" datetime=\"2026-03-08T19:09:50+01:00\"><i class=\"far fa-clock\"><\/i>8 08Europe\/Madrid March 08Europe\/Madrid 2026<\/time><\/div><\/div>\t\t<\/div>\r\n\t\t\t<\/article>\r\n\t<article class=\"w-grid-item post-10361 post type-post status-publish format-standard has-post-thumbnail hentry category-poesia\" data-id=\"10361\">\r\n\t\t<div class=\"w-grid-item-h\">\r\n\t\t\t\t\t\t<div class=\"w-post-elm post_image usg_post_image_1 stretched\"><a href=\"https:\/\/poesiaerestu.com\/revista\/10361-2\/\" aria-label=\"No quisiera morir de Luis de la Rosa Fern\u00e1ndez A la sombra del sauce\u00a0(Ediciones Rilke, 2026)\"><img loading=\"lazy\" decoding=\"async\" width=\"825\" height=\"1024\" src=\"https:\/\/poesiaerestu.com\/revista\/wp-content\/uploads\/2026\/03\/Poesia-revista-PET-825x1024.webp\" class=\"attachment-large size-large not-transparent wp-post-image\" alt=\"\u00c1rbol con flores y hojas en un campo, simbolizando cambio y renacimiento.\" srcset=\"https:\/\/poesiaerestu.com\/revista\/wp-content\/uploads\/2026\/03\/Poesia-revista-PET-825x1024.webp 825w, https:\/\/poesiaerestu.com\/revista\/wp-content\/uploads\/2026\/03\/Poesia-revista-PET-242x300.webp 242w, https:\/\/poesiaerestu.com\/revista\/wp-content\/uploads\/2026\/03\/Poesia-revista-PET-600x745.webp 600w, https:\/\/poesiaerestu.com\/revista\/wp-content\/uploads\/2026\/03\/Poesia-revista-PET-768x953.webp 768w, https:\/\/poesiaerestu.com\/revista\/wp-content\/uploads\/2026\/03\/Poesia-revista-PET-48x60.webp 48w, https:\/\/poesiaerestu.com\/revista\/wp-content\/uploads\/2026\/03\/Poesia-revista-PET.webp 928w\" sizes=\"auto, (max-width: 825px) 100vw, 825px\" data-has-transparency=\"false\" data-dominant-color=\"5b443d\" style=\"--dominant-color: #5b443d;\" \/><\/a><\/div><div class=\"w-vwrapper usg_vwrapper_1 align_left valign_bottom\"><h2 class=\"w-post-elm post_title usg_post_title_1 entry-title color_link_inherit\"><a href=\"https:\/\/poesiaerestu.com\/revista\/10361-2\/\">No quisiera morir de Luis de la Rosa Fern\u00e1ndez A la sombra del sauce\u00a0(Ediciones Rilke, 2026)<\/a><\/h2><div class=\"w-hwrapper usg_hwrapper_1 align_left valign_top wrap\"><time class=\"w-post-elm post_date usg_post_date_1 entry-date published\" datetime=\"2026-03-01T19:05:03+01:00\"><i class=\"far fa-clock\"><\/i>1 01Europe\/Madrid March 01Europe\/Madrid 2026<\/time><\/div><\/div>\t\t<\/div>\r\n\t\t\t<\/article>\r\n\t<article class=\"w-grid-item post-10350 post type-post status-publish format-standard has-post-thumbnail hentry category-poesia\" data-id=\"10350\">\r\n\t\t<div class=\"w-grid-item-h\">\r\n\t\t\t\t\t\t<div class=\"w-post-elm post_image usg_post_image_1 stretched\"><a href=\"https:\/\/poesiaerestu.com\/revista\/el-poema-de-la-zanfona-jose-carlos-turrado-de-la-fuente-restauracion-de-la-belleza-ediciones-rilke-2026\/\" aria-label=\"El poema de la zanfona. Jos\u00e9 Carlos Turrado de la Fuente. Restauraci\u00f3n de la Belleza (Ediciones Rilke, 2026)\"><img loading=\"lazy\" decoding=\"async\" width=\"1024\" height=\"1024\" src=\"https:\/\/poesiaerestu.com\/revista\/wp-content\/uploads\/2026\/02\/Poesia-Revista-PET-3.webp\" class=\"attachment-large size-large not-transparent wp-post-image\" alt=\"Anciano tocando zanfona en habitaci\u00f3n antigua.\" srcset=\"https:\/\/poesiaerestu.com\/revista\/wp-content\/uploads\/2026\/02\/Poesia-Revista-PET-3.webp 1024w, https:\/\/poesiaerestu.com\/revista\/wp-content\/uploads\/2026\/02\/Poesia-Revista-PET-3-300x300.webp 300w, https:\/\/poesiaerestu.com\/revista\/wp-content\/uploads\/2026\/02\/Poesia-Revista-PET-3-150x150.webp 150w, https:\/\/poesiaerestu.com\/revista\/wp-content\/uploads\/2026\/02\/Poesia-Revista-PET-3-600x600.webp 600w, https:\/\/poesiaerestu.com\/revista\/wp-content\/uploads\/2026\/02\/Poesia-Revista-PET-3-768x768.webp 768w, https:\/\/poesiaerestu.com\/revista\/wp-content\/uploads\/2026\/02\/Poesia-Revista-PET-3-60x60.webp 60w\" sizes=\"auto, (max-width: 1024px) 100vw, 1024px\" data-has-transparency=\"false\" data-dominant-color=\"2d2921\" style=\"--dominant-color: #2d2921;\" \/><\/a><\/div><div class=\"w-vwrapper usg_vwrapper_1 align_left valign_bottom\"><h2 class=\"w-post-elm post_title usg_post_title_1 entry-title color_link_inherit\"><a href=\"https:\/\/poesiaerestu.com\/revista\/el-poema-de-la-zanfona-jose-carlos-turrado-de-la-fuente-restauracion-de-la-belleza-ediciones-rilke-2026\/\">El poema de la zanfona. Jos\u00e9 Carlos Turrado de la Fuente. Restauraci\u00f3n de la Belleza (Ediciones Rilke, 2026)<\/a><\/h2><div class=\"w-hwrapper usg_hwrapper_1 align_left valign_top wrap\"><time class=\"w-post-elm post_date usg_post_date_1 entry-date published\" datetime=\"2026-02-28T07:38:32+01:00\"><i class=\"far fa-clock\"><\/i>28 28Europe\/Madrid February 28Europe\/Madrid 2026<\/time><\/div><\/div>\t\t<\/div>\r\n\t\t\t<\/article>\r\n\t<article class=\"w-grid-item post-10326 post type-post status-publish format-standard has-post-thumbnail hentry category-poesia\" data-id=\"10326\">\r\n\t\t<div class=\"w-grid-item-h\">\r\n\t\t\t\t\t\t<div class=\"w-post-elm post_image usg_post_image_1 stretched\"><a href=\"https:\/\/poesiaerestu.com\/revista\/hay-un-monstruo-carlos-mellado-fernandez-tempestades-editorial-poesia-eres-tu-2026\/\" aria-label=\"Monstruo. Carlos Mellado Fern\u00e1ndez Tempestades \u2014 Editorial Poes\u00eda eres t\u00fa, 2026\"><img loading=\"lazy\" decoding=\"async\" width=\"1024\" height=\"1024\" src=\"https:\/\/poesiaerestu.com\/revista\/wp-content\/uploads\/2026\/02\/Poesia-Revista-PET-2.webp\" class=\"attachment-large size-large not-transparent wp-post-image\" alt=\"Espejo roto reflejando a joven en ambiente oscuro y misterioso.\" srcset=\"https:\/\/poesiaerestu.com\/revista\/wp-content\/uploads\/2026\/02\/Poesia-Revista-PET-2.webp 1024w, https:\/\/poesiaerestu.com\/revista\/wp-content\/uploads\/2026\/02\/Poesia-Revista-PET-2-300x300.webp 300w, https:\/\/poesiaerestu.com\/revista\/wp-content\/uploads\/2026\/02\/Poesia-Revista-PET-2-150x150.webp 150w, https:\/\/poesiaerestu.com\/revista\/wp-content\/uploads\/2026\/02\/Poesia-Revista-PET-2-600x600.webp 600w, https:\/\/poesiaerestu.com\/revista\/wp-content\/uploads\/2026\/02\/Poesia-Revista-PET-2-768x768.webp 768w, https:\/\/poesiaerestu.com\/revista\/wp-content\/uploads\/2026\/02\/Poesia-Revista-PET-2-60x60.webp 60w\" sizes=\"auto, (max-width: 1024px) 100vw, 1024px\" data-has-transparency=\"false\" data-dominant-color=\"31353b\" style=\"--dominant-color: #31353b;\" \/><\/a><\/div><div class=\"w-vwrapper usg_vwrapper_1 align_left valign_bottom\"><h2 class=\"w-post-elm post_title usg_post_title_1 entry-title color_link_inherit\"><a href=\"https:\/\/poesiaerestu.com\/revista\/hay-un-monstruo-carlos-mellado-fernandez-tempestades-editorial-poesia-eres-tu-2026\/\">Monstruo. Carlos Mellado Fern\u00e1ndez Tempestades \u2014 Editorial Poes\u00eda eres t\u00fa, 2026<\/a><\/h2><div class=\"w-hwrapper usg_hwrapper_1 align_left valign_top wrap\"><time class=\"w-post-elm post_date usg_post_date_1 entry-date published\" datetime=\"2026-02-25T09:06:18+01:00\"><i class=\"far fa-clock\"><\/i>25 25Europe\/Madrid February 25Europe\/Madrid 2026<\/time><\/div><\/div>\t\t<\/div>\r\n\t\t\t<\/article>\r\n\t<article class=\"w-grid-item post-10308 post type-post status-publish format-standard has-post-thumbnail hentry category-poesia\" data-id=\"10308\">\r\n\t\t<div class=\"w-grid-item-h\">\r\n\t\t\t\t\t\t<div class=\"w-post-elm post_image usg_post_image_1 stretched\"><a href=\"https:\/\/poesiaerestu.com\/revista\/no-leimos-a-homero-de-la-muerte-siempre-nos-deja-con-algo-por-hacer-ediciones-rilke-2026\/\" aria-label=\"No le\u00edmos a homero de La muerte siempre nos deja con algo por hacer, Ediciones Rilke, 2026\"><img loading=\"lazy\" decoding=\"async\" width=\"1024\" height=\"1024\" src=\"https:\/\/poesiaerestu.com\/revista\/wp-content\/uploads\/2026\/02\/Poesia-Revista-PET-1.webp\" class=\"attachment-large size-large not-transparent wp-post-image\" alt=\"Poes\u00eda eres t\u00fa, revista que celebra la expresi\u00f3n art\u00edstica y la lucha social en cada publicaci\u00f3n.\" srcset=\"https:\/\/poesiaerestu.com\/revista\/wp-content\/uploads\/2026\/02\/Poesia-Revista-PET-1.webp 1024w, https:\/\/poesiaerestu.com\/revista\/wp-content\/uploads\/2026\/02\/Poesia-Revista-PET-1-300x300.webp 300w, https:\/\/poesiaerestu.com\/revista\/wp-content\/uploads\/2026\/02\/Poesia-Revista-PET-1-150x150.webp 150w, https:\/\/poesiaerestu.com\/revista\/wp-content\/uploads\/2026\/02\/Poesia-Revista-PET-1-600x600.webp 600w, https:\/\/poesiaerestu.com\/revista\/wp-content\/uploads\/2026\/02\/Poesia-Revista-PET-1-768x768.webp 768w, https:\/\/poesiaerestu.com\/revista\/wp-content\/uploads\/2026\/02\/Poesia-Revista-PET-1-60x60.webp 60w\" sizes=\"auto, (max-width: 1024px) 100vw, 1024px\" data-has-transparency=\"false\" data-dominant-color=\"845f56\" style=\"--dominant-color: #845f56;\" \/><\/a><\/div><div class=\"w-vwrapper usg_vwrapper_1 align_left valign_bottom\"><h2 class=\"w-post-elm post_title usg_post_title_1 entry-title color_link_inherit\"><a href=\"https:\/\/poesiaerestu.com\/revista\/no-leimos-a-homero-de-la-muerte-siempre-nos-deja-con-algo-por-hacer-ediciones-rilke-2026\/\">No le\u00edmos a homero de La muerte siempre nos deja con algo por hacer, Ediciones Rilke, 2026<\/a><\/h2><div class=\"w-hwrapper usg_hwrapper_1 align_left valign_top wrap\"><time class=\"w-post-elm post_date usg_post_date_1 entry-date published\" datetime=\"2026-02-22T11:25:27+01:00\"><i class=\"far fa-clock\"><\/i>22 22Europe\/Madrid February 22Europe\/Madrid 2026<\/time><\/div><\/div>\t\t<\/div>\r\n\t\t\t<\/article>\r\n\t<article class=\"w-grid-item post-10288 post type-post status-publish format-standard has-post-thumbnail hentry category-poesia\" data-id=\"10288\">\r\n\t\t<div class=\"w-grid-item-h\">\r\n\t\t\t\t\t\t<div class=\"w-post-elm post_image usg_post_image_1 stretched\"><a href=\"https:\/\/poesiaerestu.com\/revista\/poema-7-cesar-tome-moneda-del-sentir-ediciones-rilke-2026\/\" aria-label=\"POEMA 7. C\u00e9sar Tom\u00e9, Moneda del sentir (Ediciones Rilke, 2026)\"><img loading=\"lazy\" decoding=\"async\" width=\"1024\" height=\"1024\" src=\"https:\/\/poesiaerestu.com\/revista\/wp-content\/uploads\/2026\/02\/Poesia-Revista-PET.webp\" class=\"attachment-large size-large not-transparent wp-post-image\" alt=\"Imagen de un ave reflejada en el agua con hojas oto\u00f1ales flotando.\" srcset=\"https:\/\/poesiaerestu.com\/revista\/wp-content\/uploads\/2026\/02\/Poesia-Revista-PET.webp 1024w, https:\/\/poesiaerestu.com\/revista\/wp-content\/uploads\/2026\/02\/Poesia-Revista-PET-300x300.webp 300w, https:\/\/poesiaerestu.com\/revista\/wp-content\/uploads\/2026\/02\/Poesia-Revista-PET-150x150.webp 150w, https:\/\/poesiaerestu.com\/revista\/wp-content\/uploads\/2026\/02\/Poesia-Revista-PET-600x600.webp 600w, https:\/\/poesiaerestu.com\/revista\/wp-content\/uploads\/2026\/02\/Poesia-Revista-PET-768x768.webp 768w, https:\/\/poesiaerestu.com\/revista\/wp-content\/uploads\/2026\/02\/Poesia-Revista-PET-60x60.webp 60w\" sizes=\"auto, (max-width: 1024px) 100vw, 1024px\" data-has-transparency=\"false\" data-dominant-color=\"5b646c\" style=\"--dominant-color: #5b646c;\" \/><\/a><\/div><div class=\"w-vwrapper usg_vwrapper_1 align_left valign_bottom\"><h2 class=\"w-post-elm post_title usg_post_title_1 entry-title color_link_inherit\"><a href=\"https:\/\/poesiaerestu.com\/revista\/poema-7-cesar-tome-moneda-del-sentir-ediciones-rilke-2026\/\">POEMA 7. C\u00e9sar Tom\u00e9, Moneda del sentir (Ediciones Rilke, 2026)<\/a><\/h2><div class=\"w-hwrapper usg_hwrapper_1 align_left valign_top wrap\"><time class=\"w-post-elm post_date usg_post_date_1 entry-date published\" datetime=\"2026-02-20T18:59:30+01:00\"><i class=\"far fa-clock\"><\/i>20 20Europe\/Madrid February 20Europe\/Madrid 2026<\/time><\/div><\/div>\t\t<\/div>\r\n\t\t\t<\/article>\r\n\t<article class=\"w-grid-item post-10256 post type-post status-publish format-standard has-post-thumbnail hentry category-poesia\" data-id=\"10256\">\r\n\t\t<div class=\"w-grid-item-h\">\r\n\t\t\t\t\t\t<div class=\"w-post-elm post_image usg_post_image_1 stretched\"><a href=\"https:\/\/poesiaerestu.com\/revista\/serpiente-azul-de-nancy-ordonez-tu-silencio\/\" aria-label=\"Serpiente azul de Nancy Ord\u00f3\u00f1ez, Tu silencio\"><img loading=\"lazy\" decoding=\"async\" width=\"1024\" height=\"1024\" src=\"https:\/\/spcdn.shortpixel.ai\/spio\/ret_img,q_cdnize,to_auto,s_webp:avif\/poesiaerestu.com\/revista\/wp-content\/uploads\/2026\/02\/PoesiaRevistaPET-1024x1024.webp\" class=\"attachment-large size-large not-transparent wp-post-image\" alt=\"Rostro femenino reflejado en espejo roto, con luna llena y niebla, simbolizando silencio y misterio.\" srcset=\"https:\/\/spcdn.shortpixel.ai\/spio\/ret_img,q_cdnize,to_auto,s_webp:avif\/poesiaerestu.com\/revista\/wp-content\/uploads\/2026\/02\/PoesiaRevistaPET.webp 1024w, https:\/\/spcdn.shortpixel.ai\/spio\/ret_img,q_cdnize,to_auto,s_webp:avif\/poesiaerestu.com\/revista\/wp-content\/uploads\/2026\/02\/PoesiaRevistaPET-300x300.webp 300w, https:\/\/spcdn.shortpixel.ai\/spio\/ret_img,q_cdnize,to_auto,s_webp:avif\/poesiaerestu.com\/revista\/wp-content\/uploads\/2026\/02\/PoesiaRevistaPET-150x150.webp 150w, https:\/\/spcdn.shortpixel.ai\/spio\/ret_img,q_cdnize,to_auto,s_webp:avif\/poesiaerestu.com\/revista\/wp-content\/uploads\/2026\/02\/PoesiaRevistaPET-600x600.webp 600w, https:\/\/spcdn.shortpixel.ai\/spio\/ret_img,q_cdnize,to_auto,s_webp:avif\/poesiaerestu.com\/revista\/wp-content\/uploads\/2026\/02\/PoesiaRevistaPET-768x768.webp 768w, https:\/\/spcdn.shortpixel.ai\/spio\/ret_img,q_cdnize,to_auto,s_webp:avif\/poesiaerestu.com\/revista\/wp-content\/uploads\/2026\/02\/PoesiaRevistaPET-60x60.webp 60w\" sizes=\"auto, (max-width: 1024px) 100vw, 1024px\" data-has-transparency=\"false\" data-dominant-color=\"2c3644\" style=\"--dominant-color: #2c3644;\" \/><\/a><\/div><div class=\"w-vwrapper usg_vwrapper_1 align_left valign_bottom\"><h2 class=\"w-post-elm post_title usg_post_title_1 entry-title color_link_inherit\"><a href=\"https:\/\/poesiaerestu.com\/revista\/serpiente-azul-de-nancy-ordonez-tu-silencio\/\">Serpiente azul de Nancy Ord\u00f3\u00f1ez, Tu silencio<\/a><\/h2><div class=\"w-hwrapper usg_hwrapper_1 align_left valign_top wrap\"><time class=\"w-post-elm post_date usg_post_date_1 entry-date published\" datetime=\"2026-02-15T09:10:14+01:00\"><i class=\"far fa-clock\"><\/i>15 15Europe\/Madrid February 15Europe\/Madrid 2026<\/time><\/div><\/div>\t\t<\/div>\r\n\t\t\t<\/article>\r\n\t<article class=\"w-grid-item post-10204 post type-post status-publish format-standard has-post-thumbnail hentry category-poesia\" data-id=\"10204\">\r\n\t\t<div class=\"w-grid-item-h\">\r\n\t\t\t\t\t\t<div class=\"w-post-elm post_image usg_post_image_1 stretched\"><a href=\"https:\/\/poesiaerestu.com\/revista\/el-tranvia-de-martin-lorenzo-paredes-aparicio-cuentos-para-un-destierro-digno\/\" aria-label=\"&#8220;El tranv\u00eda&#8221; de Mart\u00edn Lorenzo Paredes Aparicio, Cuentos para un destierro digno.\"><img loading=\"lazy\" decoding=\"async\" width=\"1024\" height=\"1024\" src=\"https:\/\/spcdn.shortpixel.ai\/spio\/ret_img,q_cdnize,to_auto,s_webp:avif\/poesiaerestu.com\/revista\/wp-content\/uploads\/2026\/02\/fragmento-1024x1024.webp\" class=\"attachment-large size-large not-transparent wp-post-image\" alt=\"Mujer tocando viol\u00edn en tranv\u00eda con vista urbana lluviosa y atardecer.\" srcset=\"https:\/\/spcdn.shortpixel.ai\/spio\/ret_img,q_cdnize,to_auto,s_webp:avif\/poesiaerestu.com\/revista\/wp-content\/uploads\/2026\/02\/fragmento.webp 1024w, https:\/\/spcdn.shortpixel.ai\/spio\/ret_img,q_cdnize,to_auto,s_webp:avif\/poesiaerestu.com\/revista\/wp-content\/uploads\/2026\/02\/fragmento-300x300.webp 300w, https:\/\/spcdn.shortpixel.ai\/spio\/ret_img,q_cdnize,to_auto,s_webp:avif\/poesiaerestu.com\/revista\/wp-content\/uploads\/2026\/02\/fragmento-150x150.webp 150w, https:\/\/spcdn.shortpixel.ai\/spio\/ret_img,q_cdnize,to_auto,s_webp:avif\/poesiaerestu.com\/revista\/wp-content\/uploads\/2026\/02\/fragmento-600x600.webp 600w, https:\/\/spcdn.shortpixel.ai\/spio\/ret_img,q_cdnize,to_auto,s_webp:avif\/poesiaerestu.com\/revista\/wp-content\/uploads\/2026\/02\/fragmento-768x768.webp 768w, https:\/\/spcdn.shortpixel.ai\/spio\/ret_img,q_cdnize,to_auto,s_webp:avif\/poesiaerestu.com\/revista\/wp-content\/uploads\/2026\/02\/fragmento-60x60.webp 60w\" sizes=\"auto, (max-width: 1024px) 100vw, 1024px\" data-has-transparency=\"false\" data-dominant-color=\"6d533c\" style=\"--dominant-color: #6d533c;\" \/><\/a><\/div><div class=\"w-vwrapper usg_vwrapper_1 align_left valign_bottom\"><h2 class=\"w-post-elm post_title usg_post_title_1 entry-title color_link_inherit\"><a href=\"https:\/\/poesiaerestu.com\/revista\/el-tranvia-de-martin-lorenzo-paredes-aparicio-cuentos-para-un-destierro-digno\/\">&#8220;El tranv\u00eda&#8221; de Mart\u00edn Lorenzo Paredes Aparicio, Cuentos para un destierro digno.<\/a><\/h2><div class=\"w-hwrapper usg_hwrapper_1 align_left valign_top wrap\"><time class=\"w-post-elm post_date usg_post_date_1 entry-date published\" datetime=\"2026-02-01T20:15:57+01:00\"><i class=\"far fa-clock\"><\/i>1 01Europe\/Madrid February 01Europe\/Madrid 2026<\/time><\/div><\/div>\t\t<\/div>\r\n\t\t\t<\/article>\r\n\t<article class=\"w-grid-item post-10134 post type-post status-publish format-standard has-post-thumbnail hentry category-poesia\" data-id=\"10134\">\r\n\t\t<div class=\"w-grid-item-h\">\r\n\t\t\t\t\t\t<div class=\"w-post-elm post_image usg_post_image_1 stretched\"><a href=\"https:\/\/poesiaerestu.com\/revista\/mak-dizdar-el-escrito-sobre-el-tiempo-de-el-durmiente-petreo\/\" aria-label=\"Mak Dizdar, &#8220;El Escrito sobre el Tiempo&#8221;, de El Durmiente P\u00e9treo\"><img loading=\"lazy\" decoding=\"async\" width=\"1024\" height=\"1024\" src=\"https:\/\/spcdn.shortpixel.ai\/spio\/ret_img,q_cdnize,to_auto,s_webp:avif\/poesiaerestu.com\/revista\/wp-content\/uploads\/2026\/01\/Poesia-Revista-PET-1024x1024.webp\" class=\"attachment-large size-large not-transparent wp-post-image\" alt=\"\" srcset=\"https:\/\/spcdn.shortpixel.ai\/spio\/ret_img,q_cdnize,to_auto,s_webp:avif\/poesiaerestu.com\/revista\/wp-content\/uploads\/2026\/01\/Poesia-Revista-PET.webp 1024w, https:\/\/spcdn.shortpixel.ai\/spio\/ret_img,q_cdnize,to_auto,s_webp:avif\/poesiaerestu.com\/revista\/wp-content\/uploads\/2026\/01\/Poesia-Revista-PET-300x300.webp 300w, https:\/\/spcdn.shortpixel.ai\/spio\/ret_img,q_cdnize,to_auto,s_webp:avif\/poesiaerestu.com\/revista\/wp-content\/uploads\/2026\/01\/Poesia-Revista-PET-150x150.webp 150w, https:\/\/spcdn.shortpixel.ai\/spio\/ret_img,q_cdnize,to_auto,s_webp:avif\/poesiaerestu.com\/revista\/wp-content\/uploads\/2026\/01\/Poesia-Revista-PET-600x600.webp 600w, https:\/\/spcdn.shortpixel.ai\/spio\/ret_img,q_cdnize,to_auto,s_webp:avif\/poesiaerestu.com\/revista\/wp-content\/uploads\/2026\/01\/Poesia-Revista-PET-768x768.webp 768w, https:\/\/spcdn.shortpixel.ai\/spio\/ret_img,q_cdnize,to_auto,s_webp:avif\/poesiaerestu.com\/revista\/wp-content\/uploads\/2026\/01\/Poesia-Revista-PET-60x60.webp 60w\" sizes=\"auto, (max-width: 1024px) 100vw, 1024px\" data-has-transparency=\"false\" data-dominant-color=\"768087\" style=\"--dominant-color: #768087;\" \/><\/a><\/div><div class=\"w-vwrapper usg_vwrapper_1 align_left valign_bottom\"><h2 class=\"w-post-elm post_title usg_post_title_1 entry-title color_link_inherit\"><a href=\"https:\/\/poesiaerestu.com\/revista\/mak-dizdar-el-escrito-sobre-el-tiempo-de-el-durmiente-petreo\/\">Mak Dizdar, &#8220;El Escrito sobre el Tiempo&#8221;, de El Durmiente P\u00e9treo<\/a><\/h2><div class=\"w-hwrapper usg_hwrapper_1 align_left valign_top wrap\"><time class=\"w-post-elm post_date usg_post_date_1 entry-date published\" datetime=\"2026-01-20T17:09:21+01:00\"><i class=\"far fa-clock\"><\/i>20 20Europe\/Madrid January 20Europe\/Madrid 2026<\/time><\/div><\/div>\t\t<\/div>\r\n\t\t\t<\/article>\r\n\t<article class=\"w-grid-item post-10061 post type-post status-publish format-standard has-post-thumbnail hentry category-poesia\" data-id=\"10061\">\r\n\t\t<div class=\"w-grid-item-h\">\r\n\t\t\t\t\t\t<div class=\"w-post-elm post_image usg_post_image_1 stretched\"><a href=\"https:\/\/poesiaerestu.com\/revista\/quiero-morir-en-la-mar-de-jose-luis-perez-fuentes\/\" aria-label=\"Quiero morir en la mar de Jos\u00e9 Luis P\u00e9rez Fuentes\"><img loading=\"lazy\" decoding=\"async\" width=\"1024\" height=\"1024\" src=\"https:\/\/spcdn.shortpixel.ai\/spio\/ret_img,q_cdnize,to_auto,s_webp:avif\/poesiaerestu.com\/revista\/wp-content\/uploads\/2026\/01\/Quiero-morir-el-mar-1024x1024.webp\" class=\"attachment-large size-large not-transparent wp-post-image\" alt=\"\" srcset=\"https:\/\/spcdn.shortpixel.ai\/spio\/ret_img,q_cdnize,to_auto,s_webp:avif\/poesiaerestu.com\/revista\/wp-content\/uploads\/2026\/01\/Quiero-morir-el-mar.webp 1024w, https:\/\/spcdn.shortpixel.ai\/spio\/ret_img,q_cdnize,to_auto,s_webp:avif\/poesiaerestu.com\/revista\/wp-content\/uploads\/2026\/01\/Quiero-morir-el-mar-300x300.webp 300w, https:\/\/spcdn.shortpixel.ai\/spio\/ret_img,q_cdnize,to_auto,s_webp:avif\/poesiaerestu.com\/revista\/wp-content\/uploads\/2026\/01\/Quiero-morir-el-mar-150x150.webp 150w, https:\/\/spcdn.shortpixel.ai\/spio\/ret_img,q_cdnize,to_auto,s_webp:avif\/poesiaerestu.com\/revista\/wp-content\/uploads\/2026\/01\/Quiero-morir-el-mar-600x600.webp 600w, https:\/\/spcdn.shortpixel.ai\/spio\/ret_img,q_cdnize,to_auto,s_webp:avif\/poesiaerestu.com\/revista\/wp-content\/uploads\/2026\/01\/Quiero-morir-el-mar-768x768.webp 768w, https:\/\/spcdn.shortpixel.ai\/spio\/ret_img,q_cdnize,to_auto,s_webp:avif\/poesiaerestu.com\/revista\/wp-content\/uploads\/2026\/01\/Quiero-morir-el-mar-60x60.webp 60w\" sizes=\"auto, (max-width: 1024px) 100vw, 1024px\" data-has-transparency=\"false\" data-dominant-color=\"435a56\" style=\"--dominant-color: #435a56;\" \/><\/a><\/div><div class=\"w-vwrapper usg_vwrapper_1 align_left valign_bottom\"><h2 class=\"w-post-elm post_title usg_post_title_1 entry-title color_link_inherit\"><a href=\"https:\/\/poesiaerestu.com\/revista\/quiero-morir-en-la-mar-de-jose-luis-perez-fuentes\/\">Quiero morir en la mar de Jos\u00e9 Luis P\u00e9rez Fuentes<\/a><\/h2><div class=\"w-hwrapper usg_hwrapper_1 align_left valign_top wrap\"><time class=\"w-post-elm post_date usg_post_date_1 entry-date published\" datetime=\"2026-01-14T09:00:33+01:00\"><i class=\"far fa-clock\"><\/i>14 14Europe\/Madrid January 14Europe\/Madrid 2026<\/time><\/div><\/div>\t\t<\/div>\r\n\t\t\t<\/article>\r\n\t<article class=\"w-grid-item post-10041 post type-post status-publish format-standard has-post-thumbnail hentry category-poesia\" data-id=\"10041\">\r\n\t\t<div class=\"w-grid-item-h\">\r\n\t\t\t\t\t\t<div class=\"w-post-elm post_image usg_post_image_1 stretched\"><a href=\"https:\/\/poesiaerestu.com\/revista\/miguel-torres-morales-ed-asi-hablo-arquipoeta\/\" aria-label=\"Miguel Torres Morales (Ed.), As\u00ed habl\u00f3 Arquipoeta\"><img loading=\"lazy\" decoding=\"async\" width=\"1024\" height=\"1024\" src=\"https:\/\/spcdn.shortpixel.ai\/spio\/ret_img,q_cdnize,to_auto,s_webp:avif\/poesiaerestu.com\/revista\/wp-content\/uploads\/2026\/01\/generated-image-1024x1024.webp\" class=\"attachment-large size-large not-transparent wp-post-image\" alt=\"\" srcset=\"https:\/\/spcdn.shortpixel.ai\/spio\/ret_img,q_cdnize,to_auto,s_webp:avif\/poesiaerestu.com\/revista\/wp-content\/uploads\/2026\/01\/generated-image.webp 1024w, https:\/\/spcdn.shortpixel.ai\/spio\/ret_img,q_cdnize,to_auto,s_webp:avif\/poesiaerestu.com\/revista\/wp-content\/uploads\/2026\/01\/generated-image-300x300.webp 300w, https:\/\/spcdn.shortpixel.ai\/spio\/ret_img,q_cdnize,to_auto,s_webp:avif\/poesiaerestu.com\/revista\/wp-content\/uploads\/2026\/01\/generated-image-150x150.webp 150w, https:\/\/spcdn.shortpixel.ai\/spio\/ret_img,q_cdnize,to_auto,s_webp:avif\/poesiaerestu.com\/revista\/wp-content\/uploads\/2026\/01\/generated-image-600x600.webp 600w, https:\/\/spcdn.shortpixel.ai\/spio\/ret_img,q_cdnize,to_auto,s_webp:avif\/poesiaerestu.com\/revista\/wp-content\/uploads\/2026\/01\/generated-image-768x768.webp 768w, https:\/\/spcdn.shortpixel.ai\/spio\/ret_img,q_cdnize,to_auto,s_webp:avif\/poesiaerestu.com\/revista\/wp-content\/uploads\/2026\/01\/generated-image-60x60.webp 60w\" sizes=\"auto, (max-width: 1024px) 100vw, 1024px\" data-has-transparency=\"false\" data-dominant-color=\"6e565b\" style=\"--dominant-color: #6e565b;\" \/><\/a><\/div><div class=\"w-vwrapper usg_vwrapper_1 align_left valign_bottom\"><h2 class=\"w-post-elm post_title usg_post_title_1 entry-title color_link_inherit\"><a href=\"https:\/\/poesiaerestu.com\/revista\/miguel-torres-morales-ed-asi-hablo-arquipoeta\/\">Miguel Torres Morales (Ed.), As\u00ed habl\u00f3 Arquipoeta<\/a><\/h2><div class=\"w-hwrapper usg_hwrapper_1 align_left valign_top wrap\"><time class=\"w-post-elm post_date usg_post_date_1 entry-date published\" datetime=\"2026-01-11T22:11:33+01:00\"><i class=\"far fa-clock\"><\/i>11 11Europe\/Madrid January 11Europe\/Madrid 2026<\/time><\/div><\/div>\t\t<\/div>\r\n\t\t\t<\/article>\r\n\t<article class=\"w-grid-item post-10023 post type-post status-publish format-standard has-post-thumbnail hentry category-poesia\" data-id=\"10023\">\r\n\t\t<div class=\"w-grid-item-h\">\r\n\t\t\t\t\t\t<div class=\"w-post-elm post_image usg_post_image_1 stretched\"><a href=\"https:\/\/poesiaerestu.com\/revista\/xlvii-de-almu-gambi-marte-retrogrado-venus-ausente\/\" aria-label=\"XLVII de Almu Gambi, Marte retr\u00f3grado, Venus ausente\"><img loading=\"lazy\" decoding=\"async\" width=\"800\" height=\"600\" src=\"https:\/\/poesiaerestu.com\/revista\/wp-content\/uploads\/2026\/01\/PoesiaRevistaPET_escritor.webp\" class=\"attachment-large size-large not-transparent wp-post-image\" alt=\"\" srcset=\"https:\/\/poesiaerestu.com\/revista\/wp-content\/uploads\/2026\/01\/PoesiaRevistaPET_escritor.webp 800w, https:\/\/poesiaerestu.com\/revista\/wp-content\/uploads\/2026\/01\/PoesiaRevistaPET_escritor-300x225.webp 300w, https:\/\/poesiaerestu.com\/revista\/wp-content\/uploads\/2026\/01\/PoesiaRevistaPET_escritor-600x450.webp 600w, https:\/\/poesiaerestu.com\/revista\/wp-content\/uploads\/2026\/01\/PoesiaRevistaPET_escritor-768x576.webp 768w, https:\/\/poesiaerestu.com\/revista\/wp-content\/uploads\/2026\/01\/PoesiaRevistaPET_escritor-80x60.webp 80w\" sizes=\"auto, (max-width: 800px) 100vw, 800px\" data-has-transparency=\"false\" data-dominant-color=\"605956\" style=\"--dominant-color: #605956;\" \/><\/a><\/div><div class=\"w-vwrapper usg_vwrapper_1 align_left valign_bottom\"><h2 class=\"w-post-elm post_title usg_post_title_1 entry-title color_link_inherit\"><a href=\"https:\/\/poesiaerestu.com\/revista\/xlvii-de-almu-gambi-marte-retrogrado-venus-ausente\/\">XLVII de Almu Gambi, Marte retr\u00f3grado, Venus ausente<\/a><\/h2><div class=\"w-hwrapper usg_hwrapper_1 align_left valign_top wrap\"><time class=\"w-post-elm post_date usg_post_date_1 entry-date published\" datetime=\"2026-01-10T17:59:25+01:00\"><i class=\"far fa-clock\"><\/i>10 10Europe\/Madrid January 10Europe\/Madrid 2026<\/time><\/div><\/div>\t\t<\/div>\r\n\t\t\t<\/article>\r\n\t<article class=\"w-grid-item post-9972 post type-post status-publish format-standard has-post-thumbnail hentry category-poesia\" data-id=\"9972\">\r\n\t\t<div class=\"w-grid-item-h\">\r\n\t\t\t\t\t\t<div class=\"w-post-elm post_image usg_post_image_1 stretched\"><a href=\"https:\/\/poesiaerestu.com\/revista\/dolor-angel-jesus-martin-gonzalez-existencial\/\" aria-label=\"Dolor. \u00c1ngel Jes\u00fas Mart\u00edn Gonz\u00e1lez, Existencial.\"><img loading=\"lazy\" decoding=\"async\" width=\"683\" height=\"1024\" src=\"https:\/\/poesiaerestu.com\/revista\/wp-content\/uploads\/2026\/01\/PoesiaRevistaPET-683x1024.webp\" class=\"attachment-large size-large not-transparent wp-post-image\" alt=\"Coraz\u00f3n gigante en \u00e1rbol con ra\u00edces, r\u00edo de agua brillante y escalofriante camino en paisaje surrealista.\" srcset=\"https:\/\/poesiaerestu.com\/revista\/wp-content\/uploads\/2026\/01\/PoesiaRevistaPET-683x1024.webp 683w, https:\/\/poesiaerestu.com\/revista\/wp-content\/uploads\/2026\/01\/PoesiaRevistaPET-200x300.webp 200w, https:\/\/poesiaerestu.com\/revista\/wp-content\/uploads\/2026\/01\/PoesiaRevistaPET-600x900.webp 600w, https:\/\/poesiaerestu.com\/revista\/wp-content\/uploads\/2026\/01\/PoesiaRevistaPET-768x1152.webp 768w, https:\/\/poesiaerestu.com\/revista\/wp-content\/uploads\/2026\/01\/PoesiaRevistaPET-40x60.webp 40w, https:\/\/poesiaerestu.com\/revista\/wp-content\/uploads\/2026\/01\/PoesiaRevistaPET.webp 1024w\" sizes=\"auto, (max-width: 683px) 100vw, 683px\" data-has-transparency=\"false\" data-dominant-color=\"454b54\" style=\"--dominant-color: #454b54;\" \/><\/a><\/div><div class=\"w-vwrapper usg_vwrapper_1 align_left valign_bottom\"><h2 class=\"w-post-elm post_title usg_post_title_1 entry-title color_link_inherit\"><a href=\"https:\/\/poesiaerestu.com\/revista\/dolor-angel-jesus-martin-gonzalez-existencial\/\">Dolor. \u00c1ngel Jes\u00fas Mart\u00edn Gonz\u00e1lez, Existencial.<\/a><\/h2><div class=\"w-hwrapper usg_hwrapper_1 align_left valign_top wrap\"><time class=\"w-post-elm post_date usg_post_date_1 entry-date published\" datetime=\"2026-01-04T12:56:46+01:00\"><i class=\"far fa-clock\"><\/i>4 04Europe\/Madrid January 04Europe\/Madrid 2026<\/time><\/div><\/div>\t\t<\/div>\r\n\t\t\t<\/article>\r\n\t<article class=\"w-grid-item post-9933 post type-post status-publish format-standard has-post-thumbnail hentry category-poesia\" data-id=\"9933\">\r\n\t\t<div class=\"w-grid-item-h\">\r\n\t\t\t\t\t\t<div class=\"w-post-elm post_image usg_post_image_1 stretched\"><a href=\"https:\/\/poesiaerestu.com\/revista\/sin-ti-de-manuel-lozano-figueroa-de-lo-visceral-a-la-piel-editorial-poesia-eres-tu-2025\/\" aria-label=\"Sin ti de Manuel Lozano Figueroa De lo visceral a la piel (Editorial Poes\u00eda eres t\u00fa, 2025)\"><img loading=\"lazy\" decoding=\"async\" width=\"1024\" height=\"1024\" src=\"https:\/\/poesiaerestu.com\/revista\/wp-content\/uploads\/2025\/12\/Poesia-Sin-ti.webp\" class=\"attachment-large size-large not-transparent wp-post-image\" alt=\"\" srcset=\"https:\/\/poesiaerestu.com\/revista\/wp-content\/uploads\/2025\/12\/Poesia-Sin-ti.webp 1024w, https:\/\/poesiaerestu.com\/revista\/wp-content\/uploads\/2025\/12\/Poesia-Sin-ti-300x300.webp 300w, https:\/\/poesiaerestu.com\/revista\/wp-content\/uploads\/2025\/12\/Poesia-Sin-ti-150x150.webp 150w, https:\/\/poesiaerestu.com\/revista\/wp-content\/uploads\/2025\/12\/Poesia-Sin-ti-600x600.webp 600w, https:\/\/poesiaerestu.com\/revista\/wp-content\/uploads\/2025\/12\/Poesia-Sin-ti-768x768.webp 768w, https:\/\/poesiaerestu.com\/revista\/wp-content\/uploads\/2025\/12\/Poesia-Sin-ti-60x60.webp 60w\" sizes=\"auto, (max-width: 1024px) 100vw, 1024px\" data-has-transparency=\"false\" data-dominant-color=\"867769\" style=\"--dominant-color: #867769;\" \/><\/a><\/div><div class=\"w-vwrapper usg_vwrapper_1 align_left valign_bottom\"><h2 class=\"w-post-elm post_title usg_post_title_1 entry-title color_link_inherit\"><a href=\"https:\/\/poesiaerestu.com\/revista\/sin-ti-de-manuel-lozano-figueroa-de-lo-visceral-a-la-piel-editorial-poesia-eres-tu-2025\/\">Sin ti de Manuel Lozano Figueroa De lo visceral a la piel (Editorial Poes\u00eda eres t\u00fa, 2025)<\/a><\/h2><div class=\"w-hwrapper usg_hwrapper_1 align_left valign_top wrap\"><time class=\"w-post-elm post_date usg_post_date_1 entry-date published\" datetime=\"2025-12-27T18:11:24+01:00\"><i class=\"far fa-clock\"><\/i>27 27Europe\/Madrid December 27Europe\/Madrid 2025<\/time><\/div><\/div>\t\t<\/div>\r\n\t\t\t<\/article>\r\n\t<article class=\"w-grid-item post-9844 post type-post status-publish format-standard has-post-thumbnail hentry category-poesia\" data-id=\"9844\">\r\n\t\t<div class=\"w-grid-item-h\">\r\n\t\t\t\t\t\t<div class=\"w-post-elm post_image usg_post_image_1 stretched\"><a href=\"https:\/\/poesiaerestu.com\/revista\/galicia-tierra-donde-el-viento-reza-de-francisco-munoz-martin-el-hilo-iberico-tapiz-de-culturas\/\" aria-label=\"Galicia, tierra donde el viento reza de Francisco Mu\u00f1oz-Mart\u00edn. El Hilo Ib\u00e9rico: Tapiz de Culturas\"><img loading=\"lazy\" decoding=\"async\" width=\"1024\" height=\"1024\" src=\"https:\/\/poesiaerestu.com\/revista\/wp-content\/uploads\/2025\/12\/Poesia-Revista-PET-1.webp\" class=\"attachment-large size-large not-transparent wp-post-image\" alt=\"\" srcset=\"https:\/\/poesiaerestu.com\/revista\/wp-content\/uploads\/2025\/12\/Poesia-Revista-PET-1.webp 1024w, https:\/\/poesiaerestu.com\/revista\/wp-content\/uploads\/2025\/12\/Poesia-Revista-PET-1-300x300.webp 300w, https:\/\/poesiaerestu.com\/revista\/wp-content\/uploads\/2025\/12\/Poesia-Revista-PET-1-150x150.webp 150w, https:\/\/poesiaerestu.com\/revista\/wp-content\/uploads\/2025\/12\/Poesia-Revista-PET-1-600x600.webp 600w, https:\/\/poesiaerestu.com\/revista\/wp-content\/uploads\/2025\/12\/Poesia-Revista-PET-1-768x768.webp 768w, https:\/\/poesiaerestu.com\/revista\/wp-content\/uploads\/2025\/12\/Poesia-Revista-PET-1-60x60.webp 60w\" sizes=\"auto, (max-width: 1024px) 100vw, 1024px\" data-has-transparency=\"false\" data-dominant-color=\"737f77\" style=\"--dominant-color: #737f77;\" \/><\/a><\/div><div class=\"w-vwrapper usg_vwrapper_1 align_left valign_bottom\"><h2 class=\"w-post-elm post_title usg_post_title_1 entry-title color_link_inherit\"><a href=\"https:\/\/poesiaerestu.com\/revista\/galicia-tierra-donde-el-viento-reza-de-francisco-munoz-martin-el-hilo-iberico-tapiz-de-culturas\/\">Galicia, tierra donde el viento reza de Francisco Mu\u00f1oz-Mart\u00edn. El Hilo Ib\u00e9rico: Tapiz de Culturas<\/a><\/h2><div class=\"w-hwrapper usg_hwrapper_1 align_left valign_top wrap\"><time class=\"w-post-elm post_date usg_post_date_1 entry-date published\" datetime=\"2025-12-14T11:16:49+01:00\"><i class=\"far fa-clock\"><\/i>14 14Europe\/Madrid December 14Europe\/Madrid 2025<\/time><\/div><\/div>\t\t<\/div>\r\n\t\t\t<\/article>\r\n\t<article class=\"w-grid-item post-9815 post type-post status-publish format-standard has-post-thumbnail hentry category-poesia\" data-id=\"9815\">\r\n\t\t<div class=\"w-grid-item-h\">\r\n\t\t\t\t\t\t<div class=\"w-post-elm post_image usg_post_image_1 stretched\"><a href=\"https:\/\/poesiaerestu.com\/revista\/jose-carlos-turrado-de-la-fuente-las-hesperides-en-juguetes-liricos-ediciones-rilke-2025\/\" aria-label=\"Jos\u00e9 Carlos Turrado de la Fuente, &#8220;Las Hesp\u00e9rides&#8221; en Juguetes L\u00edricos (Ediciones Rilke, 2025)\"><img loading=\"lazy\" decoding=\"async\" width=\"1024\" height=\"439\" src=\"https:\/\/spcdn.shortpixel.ai\/spio\/ret_img,q_cdnize,to_auto,s_webp:avif\/poesiaerestu.com\/revista\/wp-content\/uploads\/2025\/12\/Poesia-Revista-PET-scaled-1024x439.webp\" class=\"attachment-large size-large not-transparent wp-post-image\" alt=\"\" srcset=\"https:\/\/spcdn.shortpixel.ai\/spio\/ret_img,q_cdnize,to_auto,s_webp:avif\/poesiaerestu.com\/revista\/wp-content\/uploads\/2025\/12\/Poesia-Revista-PET-scaled-1024x439.webp 1024w, https:\/\/spcdn.shortpixel.ai\/spio\/ret_img,q_cdnize,to_auto,s_webp:avif\/poesiaerestu.com\/revista\/wp-content\/uploads\/2025\/12\/Poesia-Revista-PET-scaled-300x129.webp 300w, https:\/\/spcdn.shortpixel.ai\/spio\/ret_img,q_cdnize,to_auto,s_webp:avif\/poesiaerestu.com\/revista\/wp-content\/uploads\/2025\/12\/Poesia-Revista-PET-scaled-600x257.webp 600w, https:\/\/spcdn.shortpixel.ai\/spio\/ret_img,q_cdnize,to_auto,s_webp:avif\/poesiaerestu.com\/revista\/wp-content\/uploads\/2025\/12\/Poesia-Revista-PET-scaled-768x329.webp 768w, https:\/\/spcdn.shortpixel.ai\/spio\/ret_img,q_cdnize,to_auto,s_webp:avif\/poesiaerestu.com\/revista\/wp-content\/uploads\/2025\/12\/Poesia-Revista-PET-scaled-140x60.webp 140w\" sizes=\"auto, (max-width: 1024px) 100vw, 1024px\" data-has-transparency=\"false\" data-dominant-color=\"956736\" style=\"--dominant-color: #956736;\" \/><\/a><\/div><div class=\"w-vwrapper usg_vwrapper_1 align_left valign_bottom\"><h2 class=\"w-post-elm post_title usg_post_title_1 entry-title color_link_inherit\"><a href=\"https:\/\/poesiaerestu.com\/revista\/jose-carlos-turrado-de-la-fuente-las-hesperides-en-juguetes-liricos-ediciones-rilke-2025\/\">Jos\u00e9 Carlos Turrado de la Fuente, &#8220;Las Hesp\u00e9rides&#8221; en Juguetes L\u00edricos (Ediciones Rilke, 2025)<\/a><\/h2><div class=\"w-hwrapper usg_hwrapper_1 align_left valign_top wrap\"><time class=\"w-post-elm post_date usg_post_date_1 entry-date published\" datetime=\"2025-12-08T23:50:23+01:00\"><i class=\"far fa-clock\"><\/i>8 08Europe\/Madrid December 08Europe\/Madrid 2025<\/time><\/div><\/div>\t\t<\/div>\r\n\t\t\t<\/article>\r\n<\/div><div class=\"w-grid-carousel-json hidden\" onclick='return {&quot;carousel_settings&quot;:{&quot;aria_labels&quot;:{&quot;prev&quot;:&quot;Previous&quot;,&quot;next&quot;:&quot;Next&quot;},&quot;autoplayContinual&quot;:false,&quot;autoplayHoverPause&quot;:false,&quot;autoplayTimeout&quot;:4000,&quot;autoWidth&quot;:false,&quot;smartSpeed&quot;:350,&quot;margin&quot;:0,&quot;mouseDrag&quot;:true,&quot;rtl&quot;:false,&quot;slideBy&quot;:&quot;1&quot;,&quot;touchDrag&quot;:true,&quot;slideTransition&quot;:&quot;&quot;,&quot;responsive&quot;:{&quot;0&quot;:{&quot;autoHeight&quot;:false,&quot;autoplay&quot;:true,&quot;autoWidth&quot;:false,&quot;center&quot;:true,&quot;dots&quot;:false,&quot;items&quot;:1,&quot;loop&quot;:true,&quot;nav&quot;:false,&quot;stagePadding&quot;:0,&quot;slideBy&quot;:&quot;1&quot;},&quot;601&quot;:{&quot;autoHeight&quot;:false,&quot;autoplay&quot;:true,&quot;autoWidth&quot;:false,&quot;center&quot;:true,&quot;dots&quot;:false,&quot;items&quot;:2,&quot;loop&quot;:true,&quot;nav&quot;:true,&quot;stagePadding&quot;:0,&quot;slideBy&quot;:&quot;1&quot;},&quot;1025&quot;:{&quot;autoHeight&quot;:false,&quot;autoplay&quot;:true,&quot;autoWidth&quot;:false,&quot;center&quot;:true,&quot;dots&quot;:false,&quot;items&quot;:3,&quot;loop&quot;:true,&quot;nav&quot;:true,&quot;stagePadding&quot;:0,&quot;slideBy&quot;:&quot;1&quot;},&quot;1281&quot;:{&quot;items&quot;:5,&quot;autoplay&quot;:true,&quot;center&quot;:true,&quot;dots&quot;:false,&quot;nav&quot;:true,&quot;autoHeight&quot;:false,&quot;autoWidth&quot;:false,&quot;loop&quot;:true,&quot;stagePadding&quot;:0}}}}'><\/div><\/div><\/div><\/div><\/div><\/div><\/div><\/section><section class=\"l-section wpb_row us_custom_cd2ad0f2 height_auto width_full color_alternate\"><div class=\"l-section-h i-cf\"><div class=\"g-cols vc_row via_flex valign_top type_default stacking_default\"><div class=\"vc_col-sm-6 wpb_column vc_column_container\"><div class=\"vc_column-inner us_custom_76e26fa0\"><div class=\"wpb_wrapper\"><div class=\"wpb_text_column us_custom_0fd94341\"><div class=\"wpb_wrapper\"><h1><strong>Entrevistas<\/strong><\/h1>\n<\/div><\/div><div class=\"w-separator size_medium\"><\/div><div class=\"w-grid us_grid type_masonry layout_7200 cols_2 pagination_ajax overflow_hidden preload_style_spinner with_isotope\" id=\"us_grid_3\" style=\"--columns:2;--gap:5px;\" data-filterable=\"true\"><style>@media (max-width:600px){#us_grid_3{--columns:1!important}}@media (min-width:1024px){#us_grid_3 .w-post-elm.post_title{font-size:18px!important}}.layout_7200 .w-grid-item-h{background:#ffffff;border-radius:0.3rem;box-shadow:0 0.03rem 0.06rem rgba(0,0,0,0.1),0 0.1rem 0.3rem rgba(0,0,0,0.1);transition-duration:0.3s}.no-touch .layout_7200 .w-grid-item-h:hover{box-shadow:0 0.1rem 0.2rem rgba(0,0,0,0.1),0 0.33rem 1rem rgba(0,0,0,0.15);z-index:4}<\/style><div class=\"w-grid-list\">\t<article class=\"w-grid-item size_1x1 post-10522 post type-post status-publish format-standard has-post-thumbnail hentry category-entrevistas\" data-id=\"10522\">\r\n\t\t<div class=\"w-grid-item-h\">\r\n\t\t\t\t\t\t<div class=\"w-post-elm post_image usg_post_image_1 stretched\"><a href=\"https:\/\/poesiaerestu.com\/revista\/entrevista-a-jose-devis-con-motivo-de-la-publicacion-de-de-la-mano-de-gloria-tributo-a-gloria-fuertes\/\" aria-label=\"Entrevista a Jos\u00e9 Dev\u00eds. Con motivo de la publicaci\u00f3n de &#8220;De la mano de Gloria&#8221;. Tributo a Gloria Fuertes\"><img loading=\"lazy\" decoding=\"async\" width=\"1024\" height=\"721\" src=\"https:\/\/spcdn.shortpixel.ai\/spio\/ret_img,q_cdnize,to_auto,s_webp:avif\/poesiaerestu.com\/revista\/wp-content\/uploads\/2026\/03\/FichaAutor2-5-scaled-1024x721.webp\" class=\"attachment-large size-large not-transparent wp-post-image\" alt=\"Retrato art\u00edstico para la revista Poes\u00ed\u00ada eres t\u00fa, con un fondo naranja y un texto manuscrito en esp.\" srcset=\"https:\/\/spcdn.shortpixel.ai\/spio\/ret_img,q_cdnize,to_auto,s_webp:avif\/poesiaerestu.com\/revista\/wp-content\/uploads\/2026\/03\/FichaAutor2-5-scaled-1024x721.webp 1024w, https:\/\/spcdn.shortpixel.ai\/spio\/ret_img,q_cdnize,to_auto,s_webp:avif\/poesiaerestu.com\/revista\/wp-content\/uploads\/2026\/03\/FichaAutor2-5-scaled-300x211.webp 300w, https:\/\/spcdn.shortpixel.ai\/spio\/ret_img,q_cdnize,to_auto,s_webp:avif\/poesiaerestu.com\/revista\/wp-content\/uploads\/2026\/03\/FichaAutor2-5-scaled-600x423.webp 600w, https:\/\/spcdn.shortpixel.ai\/spio\/ret_img,q_cdnize,to_auto,s_webp:avif\/poesiaerestu.com\/revista\/wp-content\/uploads\/2026\/03\/FichaAutor2-5-scaled-768x541.webp 768w, https:\/\/spcdn.shortpixel.ai\/spio\/ret_img,q_cdnize,to_auto,s_webp:avif\/poesiaerestu.com\/revista\/wp-content\/uploads\/2026\/03\/FichaAutor2-5-scaled-85x60.webp 85w\" sizes=\"auto, (max-width: 1024px) 100vw, 1024px\" data-has-transparency=\"false\" data-dominant-color=\"f3e9e3\" style=\"--dominant-color: #f3e9e3;\" \/><\/a><\/div><div class=\"w-vwrapper usg_vwrapper_1 align_left valign_top\"><h2 class=\"w-post-elm post_title usg_post_title_1 entry-title color_link_inherit\"><a href=\"https:\/\/poesiaerestu.com\/revista\/entrevista-a-jose-devis-con-motivo-de-la-publicacion-de-de-la-mano-de-gloria-tributo-a-gloria-fuertes\/\">Entrevista a Jos\u00e9 Dev\u00eds. Con motivo de la publicaci\u00f3n de &#8220;De la mano de Gloria&#8221;. Tributo a Gloria Fuertes<\/a><\/h2><div class=\"w-hwrapper usg_hwrapper_1 align_left valign_top wrap\"><time class=\"w-post-elm post_date usg_post_date_1 entry-date published\" datetime=\"2026-03-22T19:54:45+01:00\"><i class=\"far fa-clock\"><\/i>22 22Europe\/Madrid March 22Europe\/Madrid 2026<\/time><\/div><\/div>\t\t<\/div>\r\n\t\t\t<\/article>\r\n\t<article class=\"w-grid-item size_1x1 post-10514 post type-post status-publish format-standard has-post-thumbnail hentry category-entrevistas\" data-id=\"10514\">\r\n\t\t<div class=\"w-grid-item-h\">\r\n\t\t\t\t\t\t<div class=\"w-post-elm post_image usg_post_image_1 stretched\"><a href=\"https:\/\/poesiaerestu.com\/revista\/entrevista-a-nancy-ordonez-con-motivo-de-la-publicacion-de-tu-silencio\/\" aria-label=\"Entrevista a Nancy Ord\u00f3\u00f1ez. Con motivo de la publicaci\u00f3n de Tu silencio\"><img loading=\"lazy\" decoding=\"async\" width=\"1024\" height=\"718\" src=\"https:\/\/spcdn.shortpixel.ai\/spio\/ret_img,q_cdnize,to_auto,s_webp:avif\/poesiaerestu.com\/revista\/wp-content\/uploads\/2026\/03\/FichaAutor2-4-scaled-1024x718.webp\" class=\"attachment-large size-large not-transparent wp-post-image\" alt=\"Imagen de Nancy Ord\u00f3\u00f1ez en la portada de la revista Poes\u00eda eres t\u00fa, con fondo colorido y estilo art\u00ed.\" srcset=\"https:\/\/spcdn.shortpixel.ai\/spio\/ret_img,q_cdnize,to_auto,s_webp:avif\/poesiaerestu.com\/revista\/wp-content\/uploads\/2026\/03\/FichaAutor2-4-scaled-1024x718.webp 1024w, https:\/\/spcdn.shortpixel.ai\/spio\/ret_img,q_cdnize,to_auto,s_webp:avif\/poesiaerestu.com\/revista\/wp-content\/uploads\/2026\/03\/FichaAutor2-4-scaled-300x210.webp 300w, https:\/\/spcdn.shortpixel.ai\/spio\/ret_img,q_cdnize,to_auto,s_webp:avif\/poesiaerestu.com\/revista\/wp-content\/uploads\/2026\/03\/FichaAutor2-4-scaled-600x420.webp 600w, https:\/\/spcdn.shortpixel.ai\/spio\/ret_img,q_cdnize,to_auto,s_webp:avif\/poesiaerestu.com\/revista\/wp-content\/uploads\/2026\/03\/FichaAutor2-4-scaled-768x538.webp 768w, https:\/\/spcdn.shortpixel.ai\/spio\/ret_img,q_cdnize,to_auto,s_webp:avif\/poesiaerestu.com\/revista\/wp-content\/uploads\/2026\/03\/FichaAutor2-4-scaled-86x60.webp 86w\" sizes=\"auto, (max-width: 1024px) 100vw, 1024px\" data-has-transparency=\"false\" data-dominant-color=\"f4ebe8\" style=\"--dominant-color: #f4ebe8;\" \/><\/a><\/div><div class=\"w-vwrapper usg_vwrapper_1 align_left valign_top\"><h2 class=\"w-post-elm post_title usg_post_title_1 entry-title color_link_inherit\"><a href=\"https:\/\/poesiaerestu.com\/revista\/entrevista-a-nancy-ordonez-con-motivo-de-la-publicacion-de-tu-silencio\/\">Entrevista a Nancy Ord\u00f3\u00f1ez. Con motivo de la publicaci\u00f3n de Tu silencio<\/a><\/h2><div class=\"w-hwrapper usg_hwrapper_1 align_left valign_top wrap\"><time class=\"w-post-elm post_date usg_post_date_1 entry-date published\" datetime=\"2026-03-22T19:39:25+01:00\"><i class=\"far fa-clock\"><\/i>22 22Europe\/Madrid March 22Europe\/Madrid 2026<\/time><\/div><\/div>\t\t<\/div>\r\n\t\t\t<\/article>\r\n\t<article class=\"w-grid-item size_1x1 post-10509 post type-post status-publish format-standard has-post-thumbnail hentry category-entrevistas\" data-id=\"10509\">\r\n\t\t<div class=\"w-grid-item-h\">\r\n\t\t\t\t\t\t<div class=\"w-post-elm post_image usg_post_image_1 stretched\"><a href=\"https:\/\/poesiaerestu.com\/revista\/entrevista-a-jose-carlos-turrado-de-la-fuente-con-motivo-de-la-publicacion-de-restauracion-de-la-belleza-ediciones-rilke-2026\/\" aria-label=\"Entrevista a Jos\u00e9 Carlos Turrado de la Fuente. Con motivo de la publicaci\u00f3n de Restauraci\u00f3n de la Belleza (Ediciones Rilke, 2026)\"><img loading=\"lazy\" decoding=\"async\" width=\"1024\" height=\"718\" src=\"https:\/\/spcdn.shortpixel.ai\/spio\/ret_img,q_cdnize,to_auto,s_webp:avif\/poesiaerestu.com\/revista\/wp-content\/uploads\/2026\/03\/FichaAutor2-3-scaled-1024x718.webp\" class=\"attachment-large size-large not-transparent wp-post-image\" alt=\"Imagen de Jos\u00e9 Carlos Turrado de la Fuente, autor de &quot;Restauraci\u00f3n de la Belleza&quot;.\" srcset=\"https:\/\/spcdn.shortpixel.ai\/spio\/ret_img,q_cdnize,to_auto,s_webp:avif\/poesiaerestu.com\/revista\/wp-content\/uploads\/2026\/03\/FichaAutor2-3-scaled-1024x718.webp 1024w, https:\/\/spcdn.shortpixel.ai\/spio\/ret_img,q_cdnize,to_auto,s_webp:avif\/poesiaerestu.com\/revista\/wp-content\/uploads\/2026\/03\/FichaAutor2-3-scaled-300x210.webp 300w, https:\/\/spcdn.shortpixel.ai\/spio\/ret_img,q_cdnize,to_auto,s_webp:avif\/poesiaerestu.com\/revista\/wp-content\/uploads\/2026\/03\/FichaAutor2-3-scaled-600x420.webp 600w, https:\/\/spcdn.shortpixel.ai\/spio\/ret_img,q_cdnize,to_auto,s_webp:avif\/poesiaerestu.com\/revista\/wp-content\/uploads\/2026\/03\/FichaAutor2-3-scaled-768x538.webp 768w, https:\/\/spcdn.shortpixel.ai\/spio\/ret_img,q_cdnize,to_auto,s_webp:avif\/poesiaerestu.com\/revista\/wp-content\/uploads\/2026\/03\/FichaAutor2-3-scaled-86x60.webp 86w\" sizes=\"auto, (max-width: 1024px) 100vw, 1024px\" data-has-transparency=\"false\" data-dominant-color=\"f1edeb\" style=\"--dominant-color: #f1edeb;\" \/><\/a><\/div><div class=\"w-vwrapper usg_vwrapper_1 align_left valign_top\"><h2 class=\"w-post-elm post_title usg_post_title_1 entry-title color_link_inherit\"><a href=\"https:\/\/poesiaerestu.com\/revista\/entrevista-a-jose-carlos-turrado-de-la-fuente-con-motivo-de-la-publicacion-de-restauracion-de-la-belleza-ediciones-rilke-2026\/\">Entrevista a Jos\u00e9 Carlos Turrado de la Fuente. Con motivo de la publicaci\u00f3n de Restauraci\u00f3n de la Belleza (Ediciones Rilke, 2026)<\/a><\/h2><div class=\"w-hwrapper usg_hwrapper_1 align_left valign_top wrap\"><time class=\"w-post-elm post_date usg_post_date_1 entry-date published\" datetime=\"2026-03-22T18:28:51+01:00\"><i class=\"far fa-clock\"><\/i>22 22Europe\/Madrid March 22Europe\/Madrid 2026<\/time><\/div><\/div>\t\t<\/div>\r\n\t\t\t<\/article>\r\n\t<article class=\"w-grid-item size_1x1 post-10503 post type-post status-publish format-standard has-post-thumbnail hentry category-entrevistas\" data-id=\"10503\">\r\n\t\t<div class=\"w-grid-item-h\">\r\n\t\t\t\t\t\t<div class=\"w-post-elm post_image usg_post_image_1 stretched\"><a href=\"https:\/\/poesiaerestu.com\/revista\/entrevista-a-andres-martinez-diaz\/\" aria-label=\"ENTREVISTA A ANDR\u00c9S MART\u00cdNEZ D\u00cdAZ. Con motivo de la publicaci\u00f3n de Fuera de la Jaula \u00b7 Ediciones Rilke, 2026\"><img loading=\"lazy\" decoding=\"async\" width=\"1024\" height=\"718\" src=\"https:\/\/spcdn.shortpixel.ai\/spio\/ret_img,q_cdnize,to_auto,s_webp:avif\/poesiaerestu.com\/revista\/wp-content\/uploads\/2026\/03\/FichaAutor2-2-scaled-1024x718.webp\" class=\"attachment-large size-large not-transparent wp-post-image\" alt=\"Poes\u00eda eres t\u00fa, revista literaria que celebra la belleza y el poder de la poes\u00eda en la cultura hispa.\" srcset=\"https:\/\/spcdn.shortpixel.ai\/spio\/ret_img,q_cdnize,to_auto,s_webp:avif\/poesiaerestu.com\/revista\/wp-content\/uploads\/2026\/03\/FichaAutor2-2-scaled-1024x718.webp 1024w, https:\/\/spcdn.shortpixel.ai\/spio\/ret_img,q_cdnize,to_auto,s_webp:avif\/poesiaerestu.com\/revista\/wp-content\/uploads\/2026\/03\/FichaAutor2-2-scaled-300x210.webp 300w, https:\/\/spcdn.shortpixel.ai\/spio\/ret_img,q_cdnize,to_auto,s_webp:avif\/poesiaerestu.com\/revista\/wp-content\/uploads\/2026\/03\/FichaAutor2-2-scaled-600x420.webp 600w, https:\/\/spcdn.shortpixel.ai\/spio\/ret_img,q_cdnize,to_auto,s_webp:avif\/poesiaerestu.com\/revista\/wp-content\/uploads\/2026\/03\/FichaAutor2-2-scaled-768x538.webp 768w, https:\/\/spcdn.shortpixel.ai\/spio\/ret_img,q_cdnize,to_auto,s_webp:avif\/poesiaerestu.com\/revista\/wp-content\/uploads\/2026\/03\/FichaAutor2-2-scaled-86x60.webp 86w\" sizes=\"auto, (max-width: 1024px) 100vw, 1024px\" data-has-transparency=\"false\" data-dominant-color=\"f7f2ea\" style=\"--dominant-color: #f7f2ea;\" \/><\/a><\/div><div class=\"w-vwrapper usg_vwrapper_1 align_left valign_top\"><h2 class=\"w-post-elm post_title usg_post_title_1 entry-title color_link_inherit\"><a href=\"https:\/\/poesiaerestu.com\/revista\/entrevista-a-andres-martinez-diaz\/\">ENTREVISTA A ANDR\u00c9S MART\u00cdNEZ D\u00cdAZ. Con motivo de la publicaci\u00f3n de Fuera de la Jaula \u00b7 Ediciones Rilke, 2026<\/a><\/h2><div class=\"w-hwrapper usg_hwrapper_1 align_left valign_top wrap\"><time class=\"w-post-elm post_date usg_post_date_1 entry-date published\" datetime=\"2026-03-22T17:25:18+01:00\"><i class=\"far fa-clock\"><\/i>22 22Europe\/Madrid March 22Europe\/Madrid 2026<\/time><\/div><\/div>\t\t<\/div>\r\n\t\t\t<\/article>\r\n\t<article class=\"w-grid-item size_1x1 post-10498 post type-post status-publish format-standard has-post-thumbnail hentry category-entrevistas\" data-id=\"10498\">\r\n\t\t<div class=\"w-grid-item-h\">\r\n\t\t\t\t\t\t<div class=\"w-post-elm post_image usg_post_image_1 stretched\"><a href=\"https:\/\/poesiaerestu.com\/revista\/entrevista-a-silvia-vaquero-un-amor-sin-ley\/\" aria-label=\"ENTREVISTA A SILVIA VAQUERO: &#8220;UN AMOR SIN LEY&#8221;\"><img loading=\"lazy\" decoding=\"async\" width=\"1024\" height=\"721\" src=\"https:\/\/spcdn.shortpixel.ai\/spio\/ret_img,q_cdnize,to_auto,s_webp:avif\/poesiaerestu.com\/revista\/wp-content\/uploads\/2026\/03\/FichaAutor2-1-scaled-1024x721.webp\" class=\"attachment-large size-large not-transparent wp-post-image\" alt=\"Poes\u00eda eres t\u00fa, Silvia Vaquero, entrevista, amor sin ley, poes\u00eda, literatura, mujer escritora, inspi.\" srcset=\"https:\/\/spcdn.shortpixel.ai\/spio\/ret_img,q_cdnize,to_auto,s_webp:avif\/poesiaerestu.com\/revista\/wp-content\/uploads\/2026\/03\/FichaAutor2-1-scaled-1024x721.webp 1024w, https:\/\/spcdn.shortpixel.ai\/spio\/ret_img,q_cdnize,to_auto,s_webp:avif\/poesiaerestu.com\/revista\/wp-content\/uploads\/2026\/03\/FichaAutor2-1-scaled-300x211.webp 300w, https:\/\/spcdn.shortpixel.ai\/spio\/ret_img,q_cdnize,to_auto,s_webp:avif\/poesiaerestu.com\/revista\/wp-content\/uploads\/2026\/03\/FichaAutor2-1-scaled-600x423.webp 600w, https:\/\/spcdn.shortpixel.ai\/spio\/ret_img,q_cdnize,to_auto,s_webp:avif\/poesiaerestu.com\/revista\/wp-content\/uploads\/2026\/03\/FichaAutor2-1-scaled-768x541.webp 768w, https:\/\/spcdn.shortpixel.ai\/spio\/ret_img,q_cdnize,to_auto,s_webp:avif\/poesiaerestu.com\/revista\/wp-content\/uploads\/2026\/03\/FichaAutor2-1-scaled-85x60.webp 85w\" sizes=\"auto, (max-width: 1024px) 100vw, 1024px\" data-has-transparency=\"false\" data-dominant-color=\"f2e5df\" style=\"--dominant-color: #f2e5df;\" \/><\/a><\/div><div class=\"w-vwrapper usg_vwrapper_1 align_left valign_top\"><h2 class=\"w-post-elm post_title usg_post_title_1 entry-title color_link_inherit\"><a href=\"https:\/\/poesiaerestu.com\/revista\/entrevista-a-silvia-vaquero-un-amor-sin-ley\/\">ENTREVISTA A SILVIA VAQUERO: &#8220;UN AMOR SIN LEY&#8221;<\/a><\/h2><div class=\"w-hwrapper usg_hwrapper_1 align_left valign_top wrap\"><time class=\"w-post-elm post_date usg_post_date_1 entry-date published\" datetime=\"2026-03-22T17:00:22+01:00\"><i class=\"far fa-clock\"><\/i>22 22Europe\/Madrid March 22Europe\/Madrid 2026<\/time><\/div><\/div>\t\t<\/div>\r\n\t\t\t<\/article>\r\n\t<article class=\"w-grid-item size_1x1 post-10413 post type-post status-publish format-standard has-post-thumbnail hentry category-entrevistas\" data-id=\"10413\">\r\n\t\t<div class=\"w-grid-item-h\">\r\n\t\t\t\t\t\t<div class=\"w-post-elm post_image usg_post_image_1 stretched\"><a href=\"https:\/\/poesiaerestu.com\/revista\/entrevista-a-luis-de-la-rosa-fernandez-con-motivo-de-la-publicacion-de-a-la-sombra-del-sauce\/\" aria-label=\"Entrevista a Luis de la Rosa Fern\u00e1ndez. Con motivo de la publicaci\u00f3n de A la sombra del sauce.\"><img loading=\"lazy\" decoding=\"async\" width=\"1024\" height=\"721\" src=\"https:\/\/spcdn.shortpixel.ai\/spio\/ret_img,q_cdnize,to_auto,s_webp:avif\/poesiaerestu.com\/revista\/wp-content\/uploads\/2026\/03\/FichaAutor2-scaled-1024x721.webp\" class=\"attachment-large size-large not-transparent wp-post-image\" alt=\"Retrato de un poeta con fondo naranja y texto manuscrito.\" srcset=\"https:\/\/spcdn.shortpixel.ai\/spio\/ret_img,q_cdnize,to_auto,s_webp:avif\/poesiaerestu.com\/revista\/wp-content\/uploads\/2026\/03\/FichaAutor2-scaled-1024x721.webp 1024w, https:\/\/spcdn.shortpixel.ai\/spio\/ret_img,q_cdnize,to_auto,s_webp:avif\/poesiaerestu.com\/revista\/wp-content\/uploads\/2026\/03\/FichaAutor2-scaled-300x211.webp 300w, https:\/\/spcdn.shortpixel.ai\/spio\/ret_img,q_cdnize,to_auto,s_webp:avif\/poesiaerestu.com\/revista\/wp-content\/uploads\/2026\/03\/FichaAutor2-scaled-600x423.webp 600w, https:\/\/spcdn.shortpixel.ai\/spio\/ret_img,q_cdnize,to_auto,s_webp:avif\/poesiaerestu.com\/revista\/wp-content\/uploads\/2026\/03\/FichaAutor2-scaled-768x541.webp 768w, https:\/\/spcdn.shortpixel.ai\/spio\/ret_img,q_cdnize,to_auto,s_webp:avif\/poesiaerestu.com\/revista\/wp-content\/uploads\/2026\/03\/FichaAutor2-scaled-85x60.webp 85w\" sizes=\"auto, (max-width: 1024px) 100vw, 1024px\" data-has-transparency=\"false\" data-dominant-color=\"ede0d2\" style=\"--dominant-color: #ede0d2;\" \/><\/a><\/div><div class=\"w-vwrapper usg_vwrapper_1 align_left valign_top\"><h2 class=\"w-post-elm post_title usg_post_title_1 entry-title color_link_inherit\"><a href=\"https:\/\/poesiaerestu.com\/revista\/entrevista-a-luis-de-la-rosa-fernandez-con-motivo-de-la-publicacion-de-a-la-sombra-del-sauce\/\">Entrevista a Luis de la Rosa Fern\u00e1ndez. Con motivo de la publicaci\u00f3n de A la sombra del sauce.<\/a><\/h2><div class=\"w-hwrapper usg_hwrapper_1 align_left valign_top wrap\"><time class=\"w-post-elm post_date usg_post_date_1 entry-date published\" datetime=\"2026-03-09T20:45:27+01:00\"><i class=\"far fa-clock\"><\/i>9 09Europe\/Madrid March 09Europe\/Madrid 2026<\/time><\/div><\/div>\t\t<\/div>\r\n\t\t\t<\/article>\r\n\t<article class=\"w-grid-item size_1x1 post-10386 post type-post status-publish format-standard has-post-thumbnail hentry category-entrevistas category-uncategorized\" data-id=\"10386\">\r\n\t\t<div class=\"w-grid-item-h\">\r\n\t\t\t\t\t\t<div class=\"w-post-elm post_image usg_post_image_1 stretched\"><a href=\"https:\/\/poesiaerestu.com\/revista\/entrevista-a-fernando-barbero-carrasco-con-motivo-de-la-publicacion-de-la-muerte-siempre-nos-deja-con-algo-por-hacer-ediciones-rilke-2026\/\" aria-label=\"Entrevista a Fernando Barbero Carrasco Con motivo de la publicaci\u00f3n de la muerte siempre nos deja con algo por hacer (ediciones rilke, 2026)\"><img loading=\"lazy\" decoding=\"async\" width=\"1024\" height=\"722\" src=\"https:\/\/spcdn.shortpixel.ai\/spio\/ret_img,q_cdnize,to_auto,s_webp:avif\/poesiaerestu.com\/revista\/wp-content\/uploads\/2026\/03\/FichaAutor2_resultado-2-1024x722.webp\" class=\"attachment-large size-large not-transparent wp-post-image\" alt=\"Imagen de un hombre mayor con barba y chaqueta naranja, en fondo naranja.\" srcset=\"https:\/\/spcdn.shortpixel.ai\/spio\/ret_img,q_cdnize,to_auto,s_webp:avif\/poesiaerestu.com\/revista\/wp-content\/uploads\/2026\/03\/FichaAutor2_resultado-2-1024x722.webp 1024w, https:\/\/spcdn.shortpixel.ai\/spio\/ret_img,q_cdnize,to_auto,s_webp:avif\/poesiaerestu.com\/revista\/wp-content\/uploads\/2026\/03\/FichaAutor2_resultado-2-300x211.webp 300w, https:\/\/spcdn.shortpixel.ai\/spio\/ret_img,q_cdnize,to_auto,s_webp:avif\/poesiaerestu.com\/revista\/wp-content\/uploads\/2026\/03\/FichaAutor2_resultado-2-600x423.webp 600w, https:\/\/spcdn.shortpixel.ai\/spio\/ret_img,q_cdnize,to_auto,s_webp:avif\/poesiaerestu.com\/revista\/wp-content\/uploads\/2026\/03\/FichaAutor2_resultado-2-768x541.webp 768w, https:\/\/spcdn.shortpixel.ai\/spio\/ret_img,q_cdnize,to_auto,s_webp:avif\/poesiaerestu.com\/revista\/wp-content\/uploads\/2026\/03\/FichaAutor2_resultado-2-85x60.webp 85w, https:\/\/spcdn.shortpixel.ai\/spio\/ret_img,q_cdnize,to_auto,s_webp:avif\/poesiaerestu.com\/revista\/wp-content\/uploads\/2026\/03\/FichaAutor2_resultado-2.webp 1453w\" sizes=\"auto, (max-width: 1024px) 100vw, 1024px\" data-has-transparency=\"false\" data-dominant-color=\"efe0d3\" style=\"--dominant-color: #efe0d3;\" \/><\/a><\/div><div class=\"w-vwrapper usg_vwrapper_1 align_left valign_top\"><h2 class=\"w-post-elm post_title usg_post_title_1 entry-title color_link_inherit\"><a href=\"https:\/\/poesiaerestu.com\/revista\/entrevista-a-fernando-barbero-carrasco-con-motivo-de-la-publicacion-de-la-muerte-siempre-nos-deja-con-algo-por-hacer-ediciones-rilke-2026\/\">Entrevista a Fernando Barbero Carrasco Con motivo de la publicaci\u00f3n de la muerte siempre nos deja con algo por hacer (ediciones rilke, 2026)<\/a><\/h2><div class=\"w-hwrapper usg_hwrapper_1 align_left valign_top wrap\"><time class=\"w-post-elm post_date usg_post_date_1 entry-date published\" datetime=\"2026-03-04T14:20:44+01:00\"><i class=\"far fa-clock\"><\/i>4 04Europe\/Madrid March 04Europe\/Madrid 2026<\/time><\/div><\/div>\t\t<\/div>\r\n\t\t\t<\/article>\r\n\t<article class=\"w-grid-item size_1x1 post-10383 post type-post status-publish format-standard has-post-thumbnail hentry category-entrevistas\" data-id=\"10383\">\r\n\t\t<div class=\"w-grid-item-h\">\r\n\t\t\t\t\t\t<div class=\"w-post-elm post_image usg_post_image_1 stretched\"><a href=\"https:\/\/poesiaerestu.com\/revista\/entrevista-a-cesar-tome-con-motivo-de-la-publicacion-de-moneda-del-sentir\/\" aria-label=\"Entrevista a C\u00e9sar Tom\u00e9. Con motivo de la publicaci\u00f3n de Moneda del sentir\"><img loading=\"lazy\" decoding=\"async\" width=\"1024\" height=\"722\" src=\"https:\/\/spcdn.shortpixel.ai\/spio\/ret_img,q_cdnize,to_auto,s_webp:avif\/poesiaerestu.com\/revista\/wp-content\/uploads\/2026\/03\/FichaAutor2_resultado-1-1024x722.webp\" class=\"attachment-large size-large not-transparent wp-post-image\" alt=\"Imagen de C\u00e9sar Tom\u00e9, autor de &quot;Moneda del sentir&quot; en entrevista para la revista.\" srcset=\"https:\/\/spcdn.shortpixel.ai\/spio\/ret_img,q_cdnize,to_auto,s_webp:avif\/poesiaerestu.com\/revista\/wp-content\/uploads\/2026\/03\/FichaAutor2_resultado-1-1024x722.webp 1024w, https:\/\/spcdn.shortpixel.ai\/spio\/ret_img,q_cdnize,to_auto,s_webp:avif\/poesiaerestu.com\/revista\/wp-content\/uploads\/2026\/03\/FichaAutor2_resultado-1-300x211.webp 300w, https:\/\/spcdn.shortpixel.ai\/spio\/ret_img,q_cdnize,to_auto,s_webp:avif\/poesiaerestu.com\/revista\/wp-content\/uploads\/2026\/03\/FichaAutor2_resultado-1-600x423.webp 600w, https:\/\/spcdn.shortpixel.ai\/spio\/ret_img,q_cdnize,to_auto,s_webp:avif\/poesiaerestu.com\/revista\/wp-content\/uploads\/2026\/03\/FichaAutor2_resultado-1-768x541.webp 768w, https:\/\/spcdn.shortpixel.ai\/spio\/ret_img,q_cdnize,to_auto,s_webp:avif\/poesiaerestu.com\/revista\/wp-content\/uploads\/2026\/03\/FichaAutor2_resultado-1-85x60.webp 85w, https:\/\/spcdn.shortpixel.ai\/spio\/ret_img,q_cdnize,to_auto,s_webp:avif\/poesiaerestu.com\/revista\/wp-content\/uploads\/2026\/03\/FichaAutor2_resultado-1.webp 1453w\" sizes=\"auto, (max-width: 1024px) 100vw, 1024px\" data-has-transparency=\"false\" data-dominant-color=\"f5f1ee\" style=\"--dominant-color: #f5f1ee;\" \/><\/a><\/div><div class=\"w-vwrapper usg_vwrapper_1 align_left valign_top\"><h2 class=\"w-post-elm post_title usg_post_title_1 entry-title color_link_inherit\"><a href=\"https:\/\/poesiaerestu.com\/revista\/entrevista-a-cesar-tome-con-motivo-de-la-publicacion-de-moneda-del-sentir\/\">Entrevista a C\u00e9sar Tom\u00e9. Con motivo de la publicaci\u00f3n de Moneda del sentir<\/a><\/h2><div class=\"w-hwrapper usg_hwrapper_1 align_left valign_top wrap\"><time class=\"w-post-elm post_date usg_post_date_1 entry-date published\" datetime=\"2026-03-04T13:48:04+01:00\"><i class=\"far fa-clock\"><\/i>4 04Europe\/Madrid March 04Europe\/Madrid 2026<\/time><\/div><\/div>\t\t<\/div>\r\n\t\t\t<\/article>\r\n\t<article class=\"w-grid-item size_1x1 post-10379 post type-post status-publish format-standard has-post-thumbnail hentry category-entrevistas\" data-id=\"10379\">\r\n\t\t<div class=\"w-grid-item-h\">\r\n\t\t\t\t\t\t<div class=\"w-post-elm post_image usg_post_image_1 stretched\"><a href=\"https:\/\/poesiaerestu.com\/revista\/entrevista-a-j-carlos-mellado-fernandez-con-motivo-de-la-publicacion-de-tempestades\/\" aria-label=\"Entrevista a J. Carlos Mellado Fern\u00e1ndez. Con motivo de la publicaci\u00f3n de Tempestades\"><img loading=\"lazy\" decoding=\"async\" width=\"1024\" height=\"722\" src=\"https:\/\/spcdn.shortpixel.ai\/spio\/ret_img,q_cdnize,to_auto,s_webp:avif\/poesiaerestu.com\/revista\/wp-content\/uploads\/2026\/03\/FichaAutor2_resultado-1024x722.webp\" class=\"attachment-large size-large not-transparent wp-post-image\" alt=\"Imagen de un retrato art\u00edstico de un hombre con fondo colorido.\" srcset=\"https:\/\/spcdn.shortpixel.ai\/spio\/ret_img,q_cdnize,to_auto,s_webp:avif\/poesiaerestu.com\/revista\/wp-content\/uploads\/2026\/03\/FichaAutor2_resultado-1024x722.webp 1024w, https:\/\/spcdn.shortpixel.ai\/spio\/ret_img,q_cdnize,to_auto,s_webp:avif\/poesiaerestu.com\/revista\/wp-content\/uploads\/2026\/03\/FichaAutor2_resultado-300x211.webp 300w, https:\/\/spcdn.shortpixel.ai\/spio\/ret_img,q_cdnize,to_auto,s_webp:avif\/poesiaerestu.com\/revista\/wp-content\/uploads\/2026\/03\/FichaAutor2_resultado-600x423.webp 600w, https:\/\/spcdn.shortpixel.ai\/spio\/ret_img,q_cdnize,to_auto,s_webp:avif\/poesiaerestu.com\/revista\/wp-content\/uploads\/2026\/03\/FichaAutor2_resultado-768x541.webp 768w, https:\/\/spcdn.shortpixel.ai\/spio\/ret_img,q_cdnize,to_auto,s_webp:avif\/poesiaerestu.com\/revista\/wp-content\/uploads\/2026\/03\/FichaAutor2_resultado-85x60.webp 85w, https:\/\/spcdn.shortpixel.ai\/spio\/ret_img,q_cdnize,to_auto,s_webp:avif\/poesiaerestu.com\/revista\/wp-content\/uploads\/2026\/03\/FichaAutor2_resultado.webp 1754w\" sizes=\"auto, (max-width: 1024px) 100vw, 1024px\" data-has-transparency=\"false\" data-dominant-color=\"efe7e2\" style=\"--dominant-color: #efe7e2;\" \/><\/a><\/div><div class=\"w-vwrapper usg_vwrapper_1 align_left valign_top\"><h2 class=\"w-post-elm post_title usg_post_title_1 entry-title color_link_inherit\"><a href=\"https:\/\/poesiaerestu.com\/revista\/entrevista-a-j-carlos-mellado-fernandez-con-motivo-de-la-publicacion-de-tempestades\/\">Entrevista a J. Carlos Mellado Fern\u00e1ndez. Con motivo de la publicaci\u00f3n de Tempestades<\/a><\/h2><div class=\"w-hwrapper usg_hwrapper_1 align_left valign_top wrap\"><time class=\"w-post-elm post_date usg_post_date_1 entry-date published\" datetime=\"2026-03-04T12:17:52+01:00\"><i class=\"far fa-clock\"><\/i>4 04Europe\/Madrid March 04Europe\/Madrid 2026<\/time><\/div><\/div>\t\t<\/div>\r\n\t\t\t<\/article>\r\n\t<article class=\"w-grid-item size_1x1 post-10244 post type-post status-publish format-standard has-post-thumbnail hentry category-entrevistas category-n5\" data-id=\"10244\">\r\n\t\t<div class=\"w-grid-item-h\">\r\n\t\t\t\t\t\t<div class=\"w-post-elm post_image usg_post_image_1 stretched\"><a href=\"https:\/\/poesiaerestu.com\/revista\/entrevista-a-almu-gambi-con-motivo-de-la-publicacion-de-marte-retrogrado-venus-ausente\/\" aria-label=\"Entrevista a Almu Gambi.  Con motivo de la publicaci\u00f3n de Marte retr\u00f3grado, Venus ausente.\"><img loading=\"lazy\" decoding=\"async\" width=\"1024\" height=\"716\" src=\"https:\/\/spcdn.shortpixel.ai\/spio\/ret_img,q_cdnize,to_auto,s_webp:avif\/poesiaerestu.com\/revista\/wp-content\/uploads\/2026\/02\/FichaAutor2-scaled-1024x716.webp\" class=\"attachment-large size-large not-transparent wp-post-image\" alt=\"Retrato de Almud Gambi con fondo de texto manuscrito, en estilo art\u00edstico y po\u00e9tico.\" srcset=\"https:\/\/spcdn.shortpixel.ai\/spio\/ret_img,q_cdnize,to_auto,s_webp:avif\/poesiaerestu.com\/revista\/wp-content\/uploads\/2026\/02\/FichaAutor2-scaled-1024x716.webp 1024w, https:\/\/spcdn.shortpixel.ai\/spio\/ret_img,q_cdnize,to_auto,s_webp:avif\/poesiaerestu.com\/revista\/wp-content\/uploads\/2026\/02\/FichaAutor2-scaled-300x210.webp 300w, https:\/\/spcdn.shortpixel.ai\/spio\/ret_img,q_cdnize,to_auto,s_webp:avif\/poesiaerestu.com\/revista\/wp-content\/uploads\/2026\/02\/FichaAutor2-scaled-600x420.webp 600w, https:\/\/spcdn.shortpixel.ai\/spio\/ret_img,q_cdnize,to_auto,s_webp:avif\/poesiaerestu.com\/revista\/wp-content\/uploads\/2026\/02\/FichaAutor2-scaled-768x537.webp 768w, https:\/\/spcdn.shortpixel.ai\/spio\/ret_img,q_cdnize,to_auto,s_webp:avif\/poesiaerestu.com\/revista\/wp-content\/uploads\/2026\/02\/FichaAutor2-scaled-86x60.webp 86w, https:\/\/spcdn.shortpixel.ai\/spio\/ret_img,q_cdnize,to_auto,s_webp:avif\/poesiaerestu.com\/revista\/wp-content\/uploads\/2026\/02\/FichaAutor2-scaled.webp 1464w\" sizes=\"auto, (max-width: 1024px) 100vw, 1024px\" data-has-transparency=\"false\" data-dominant-color=\"ece7e4\" style=\"--dominant-color: #ece7e4;\" \/><\/a><\/div><div class=\"w-vwrapper usg_vwrapper_1 align_left valign_top\"><h2 class=\"w-post-elm post_title usg_post_title_1 entry-title color_link_inherit\"><a href=\"https:\/\/poesiaerestu.com\/revista\/entrevista-a-almu-gambi-con-motivo-de-la-publicacion-de-marte-retrogrado-venus-ausente\/\">Entrevista a Almu Gambi.  Con motivo de la publicaci\u00f3n de Marte retr\u00f3grado, Venus ausente.<\/a><\/h2><div class=\"w-hwrapper usg_hwrapper_1 align_left valign_top wrap\"><time class=\"w-post-elm post_date usg_post_date_1 entry-date published\" datetime=\"2026-02-12T19:07:54+01:00\"><i class=\"far fa-clock\"><\/i>12 12Europe\/Madrid February 12Europe\/Madrid 2026<\/time><\/div><\/div>\t\t<\/div>\r\n\t\t\t<\/article>\r\n\t<article class=\"w-grid-item size_1x1 post-10241 post type-post status-publish format-standard has-post-thumbnail hentry category-entrevistas\" data-id=\"10241\">\r\n\t\t<div class=\"w-grid-item-h\">\r\n\t\t\t\t\t\t<div class=\"w-post-elm post_image usg_post_image_1 stretched\"><a href=\"https:\/\/poesiaerestu.com\/revista\/entrevista-a-martin-lorenzo-paredes-aparicio-con-motivo-de-la-publicacion-de-cuentos-para-un-destierro-digno\/\" aria-label=\"Entrevista a Mart\u00edn Lorenzo Paredes Aparicio. Con motivo de la publicaci\u00f3n de Cuentos para un destierro digno\"><img loading=\"lazy\" decoding=\"async\" width=\"1024\" height=\"721\" src=\"https:\/\/spcdn.shortpixel.ai\/spio\/ret_img,q_cdnize,to_auto,s_webp:avif\/poesiaerestu.com\/revista\/wp-content\/uploads\/2025\/02\/FichaAutor-scaled-1024x721.webp\" class=\"attachment-large size-large not-transparent wp-post-image\" alt=\"Thoughtful man with glasses and beard, artistic poetry theme, Revista Poes\u00eda Eres T\u00fa.\" srcset=\"https:\/\/spcdn.shortpixel.ai\/spio\/ret_img,q_cdnize,to_auto,s_webp:avif\/poesiaerestu.com\/revista\/wp-content\/uploads\/2025\/02\/FichaAutor-scaled-1024x721.webp 1024w, https:\/\/spcdn.shortpixel.ai\/spio\/ret_img,q_cdnize,to_auto,s_webp:avif\/poesiaerestu.com\/revista\/wp-content\/uploads\/2025\/02\/FichaAutor-scaled-300x211.webp 300w, https:\/\/spcdn.shortpixel.ai\/spio\/ret_img,q_cdnize,to_auto,s_webp:avif\/poesiaerestu.com\/revista\/wp-content\/uploads\/2025\/02\/FichaAutor-scaled-600x423.webp 600w, https:\/\/spcdn.shortpixel.ai\/spio\/ret_img,q_cdnize,to_auto,s_webp:avif\/poesiaerestu.com\/revista\/wp-content\/uploads\/2025\/02\/FichaAutor-scaled-768x541.webp 768w, https:\/\/spcdn.shortpixel.ai\/spio\/ret_img,q_cdnize,to_auto,s_webp:avif\/poesiaerestu.com\/revista\/wp-content\/uploads\/2025\/02\/FichaAutor-scaled-85x60.webp 85w, https:\/\/spcdn.shortpixel.ai\/spio\/ret_img,q_cdnize,to_auto,s_webp:avif\/poesiaerestu.com\/revista\/wp-content\/uploads\/2025\/02\/FichaAutor-scaled.webp 1454w\" sizes=\"auto, (max-width: 1024px) 100vw, 1024px\" data-has-transparency=\"false\" data-dominant-color=\"dfd6cc\" style=\"--dominant-color: #dfd6cc;\" \/><\/a><\/div><div class=\"w-vwrapper usg_vwrapper_1 align_left valign_top\"><h2 class=\"w-post-elm post_title usg_post_title_1 entry-title color_link_inherit\"><a href=\"https:\/\/poesiaerestu.com\/revista\/entrevista-a-martin-lorenzo-paredes-aparicio-con-motivo-de-la-publicacion-de-cuentos-para-un-destierro-digno\/\">Entrevista a Mart\u00edn Lorenzo Paredes Aparicio. Con motivo de la publicaci\u00f3n de Cuentos para un destierro digno<\/a><\/h2><div class=\"w-hwrapper usg_hwrapper_1 align_left valign_top wrap\"><time class=\"w-post-elm post_date usg_post_date_1 entry-date published\" datetime=\"2026-02-12T18:46:01+01:00\"><i class=\"far fa-clock\"><\/i>12 12Europe\/Madrid February 12Europe\/Madrid 2026<\/time><\/div><\/div>\t\t<\/div>\r\n\t\t\t<\/article>\r\n\t<article class=\"w-grid-item size_1x1 post-10090 post type-post status-publish format-standard has-post-thumbnail hentry category-entrevistas\" data-id=\"10090\">\r\n\t\t<div class=\"w-grid-item-h\">\r\n\t\t\t\t\t\t<div class=\"w-post-elm post_image usg_post_image_1 stretched\"><a href=\"https:\/\/poesiaerestu.com\/revista\/entrevista-a-miguel-torres-morales-con-motivo-de-la-publicacion-de-asi-hablo-arquipoeta\/\" aria-label=\"Entrevista a Miguel Torres Morales con motivo de la publicaci\u00f3n de &#8220;As\u00ed habl\u00f3 Arquipoeta&#8221;\"><img loading=\"lazy\" decoding=\"async\" width=\"1024\" height=\"716\" src=\"https:\/\/spcdn.shortpixel.ai\/spio\/ret_img,q_cdnize,to_auto,s_webp:avif\/poesiaerestu.com\/revista\/wp-content\/uploads\/2026\/01\/FichaAutor2-2-scaled-1024x716.webp\" class=\"attachment-large size-large has-transparency wp-post-image\" alt=\"\" srcset=\"https:\/\/spcdn.shortpixel.ai\/spio\/ret_img,q_cdnize,to_auto,s_webp:avif\/poesiaerestu.com\/revista\/wp-content\/uploads\/2026\/01\/FichaAutor2-2-scaled-1024x716.webp 1024w, https:\/\/spcdn.shortpixel.ai\/spio\/ret_img,q_cdnize,to_auto,s_webp:avif\/poesiaerestu.com\/revista\/wp-content\/uploads\/2026\/01\/FichaAutor2-2-scaled-300x210.webp 300w, https:\/\/spcdn.shortpixel.ai\/spio\/ret_img,q_cdnize,to_auto,s_webp:avif\/poesiaerestu.com\/revista\/wp-content\/uploads\/2026\/01\/FichaAutor2-2-scaled-600x420.webp 600w, https:\/\/spcdn.shortpixel.ai\/spio\/ret_img,q_cdnize,to_auto,s_webp:avif\/poesiaerestu.com\/revista\/wp-content\/uploads\/2026\/01\/FichaAutor2-2-scaled-768x537.webp 768w, https:\/\/spcdn.shortpixel.ai\/spio\/ret_img,q_cdnize,to_auto,s_webp:avif\/poesiaerestu.com\/revista\/wp-content\/uploads\/2026\/01\/FichaAutor2-2-scaled-86x60.webp 86w, https:\/\/spcdn.shortpixel.ai\/spio\/ret_img,q_cdnize,to_auto,s_webp:avif\/poesiaerestu.com\/revista\/wp-content\/uploads\/2026\/01\/FichaAutor2-2-scaled.webp 1464w\" sizes=\"auto, (max-width: 1024px) 100vw, 1024px\" data-has-transparency=\"true\" data-dominant-color=\"f5f0ee\" style=\"--dominant-color: #f5f0ee;\" \/><\/a><\/div><div class=\"w-vwrapper usg_vwrapper_1 align_left valign_top\"><h2 class=\"w-post-elm post_title usg_post_title_1 entry-title color_link_inherit\"><a href=\"https:\/\/poesiaerestu.com\/revista\/entrevista-a-miguel-torres-morales-con-motivo-de-la-publicacion-de-asi-hablo-arquipoeta\/\">Entrevista a Miguel Torres Morales con motivo de la publicaci\u00f3n de &#8220;As\u00ed habl\u00f3 Arquipoeta&#8221;<\/a><\/h2><div class=\"w-hwrapper usg_hwrapper_1 align_left valign_top wrap\"><time class=\"w-post-elm post_date usg_post_date_1 entry-date published\" datetime=\"2026-01-15T10:54:17+01:00\"><i class=\"far fa-clock\"><\/i>15 15Europe\/Madrid January 15Europe\/Madrid 2026<\/time><\/div><\/div>\t\t<\/div>\r\n\t\t\t<\/article>\r\n<\/div>\t<div class=\"w-grid-preloader\">\r\n\t\t<div class=\"g-preloader type_1\">\r\n\t\t\t<div><\/div>\r\n\t\t<\/div>\r\n\t<\/div>\r\n\t\t\t\t<div class=\"g-loadmore  width_full\">\r\n\t\t\t\t<div class=\"g-preloader type_1\">\r\n\t\t\t\t\t<div><\/div>\r\n\t\t\t\t<\/div>\r\n\t\t\t\t<button class=\"w-btn us-btn-style_3\" style=\"font-size:1.2rem;\">\r\n\t\t\t\t\t<span class=\"w-btn-label\">Leer m\u00e1s<\/span>\r\n\t\t\t\t<\/button>\r\n\t\t\t<\/div>\r\n\t\t\t\t<div class=\"w-grid-json hidden\" onclick='return {&quot;action&quot;:&quot;us_ajax_grid&quot;,&quot;infinite_scroll&quot;:0,&quot;max_num_pages&quot;:22,&quot;pagination&quot;:&quot;ajax&quot;,&quot;template_vars&quot;:{&quot;columns&quot;:&quot;2&quot;,&quot;exclude_items&quot;:&quot;none&quot;,&quot;img_size&quot;:&quot;default&quot;,&quot;ignore_items_size&quot;:0,&quot;items_layout&quot;:&quot;7200&quot;,&quot;items_offset&quot;:&quot;1&quot;,&quot;load_animation&quot;:&quot;none&quot;,&quot;overriding_link&quot;:&quot;{\\&quot;url\\&quot;:\\&quot;\\&quot;}&quot;,&quot;post_id&quot;:0,&quot;query_args&quot;:{&quot;post_type&quot;:[&quot;post&quot;],&quot;tax_query&quot;:[{&quot;taxonomy&quot;:&quot;category&quot;,&quot;field&quot;:&quot;slug&quot;,&quot;terms&quot;:[&quot;entrevistas&quot;]}],&quot;post_status&quot;:[&quot;publish&quot;],&quot;posts_per_page&quot;:&quot;12&quot;},&quot;orderby_query_args&quot;:{&quot;orderby&quot;:{&quot;date&quot;:&quot;DESC&quot;}},&quot;type&quot;:&quot;masonry&quot;,&quot;us_grid_post_type&quot;:&quot;post&quot;,&quot;us_grid_ajax_index&quot;:3,&quot;us_grid_filter_query_string&quot;:null,&quot;us_grid_index&quot;:3,&quot;page_args&quot;:[]}}'><\/div>\r\n\t<\/div><\/div><\/div><\/div><div class=\"vc_col-sm-6 wpb_column vc_column_container\"><div class=\"vc_column-inner\"><div class=\"wpb_wrapper\"><div class=\"wpb_text_column us_custom_0fd94341\"><div class=\"wpb_wrapper\"><h1><strong>Eventos<\/strong><\/h1>\n<\/div><\/div><div class=\"w-separator size_medium\"><\/div><div class=\"w-grid us_grid type_masonry layout_7200 cols_2 pagination_ajax overflow_hidden preload_style_spinner with_isotope\" id=\"us_grid_4\" style=\"--columns:2;--gap:5px;\" data-filterable=\"true\"><style>@media (max-width:600px){#us_grid_4{--columns:1!important}}<\/style><div class=\"w-grid-list\">\t<article class=\"w-grid-item size_1x1 post-10267 post type-post status-publish format-standard has-post-thumbnail hentry category-eventos\" data-id=\"10267\">\r\n\t\t<div class=\"w-grid-item-h\">\r\n\t\t\t\t\t\t<div class=\"w-post-elm post_image usg_post_image_1 stretched\"><a href=\"https:\/\/poesiaerestu.com\/revista\/maria-navas-presenta-su-poemario-poemas-en-el-bolso-madrid-19-de-febrero\/\" aria-label=\"Mar\u00eda Navas presenta su poemario \u2018Poemas en el bolso\u2019. Madrid, 19 de febrero\"><img loading=\"lazy\" decoding=\"async\" width=\"1024\" height=\"728\" src=\"https:\/\/spcdn.shortpixel.ai\/spio\/ret_img,q_cdnize,to_auto,s_webp:avif\/poesiaerestu.com\/revista\/wp-content\/uploads\/2026\/02\/WhatsApp-Image-2026-01-23-at-12.34.46-1024x728.webp\" class=\"attachment-large size-large not-transparent wp-post-image\" alt=\"Poemas en el bolso, presentaci\u00f3n del poemario de Mar\u00eda Navas en Madrid, 19 de febrero, en El Corte I.\" srcset=\"https:\/\/spcdn.shortpixel.ai\/spio\/ret_img,q_cdnize,to_auto,s_webp:avif\/poesiaerestu.com\/revista\/wp-content\/uploads\/2026\/02\/WhatsApp-Image-2026-01-23-at-12.34.46-1024x728.webp 1024w, https:\/\/spcdn.shortpixel.ai\/spio\/ret_img,q_cdnize,to_auto,s_webp:avif\/poesiaerestu.com\/revista\/wp-content\/uploads\/2026\/02\/WhatsApp-Image-2026-01-23-at-12.34.46-300x213.webp 300w, https:\/\/spcdn.shortpixel.ai\/spio\/ret_img,q_cdnize,to_auto,s_webp:avif\/poesiaerestu.com\/revista\/wp-content\/uploads\/2026\/02\/WhatsApp-Image-2026-01-23-at-12.34.46-600x426.webp 600w, https:\/\/spcdn.shortpixel.ai\/spio\/ret_img,q_cdnize,to_auto,s_webp:avif\/poesiaerestu.com\/revista\/wp-content\/uploads\/2026\/02\/WhatsApp-Image-2026-01-23-at-12.34.46-768x546.webp 768w, https:\/\/spcdn.shortpixel.ai\/spio\/ret_img,q_cdnize,to_auto,s_webp:avif\/poesiaerestu.com\/revista\/wp-content\/uploads\/2026\/02\/WhatsApp-Image-2026-01-23-at-12.34.46-84x60.webp 84w, https:\/\/spcdn.shortpixel.ai\/spio\/ret_img,q_cdnize,to_auto,s_webp:avif\/poesiaerestu.com\/revista\/wp-content\/uploads\/2026\/02\/WhatsApp-Image-2026-01-23-at-12.34.46.webp 1179w\" sizes=\"auto, (max-width: 1024px) 100vw, 1024px\" data-has-transparency=\"false\" data-dominant-color=\"48433d\" style=\"--dominant-color: #48433d;\" \/><\/a><\/div><div class=\"w-vwrapper usg_vwrapper_1 align_left valign_top\"><h2 class=\"w-post-elm post_title usg_post_title_1 entry-title color_link_inherit\"><a href=\"https:\/\/poesiaerestu.com\/revista\/maria-navas-presenta-su-poemario-poemas-en-el-bolso-madrid-19-de-febrero\/\">Mar\u00eda Navas presenta su poemario \u2018Poemas en el bolso\u2019. Madrid, 19 de febrero<\/a><\/h2><div class=\"w-hwrapper usg_hwrapper_1 align_left valign_top wrap\"><time class=\"w-post-elm post_date usg_post_date_1 entry-date published\" datetime=\"2026-02-15T12:10:47+01:00\"><i class=\"far fa-clock\"><\/i>15 15Europe\/Madrid February 15Europe\/Madrid 2026<\/time><\/div><\/div>\t\t<\/div>\r\n\t\t\t<\/article>\r\n\t<article class=\"w-grid-item size_1x1 post-10155 post type-post status-publish format-standard has-post-thumbnail hentry category-eventos\" data-id=\"10155\">\r\n\t\t<div class=\"w-grid-item-h\">\r\n\t\t\t\t\t\t<div class=\"w-post-elm post_image usg_post_image_1 stretched\"><a href=\"https:\/\/poesiaerestu.com\/revista\/presentacion-de-poemas-en-el-bolso-19-de-febrero-a-las-1930-h-el-ambito-cultural-de-el-corte-ingles-de-callao\/\" aria-label=\"Presentaci\u00f3n de Poemas en el bolso. 19 de febrero, a las 19:30 h, el \u00c1mbito Cultural de El Corte Ingl\u00e9s de Callao.\"><img loading=\"lazy\" decoding=\"async\" width=\"576\" height=\"1024\" src=\"https:\/\/poesiaerestu.com\/revista\/wp-content\/uploads\/2026\/01\/MUPI-DIGITAL-1080-x-1920-576x1024.webp\" class=\"attachment-large size-large not-transparent wp-post-image\" alt=\"\" srcset=\"https:\/\/poesiaerestu.com\/revista\/wp-content\/uploads\/2026\/01\/MUPI-DIGITAL-1080-x-1920-576x1024.webp 576w, https:\/\/poesiaerestu.com\/revista\/wp-content\/uploads\/2026\/01\/MUPI-DIGITAL-1080-x-1920-169x300.webp 169w, https:\/\/poesiaerestu.com\/revista\/wp-content\/uploads\/2026\/01\/MUPI-DIGITAL-1080-x-1920-600x1067.webp 600w, https:\/\/poesiaerestu.com\/revista\/wp-content\/uploads\/2026\/01\/MUPI-DIGITAL-1080-x-1920-768x1365.webp 768w, https:\/\/poesiaerestu.com\/revista\/wp-content\/uploads\/2026\/01\/MUPI-DIGITAL-1080-x-1920-34x60.webp 34w, https:\/\/poesiaerestu.com\/revista\/wp-content\/uploads\/2026\/01\/MUPI-DIGITAL-1080-x-1920.webp 1024w\" sizes=\"auto, (max-width: 576px) 100vw, 576px\" data-has-transparency=\"false\" data-dominant-color=\"b4914e\" style=\"--dominant-color: #b4914e;\" \/><\/a><\/div><div class=\"w-vwrapper usg_vwrapper_1 align_left valign_top\"><h2 class=\"w-post-elm post_title usg_post_title_1 entry-title color_link_inherit\"><a href=\"https:\/\/poesiaerestu.com\/revista\/presentacion-de-poemas-en-el-bolso-19-de-febrero-a-las-1930-h-el-ambito-cultural-de-el-corte-ingles-de-callao\/\">Presentaci\u00f3n de Poemas en el bolso. 19 de febrero, a las 19:30 h, el \u00c1mbito Cultural de El Corte Ingl\u00e9s de Callao.<\/a><\/h2><div class=\"w-hwrapper usg_hwrapper_1 align_left valign_top wrap\"><time class=\"w-post-elm post_date usg_post_date_1 entry-date published\" datetime=\"2026-01-23T18:25:40+01:00\"><i class=\"far fa-clock\"><\/i>23 23Europe\/Madrid January 23Europe\/Madrid 2026<\/time><\/div><\/div>\t\t<\/div>\r\n\t\t\t<\/article>\r\n\t<article class=\"w-grid-item size_1x1 post-9083 post type-post status-publish format-standard has-post-thumbnail hentry category-eventos\" data-id=\"9083\">\r\n\t\t<div class=\"w-grid-item-h\">\r\n\t\t\t\t\t\t<div class=\"w-post-elm post_image usg_post_image_1 stretched\"><a href=\"https:\/\/poesiaerestu.com\/revista\/jose-molina-melgarejo-presenta-mas-que-palabras-en-el-corazon-de-madrid\/\" aria-label=\"Jos\u00e9 Molina-Melgarejo presenta &#8220;M\u00e1s que palabras&#8221; en el coraz\u00f3n de Madrid\"><img loading=\"lazy\" decoding=\"async\" width=\"1024\" height=\"1024\" src=\"https:\/\/spcdn.shortpixel.ai\/spio\/ret_img,q_cdnize,to_auto,s_webp:avif\/poesiaerestu.com\/revista\/wp-content\/uploads\/2025\/09\/Presentacion_Aleatorio-2-1024x1024.webp\" class=\"attachment-large size-large not-transparent wp-post-image\" alt=\"Thought-provoking poetry event promoting contemporary poets and performances in Madrid.\" srcset=\"https:\/\/spcdn.shortpixel.ai\/spio\/ret_img,q_cdnize,to_auto,s_webp:avif\/poesiaerestu.com\/revista\/wp-content\/uploads\/2025\/09\/Presentacion_Aleatorio-2.webp 1024w, https:\/\/spcdn.shortpixel.ai\/spio\/ret_img,q_cdnize,to_auto,s_webp:avif\/poesiaerestu.com\/revista\/wp-content\/uploads\/2025\/09\/Presentacion_Aleatorio-2-300x300.webp 300w, https:\/\/spcdn.shortpixel.ai\/spio\/ret_img,q_cdnize,to_auto,s_webp:avif\/poesiaerestu.com\/revista\/wp-content\/uploads\/2025\/09\/Presentacion_Aleatorio-2-150x150.webp 150w, https:\/\/spcdn.shortpixel.ai\/spio\/ret_img,q_cdnize,to_auto,s_webp:avif\/poesiaerestu.com\/revista\/wp-content\/uploads\/2025\/09\/Presentacion_Aleatorio-2-600x600.webp 600w, https:\/\/spcdn.shortpixel.ai\/spio\/ret_img,q_cdnize,to_auto,s_webp:avif\/poesiaerestu.com\/revista\/wp-content\/uploads\/2025\/09\/Presentacion_Aleatorio-2-768x768.webp 768w, https:\/\/spcdn.shortpixel.ai\/spio\/ret_img,q_cdnize,to_auto,s_webp:avif\/poesiaerestu.com\/revista\/wp-content\/uploads\/2025\/09\/Presentacion_Aleatorio-2-60x60.webp 60w\" sizes=\"auto, (max-width: 1024px) 100vw, 1024px\" data-has-transparency=\"false\" data-dominant-color=\"af9a99\" style=\"--dominant-color: #af9a99;\" \/><\/a><\/div><div class=\"w-vwrapper usg_vwrapper_1 align_left valign_top\"><h2 class=\"w-post-elm post_title usg_post_title_1 entry-title color_link_inherit\"><a href=\"https:\/\/poesiaerestu.com\/revista\/jose-molina-melgarejo-presenta-mas-que-palabras-en-el-corazon-de-madrid\/\">Jos\u00e9 Molina-Melgarejo presenta &#8220;M\u00e1s que palabras&#8221; en el coraz\u00f3n de Madrid<\/a><\/h2><div class=\"w-hwrapper usg_hwrapper_1 align_left valign_top wrap\"><time class=\"w-post-elm post_date usg_post_date_1 entry-date published\" datetime=\"2025-09-02T12:33:14+02:00\"><i class=\"far fa-clock\"><\/i>2 02Europe\/Madrid September 02Europe\/Madrid 2025<\/time><\/div><\/div>\t\t<\/div>\r\n\t\t\t<\/article>\r\n\t<article class=\"w-grid-item size_1x1 post-8716 post type-post status-publish format-standard has-post-thumbnail hentry category-eventos\" data-id=\"8716\">\r\n\t\t<div class=\"w-grid-item-h\">\r\n\t\t\t\t\t\t<div class=\"w-post-elm post_image usg_post_image_1 stretched\"><a href=\"https:\/\/poesiaerestu.com\/revista\/homenaje-a-manuel-alvarez-machado\/\" aria-label=\"Homenaje a Manuel \u00c1lvarez Machado\"><img loading=\"lazy\" decoding=\"async\" width=\"734\" height=\"1024\" src=\"https:\/\/poesiaerestu.com\/revista\/wp-content\/uploads\/2025\/06\/Cartelhomenaje-scaled-734x1024.webp\" class=\"attachment-large size-large wp-post-image\" alt=\"Thought-provoking poetry event poster featuring Alvaredz Machacho, Madrid poetry reading, literary event, and local culture.\" srcset=\"https:\/\/poesiaerestu.com\/revista\/wp-content\/uploads\/2025\/06\/Cartelhomenaje-scaled-734x1024.webp 734w, https:\/\/poesiaerestu.com\/revista\/wp-content\/uploads\/2025\/06\/Cartelhomenaje-scaled-215x300.webp 215w, https:\/\/poesiaerestu.com\/revista\/wp-content\/uploads\/2025\/06\/Cartelhomenaje-scaled-600x838.webp 600w, https:\/\/poesiaerestu.com\/revista\/wp-content\/uploads\/2025\/06\/Cartelhomenaje-scaled-768x1072.webp 768w, https:\/\/poesiaerestu.com\/revista\/wp-content\/uploads\/2025\/06\/Cartelhomenaje-scaled-43x60.webp 43w, https:\/\/poesiaerestu.com\/revista\/wp-content\/uploads\/2025\/06\/Cartelhomenaje-scaled.webp 1024w\" sizes=\"auto, (max-width: 734px) 100vw, 734px\" \/><\/a><\/div><div class=\"w-vwrapper usg_vwrapper_1 align_left valign_top\"><h2 class=\"w-post-elm post_title usg_post_title_1 entry-title color_link_inherit\"><a href=\"https:\/\/poesiaerestu.com\/revista\/homenaje-a-manuel-alvarez-machado\/\">Homenaje a Manuel \u00c1lvarez Machado<\/a><\/h2><div class=\"w-hwrapper usg_hwrapper_1 align_left valign_top wrap\"><time class=\"w-post-elm post_date usg_post_date_1 entry-date published\" datetime=\"2025-06-11T17:54:19+02:00\"><i class=\"far fa-clock\"><\/i>11 11Europe\/Madrid June 11Europe\/Madrid 2025<\/time><\/div><\/div>\t\t<\/div>\r\n\t\t\t<\/article>\r\n\t<article class=\"w-grid-item size_1x1 post-8697 post type-post status-publish format-standard has-post-thumbnail hentry category-eventos category-noticias\" data-id=\"8697\">\r\n\t\t<div class=\"w-grid-item-h\">\r\n\t\t\t\t\t\t<div class=\"w-post-elm post_image usg_post_image_1 stretched\"><a href=\"https:\/\/poesiaerestu.com\/revista\/mas-que-palabras-encuentro-con-la-poesia-intima-de-jose-molina-melgarejo\/\" aria-label=\"&#8220;M\u00c1S QUE PALABRAS&#8221;: ENCUENTRO CON LA POES\u00cdA \u00cdNTIMA DE JOS\u00c9 MOLINA MELGAREJO\"><img loading=\"lazy\" decoding=\"async\" width=\"725\" height=\"1024\" src=\"https:\/\/poesiaerestu.com\/revista\/wp-content\/uploads\/2025\/06\/Presentacion_Arganda-Mediano-725x1024.webp\" class=\"attachment-large size-large wp-post-image\" alt=\"Poetry event poster for &quot;M\u00e1s que palabras&quot; storytelling and poetry reading.\" srcset=\"https:\/\/poesiaerestu.com\/revista\/wp-content\/uploads\/2025\/06\/Presentacion_Arganda-Mediano-725x1024.webp 725w, https:\/\/poesiaerestu.com\/revista\/wp-content\/uploads\/2025\/06\/Presentacion_Arganda-Mediano-213x300.webp 213w, https:\/\/poesiaerestu.com\/revista\/wp-content\/uploads\/2025\/06\/Presentacion_Arganda-Mediano-600x847.webp 600w, https:\/\/poesiaerestu.com\/revista\/wp-content\/uploads\/2025\/06\/Presentacion_Arganda-Mediano-43x60.webp 43w, https:\/\/poesiaerestu.com\/revista\/wp-content\/uploads\/2025\/06\/Presentacion_Arganda-Mediano.webp 768w\" sizes=\"auto, (max-width: 725px) 100vw, 725px\" \/><\/a><\/div><div class=\"w-vwrapper usg_vwrapper_1 align_left valign_top\"><h2 class=\"w-post-elm post_title usg_post_title_1 entry-title color_link_inherit\"><a href=\"https:\/\/poesiaerestu.com\/revista\/mas-que-palabras-encuentro-con-la-poesia-intima-de-jose-molina-melgarejo\/\">&#8220;M\u00c1S QUE PALABRAS&#8221;: ENCUENTRO CON LA POES\u00cdA \u00cdNTIMA DE JOS\u00c9 MOLINA MELGAREJO<\/a><\/h2><div class=\"w-hwrapper usg_hwrapper_1 align_left valign_top wrap\"><time class=\"w-post-elm post_date usg_post_date_1 entry-date published\" datetime=\"2025-06-10T13:45:24+02:00\"><i class=\"far fa-clock\"><\/i>10 10Europe\/Madrid June 10Europe\/Madrid 2025<\/time><\/div><\/div>\t\t<\/div>\r\n\t\t\t<\/article>\r\n\t<article class=\"w-grid-item size_1x1 post-8645 post type-post status-publish format-standard has-post-thumbnail hentry category-eventos\" data-id=\"8645\">\r\n\t\t<div class=\"w-grid-item-h\">\r\n\t\t\t\t\t\t<div class=\"w-post-elm post_image usg_post_image_1 stretched\"><a href=\"https:\/\/poesiaerestu.com\/revista\/conversacion-entre-cristina-alvarez-puerto-e-inaki-ezquerra-en-la-ix-feria-del-libro-de-vallecas\/\" aria-label=\"Conversaci\u00f3n entre Cristina \u00c1lvarez Puerto e I\u00f1aki Ezquerra en la IX Feria del Libro de Vallecas\"><img loading=\"lazy\" decoding=\"async\" width=\"742\" height=\"988\" src=\"https:\/\/poesiaerestu.com\/revista\/wp-content\/uploads\/2025\/05\/497904249_10231759552284257_883283192525965003_n.jpg\" class=\"attachment-large size-large wp-post-image\" alt=\"Vibrant literary event poster promoting poetry, book fair, and author talks in Puente de Vallecas, Madrid.\" srcset=\"https:\/\/poesiaerestu.com\/revista\/wp-content\/uploads\/2025\/05\/497904249_10231759552284257_883283192525965003_n.jpg 742w, https:\/\/poesiaerestu.com\/revista\/wp-content\/uploads\/2025\/05\/497904249_10231759552284257_883283192525965003_n-225x300.jpg 225w, https:\/\/poesiaerestu.com\/revista\/wp-content\/uploads\/2025\/05\/497904249_10231759552284257_883283192525965003_n-600x799.jpg 600w, https:\/\/poesiaerestu.com\/revista\/wp-content\/uploads\/2025\/05\/497904249_10231759552284257_883283192525965003_n-45x60.jpg 45w\" sizes=\"auto, (max-width: 742px) 100vw, 742px\" \/><\/a><\/div><div class=\"w-vwrapper usg_vwrapper_1 align_left valign_top\"><h2 class=\"w-post-elm post_title usg_post_title_1 entry-title color_link_inherit\"><a href=\"https:\/\/poesiaerestu.com\/revista\/conversacion-entre-cristina-alvarez-puerto-e-inaki-ezquerra-en-la-ix-feria-del-libro-de-vallecas\/\">Conversaci\u00f3n entre Cristina \u00c1lvarez Puerto e I\u00f1aki Ezquerra en la IX Feria del Libro de Vallecas<\/a><\/h2><div class=\"w-hwrapper usg_hwrapper_1 align_left valign_top wrap\"><time class=\"w-post-elm post_date usg_post_date_1 entry-date published\" datetime=\"2025-05-29T18:38:44+02:00\"><i class=\"far fa-clock\"><\/i>29 29Europe\/Madrid May 29Europe\/Madrid 2025<\/time><\/div><\/div>\t\t<\/div>\r\n\t\t\t<\/article>\r\n<\/div>\t<div class=\"w-grid-preloader\">\r\n\t\t<div class=\"g-preloader type_1\">\r\n\t\t\t<div><\/div>\r\n\t\t<\/div>\r\n\t<\/div>\r\n\t\t\t\t<div class=\"g-loadmore  width_full\">\r\n\t\t\t\t<div class=\"g-preloader type_1\">\r\n\t\t\t\t\t<div><\/div>\r\n\t\t\t\t<\/div>\r\n\t\t\t\t<button class=\"w-btn us-btn-style_3\" style=\"font-size:1.2rem;\">\r\n\t\t\t\t\t<span class=\"w-btn-label\">Leer m\u00e1s<\/span>\r\n\t\t\t\t<\/button>\r\n\t\t\t<\/div>\r\n\t\t\t\t<div class=\"w-grid-json hidden\" onclick='return {&quot;action&quot;:&quot;us_ajax_grid&quot;,&quot;infinite_scroll&quot;:0,&quot;max_num_pages&quot;:20,&quot;pagination&quot;:&quot;ajax&quot;,&quot;template_vars&quot;:{&quot;columns&quot;:&quot;2&quot;,&quot;exclude_items&quot;:&quot;none&quot;,&quot;img_size&quot;:&quot;default&quot;,&quot;ignore_items_size&quot;:0,&quot;items_layout&quot;:&quot;7200&quot;,&quot;items_offset&quot;:&quot;1&quot;,&quot;load_animation&quot;:&quot;none&quot;,&quot;overriding_link&quot;:&quot;{\\&quot;url\\&quot;:\\&quot;\\&quot;}&quot;,&quot;post_id&quot;:0,&quot;query_args&quot;:{&quot;post_type&quot;:[&quot;post&quot;],&quot;tax_query&quot;:[{&quot;taxonomy&quot;:&quot;category&quot;,&quot;field&quot;:&quot;slug&quot;,&quot;terms&quot;:[&quot;eventos&quot;]}],&quot;post_status&quot;:[&quot;publish&quot;],&quot;posts_per_page&quot;:&quot;6&quot;},&quot;orderby_query_args&quot;:{&quot;orderby&quot;:{&quot;date&quot;:&quot;DESC&quot;}},&quot;type&quot;:&quot;masonry&quot;,&quot;us_grid_post_type&quot;:&quot;post&quot;,&quot;us_grid_ajax_index&quot;:4,&quot;us_grid_filter_query_string&quot;:null,&quot;us_grid_index&quot;:4,&quot;page_args&quot;:[]}}'><\/div>\r\n\t<\/div><\/div><\/div><\/div><\/div><\/div><\/section><section class=\"l-section wpb_row us_custom_cd2ad0f2 height_auto width_full color_alternate\"><div class=\"l-section-h i-cf\"><div class=\"g-cols vc_row via_flex valign_top type_default stacking_default\"><div class=\"vc_col-sm-6 wpb_column vc_column_container\"><div class=\"vc_column-inner\"><div class=\"wpb_wrapper\"><div class=\"wpb_text_column us_custom_0fd94341\"><div class=\"wpb_wrapper\"><h1><strong>Noticias<\/strong><\/h1>\n<\/div><\/div><div class=\"w-separator size_medium\"><\/div><div class=\"w-grid us_grid type_masonry layout_7200 cols_4 pagination_ajax overflow_hidden preload_style_spinner with_isotope\" id=\"us_grid_5\" style=\"--columns:4;--gap:5px;\" data-filterable=\"true\"><style>@media (max-width:1280px){#us_grid_5{--columns:3!important}}@media (max-width:1024px){#us_grid_5{--columns:2!important}}@media (max-width:600px){#us_grid_5{--columns:1!important}}@media (min-width:1024px){#us_grid_5 .w-post-elm.post_title{font-size:18px!important}}<\/style><div class=\"w-grid-list\">\t<article class=\"w-grid-item size_1x1 post-10473 post type-post status-publish format-standard has-post-thumbnail hentry category-noticias\" data-id=\"10473\">\r\n\t\t<div class=\"w-grid-item-h\">\r\n\t\t\t\t\t\t<div class=\"w-post-elm post_image usg_post_image_1 stretched\"><a href=\"https:\/\/poesiaerestu.com\/revista\/ediciones-rilke-presenta-la-muerte-siempre-nos-deja-con-algo-por-hacer-de-fernando-barbero-carrasco\/\" aria-label=\"Ediciones Rilke presenta La muerte siempre nos deja con algo por hacer, de Fernando Barbero Carrasco\"><img loading=\"lazy\" decoding=\"async\" width=\"1024\" height=\"1024\" src=\"https:\/\/spcdn.shortpixel.ai\/spio\/ret_img,q_cdnize,to_auto,s_webp:avif\/poesiaerestu.com\/revista\/wp-content\/uploads\/2026\/03\/WhatsApp-Image-2026-03-15-at-21.31.34-1024x1024.webp\" class=\"attachment-large size-large not-transparent wp-post-image\" alt=\"Presentaci\u00f3n del poemario &quot;La Muerte Siempre Nos Deja Con Algo Por Hacer&quot; de Fernando Barbero Carras.\" srcset=\"https:\/\/spcdn.shortpixel.ai\/spio\/ret_img,q_cdnize,to_auto,s_webp:avif\/poesiaerestu.com\/revista\/wp-content\/uploads\/2026\/03\/WhatsApp-Image-2026-03-15-at-21.31.34.webp 1024w, https:\/\/spcdn.shortpixel.ai\/spio\/ret_img,q_cdnize,to_auto,s_webp:avif\/poesiaerestu.com\/revista\/wp-content\/uploads\/2026\/03\/WhatsApp-Image-2026-03-15-at-21.31.34-300x300.webp 300w, https:\/\/spcdn.shortpixel.ai\/spio\/ret_img,q_cdnize,to_auto,s_webp:avif\/poesiaerestu.com\/revista\/wp-content\/uploads\/2026\/03\/WhatsApp-Image-2026-03-15-at-21.31.34-150x150.webp 150w, https:\/\/spcdn.shortpixel.ai\/spio\/ret_img,q_cdnize,to_auto,s_webp:avif\/poesiaerestu.com\/revista\/wp-content\/uploads\/2026\/03\/WhatsApp-Image-2026-03-15-at-21.31.34-600x600.webp 600w, https:\/\/spcdn.shortpixel.ai\/spio\/ret_img,q_cdnize,to_auto,s_webp:avif\/poesiaerestu.com\/revista\/wp-content\/uploads\/2026\/03\/WhatsApp-Image-2026-03-15-at-21.31.34-768x768.webp 768w, https:\/\/spcdn.shortpixel.ai\/spio\/ret_img,q_cdnize,to_auto,s_webp:avif\/poesiaerestu.com\/revista\/wp-content\/uploads\/2026\/03\/WhatsApp-Image-2026-03-15-at-21.31.34-60x60.webp 60w\" sizes=\"auto, (max-width: 1024px) 100vw, 1024px\" data-has-transparency=\"false\" data-dominant-color=\"788584\" style=\"--dominant-color: #788584;\" \/><\/a><\/div><div class=\"w-vwrapper usg_vwrapper_1 align_left valign_top\"><h2 class=\"w-post-elm post_title usg_post_title_1 entry-title color_link_inherit\"><a href=\"https:\/\/poesiaerestu.com\/revista\/ediciones-rilke-presenta-la-muerte-siempre-nos-deja-con-algo-por-hacer-de-fernando-barbero-carrasco\/\">Ediciones Rilke presenta La muerte siempre nos deja con algo por hacer, de Fernando Barbero Carrasco<\/a><\/h2><div class=\"w-hwrapper usg_hwrapper_1 align_left valign_top wrap\"><time class=\"w-post-elm post_date usg_post_date_1 entry-date published\" datetime=\"2026-03-16T08:46:14+01:00\"><i class=\"far fa-clock\"><\/i>16 16Europe\/Madrid March 16Europe\/Madrid 2026<\/time><\/div><\/div>\t\t<\/div>\r\n\t\t\t<\/article>\r\n\t<article class=\"w-grid-item size_1x1 post-10216 post type-post status-publish format-standard has-post-thumbnail hentry category-noticias\" data-id=\"10216\">\r\n\t\t<div class=\"w-grid-item-h\">\r\n\t\t\t\t\t\t<div class=\"w-post-elm post_image usg_post_image_1 stretched\"><a href=\"https:\/\/poesiaerestu.com\/revista\/poemas-en-el-bolso-de-maria-navas-en-rtve-24h-noticias\/\" aria-label=\"Poemas en el Bolso de Mar\u00eda Navas en RTVE 24H Noticias\"><img loading=\"lazy\" decoding=\"async\" width=\"1024\" height=\"683\" src=\"https:\/\/spcdn.shortpixel.ai\/spio\/ret_img,q_cdnize,to_auto,s_webp:avif\/poesiaerestu.com\/revista\/wp-content\/uploads\/2026\/02\/generated-image-4-1024x683.webp\" class=\"attachment-large size-large not-transparent wp-post-image\" alt=\"Imagen de un bolso negro con texto &quot;Poemas en el Bolso&quot; y el nombre Mar\u00eda Navas, en un fondo oscuro.\" srcset=\"https:\/\/spcdn.shortpixel.ai\/spio\/ret_img,q_cdnize,to_auto,s_webp:avif\/poesiaerestu.com\/revista\/wp-content\/uploads\/2026\/02\/generated-image-4-1024x683.webp 1024w, https:\/\/spcdn.shortpixel.ai\/spio\/ret_img,q_cdnize,to_auto,s_webp:avif\/poesiaerestu.com\/revista\/wp-content\/uploads\/2026\/02\/generated-image-4-300x200.webp 300w, https:\/\/spcdn.shortpixel.ai\/spio\/ret_img,q_cdnize,to_auto,s_webp:avif\/poesiaerestu.com\/revista\/wp-content\/uploads\/2026\/02\/generated-image-4-600x400.webp 600w, https:\/\/spcdn.shortpixel.ai\/spio\/ret_img,q_cdnize,to_auto,s_webp:avif\/poesiaerestu.com\/revista\/wp-content\/uploads\/2026\/02\/generated-image-4-768x512.webp 768w, https:\/\/spcdn.shortpixel.ai\/spio\/ret_img,q_cdnize,to_auto,s_webp:avif\/poesiaerestu.com\/revista\/wp-content\/uploads\/2026\/02\/generated-image-4-90x60.webp 90w, https:\/\/spcdn.shortpixel.ai\/spio\/ret_img,q_cdnize,to_auto,s_webp:avif\/poesiaerestu.com\/revista\/wp-content\/uploads\/2026\/02\/generated-image-4.webp 1536w\" sizes=\"auto, (max-width: 1024px) 100vw, 1024px\" data-has-transparency=\"false\" data-dominant-color=\"726c68\" style=\"--dominant-color: #726c68;\" \/><\/a><\/div><div class=\"w-vwrapper usg_vwrapper_1 align_left valign_top\"><h2 class=\"w-post-elm post_title usg_post_title_1 entry-title color_link_inherit\"><a href=\"https:\/\/poesiaerestu.com\/revista\/poemas-en-el-bolso-de-maria-navas-en-rtve-24h-noticias\/\">Poemas en el Bolso de Mar\u00eda Navas en RTVE 24H Noticias<\/a><\/h2><div class=\"w-hwrapper usg_hwrapper_1 align_left valign_top wrap\"><time class=\"w-post-elm post_date usg_post_date_1 entry-date published\" datetime=\"2026-02-04T18:38:34+01:00\"><i class=\"far fa-clock\"><\/i>4 04Europe\/Madrid February 04Europe\/Madrid 2026<\/time><\/div><\/div>\t\t<\/div>\r\n\t\t\t<\/article>\r\n\t<article class=\"w-grid-item size_1x1 post-9940 post type-post status-publish format-standard has-post-thumbnail hentry category-noticias\" data-id=\"9940\">\r\n\t\t<div class=\"w-grid-item-h\">\r\n\t\t\t\t\t\t<div class=\"w-post-elm post_image usg_post_image_1 stretched\"><a href=\"https:\/\/poesiaerestu.com\/revista\/los-libros-que-iluminaron-el-ano-seleccion-de-la-asociacion-de-editores-de-poesia-2025\/\" aria-label=\"Los Libros que Iluminaron el A\u00f1o: Selecci\u00f3n de la Asociaci\u00f3n de Editores de Poes\u00eda 2025\"><img loading=\"lazy\" decoding=\"async\" width=\"1024\" height=\"742\" src=\"https:\/\/spcdn.shortpixel.ai\/spio\/ret_img,q_cdnize,to_auto,s_webp:avif\/poesiaerestu.com\/revista\/wp-content\/uploads\/2025\/12\/LibroRecomendado2025-scaled-1024x742.webp\" class=\"attachment-large size-large has-transparency wp-post-image\" alt=\"Libros recomendados de poes\u00eda, editoriales y poes\u00eda contempor\u00e1nea en Revista Poes\u00eda eres t\u00fa.\" srcset=\"https:\/\/spcdn.shortpixel.ai\/spio\/ret_img,q_cdnize,to_auto,s_webp:avif\/poesiaerestu.com\/revista\/wp-content\/uploads\/2025\/12\/LibroRecomendado2025-scaled-1024x742.webp 1024w, https:\/\/spcdn.shortpixel.ai\/spio\/ret_img,q_cdnize,to_auto,s_webp:avif\/poesiaerestu.com\/revista\/wp-content\/uploads\/2025\/12\/LibroRecomendado2025-scaled-300x217.webp 300w, https:\/\/spcdn.shortpixel.ai\/spio\/ret_img,q_cdnize,to_auto,s_webp:avif\/poesiaerestu.com\/revista\/wp-content\/uploads\/2025\/12\/LibroRecomendado2025-scaled-600x435.webp 600w, https:\/\/spcdn.shortpixel.ai\/spio\/ret_img,q_cdnize,to_auto,s_webp:avif\/poesiaerestu.com\/revista\/wp-content\/uploads\/2025\/12\/LibroRecomendado2025-scaled-768x557.webp 768w, https:\/\/spcdn.shortpixel.ai\/spio\/ret_img,q_cdnize,to_auto,s_webp:avif\/poesiaerestu.com\/revista\/wp-content\/uploads\/2025\/12\/LibroRecomendado2025-scaled-83x60.webp 83w, https:\/\/spcdn.shortpixel.ai\/spio\/ret_img,q_cdnize,to_auto,s_webp:avif\/poesiaerestu.com\/revista\/wp-content\/uploads\/2025\/12\/LibroRecomendado2025-scaled.webp 1413w\" sizes=\"auto, (max-width: 1024px) 100vw, 1024px\" data-has-transparency=\"true\" data-dominant-color=\"716568\" style=\"--dominant-color: #716568;\" \/><\/a><\/div><div class=\"w-vwrapper usg_vwrapper_1 align_left valign_top\"><h2 class=\"w-post-elm post_title usg_post_title_1 entry-title color_link_inherit\"><a href=\"https:\/\/poesiaerestu.com\/revista\/los-libros-que-iluminaron-el-ano-seleccion-de-la-asociacion-de-editores-de-poesia-2025\/\">Los Libros que Iluminaron el A\u00f1o: Selecci\u00f3n de la Asociaci\u00f3n de Editores de Poes\u00eda 2025<\/a><\/h2><div class=\"w-hwrapper usg_hwrapper_1 align_left valign_top wrap\"><time class=\"w-post-elm post_date usg_post_date_1 entry-date published\" datetime=\"2025-12-31T12:56:06+01:00\"><i class=\"far fa-clock\"><\/i>31 31Europe\/Madrid December 31Europe\/Madrid 2025<\/time><\/div><\/div>\t\t<\/div>\r\n\t\t\t<\/article>\r\n\t<article class=\"w-grid-item size_1x1 post-9930 post type-post status-publish format-standard has-post-thumbnail hentry category-noticias\" data-id=\"9930\">\r\n\t\t<div class=\"w-grid-item-h\">\r\n\t\t\t\t\t\t<div class=\"w-post-elm post_image usg_post_image_1 stretched\"><a href=\"https:\/\/poesiaerestu.com\/revista\/la-aep-reconoce-la-excelencia-lirica-de-alberto-martin-mendez-con-su-premio-2024\/\" aria-label=\"La AEP reconoce la excelencia l\u00edrica de Alberto Mart\u00edn M\u00e9ndez con su Premio 2024\"><img loading=\"lazy\" decoding=\"async\" width=\"1024\" height=\"575\" src=\"https:\/\/spcdn.shortpixel.ai\/spio\/ret_img,q_cdnize,to_auto,s_webp:avif\/poesiaerestu.com\/revista\/wp-content\/uploads\/2025\/12\/EL-ARCO-IRIS-DE-MAS-DE-OCHO-COLORES-scaled-1024x575.webp\" class=\"attachment-large size-large not-transparent wp-post-image\" alt=\"\" srcset=\"https:\/\/spcdn.shortpixel.ai\/spio\/ret_img,q_cdnize,to_auto,s_webp:avif\/poesiaerestu.com\/revista\/wp-content\/uploads\/2025\/12\/EL-ARCO-IRIS-DE-MAS-DE-OCHO-COLORES-scaled-1024x575.webp 1024w, https:\/\/spcdn.shortpixel.ai\/spio\/ret_img,q_cdnize,to_auto,s_webp:avif\/poesiaerestu.com\/revista\/wp-content\/uploads\/2025\/12\/EL-ARCO-IRIS-DE-MAS-DE-OCHO-COLORES-scaled-300x169.webp 300w, https:\/\/spcdn.shortpixel.ai\/spio\/ret_img,q_cdnize,to_auto,s_webp:avif\/poesiaerestu.com\/revista\/wp-content\/uploads\/2025\/12\/EL-ARCO-IRIS-DE-MAS-DE-OCHO-COLORES-scaled-600x337.webp 600w, https:\/\/spcdn.shortpixel.ai\/spio\/ret_img,q_cdnize,to_auto,s_webp:avif\/poesiaerestu.com\/revista\/wp-content\/uploads\/2025\/12\/EL-ARCO-IRIS-DE-MAS-DE-OCHO-COLORES-scaled-768x431.webp 768w, https:\/\/spcdn.shortpixel.ai\/spio\/ret_img,q_cdnize,to_auto,s_webp:avif\/poesiaerestu.com\/revista\/wp-content\/uploads\/2025\/12\/EL-ARCO-IRIS-DE-MAS-DE-OCHO-COLORES-scaled-107x60.webp 107w\" sizes=\"auto, (max-width: 1024px) 100vw, 1024px\" data-has-transparency=\"false\" data-dominant-color=\"b9bbc8\" style=\"--dominant-color: #b9bbc8;\" \/><\/a><\/div><div class=\"w-vwrapper usg_vwrapper_1 align_left valign_top\"><h2 class=\"w-post-elm post_title usg_post_title_1 entry-title color_link_inherit\"><a href=\"https:\/\/poesiaerestu.com\/revista\/la-aep-reconoce-la-excelencia-lirica-de-alberto-martin-mendez-con-su-premio-2024\/\">La AEP reconoce la excelencia l\u00edrica de Alberto Mart\u00edn M\u00e9ndez con su Premio 2024<\/a><\/h2><div class=\"w-hwrapper usg_hwrapper_1 align_left valign_top wrap\"><time class=\"w-post-elm post_date usg_post_date_1 entry-date published\" datetime=\"2025-12-26T19:11:13+01:00\"><i class=\"far fa-clock\"><\/i>26 26Europe\/Madrid December 26Europe\/Madrid 2025<\/time><\/div><\/div>\t\t<\/div>\r\n\t\t\t<\/article>\r\n\t<article class=\"w-grid-item size_1x1 post-9682 post type-post status-publish format-standard has-post-thumbnail hentry category-noticias\" data-id=\"9682\">\r\n\t\t<div class=\"w-grid-item-h\">\r\n\t\t\t\t\t\t<div class=\"w-post-elm post_image usg_post_image_1 stretched\"><a href=\"https:\/\/poesiaerestu.com\/revista\/luana-bruno-ha-sido-galardonada-con-el-tercer-premio-internacional-de-poesia-sergio-camellini\/\" aria-label=\"Luana Bruno ha sido galardonada con el Tercer Premio Internacional de Poes\u00eda Sergio Camellini\"><img loading=\"lazy\" decoding=\"async\" width=\"724\" height=\"1024\" src=\"https:\/\/poesiaerestu.com\/revista\/wp-content\/uploads\/2025\/11\/poster-Premio-Camellini-724x1024-1.webp\" class=\"attachment-large size-large not-transparent wp-post-image\" alt=\"Poes\u00eda y premios internacionales en evento cultural de Sergio Camellini en Modena.\" srcset=\"https:\/\/poesiaerestu.com\/revista\/wp-content\/uploads\/2025\/11\/poster-Premio-Camellini-724x1024-1.webp 724w, https:\/\/poesiaerestu.com\/revista\/wp-content\/uploads\/2025\/11\/poster-Premio-Camellini-724x1024-1-212x300.webp 212w, https:\/\/poesiaerestu.com\/revista\/wp-content\/uploads\/2025\/11\/poster-Premio-Camellini-724x1024-1-600x849.webp 600w, https:\/\/poesiaerestu.com\/revista\/wp-content\/uploads\/2025\/11\/poster-Premio-Camellini-724x1024-1-42x60.webp 42w\" sizes=\"auto, (max-width: 724px) 100vw, 724px\" data-has-transparency=\"false\" data-dominant-color=\"bbb3a7\" style=\"--dominant-color: #bbb3a7;\" \/><\/a><\/div><div class=\"w-vwrapper usg_vwrapper_1 align_left valign_top\"><h2 class=\"w-post-elm post_title usg_post_title_1 entry-title color_link_inherit\"><a href=\"https:\/\/poesiaerestu.com\/revista\/luana-bruno-ha-sido-galardonada-con-el-tercer-premio-internacional-de-poesia-sergio-camellini\/\">Luana Bruno ha sido galardonada con el Tercer Premio Internacional de Poes\u00eda Sergio Camellini<\/a><\/h2><div class=\"w-hwrapper usg_hwrapper_1 align_left valign_top wrap\"><time class=\"w-post-elm post_date usg_post_date_1 entry-date published\" datetime=\"2025-11-18T08:25:27+01:00\"><i class=\"far fa-clock\"><\/i>18 18Europe\/Madrid November 18Europe\/Madrid 2025<\/time><\/div><\/div>\t\t<\/div>\r\n\t\t\t<\/article>\r\n\t<article class=\"w-grid-item size_1x1 post-9674 post type-post status-publish format-standard has-post-thumbnail hentry category-noticias\" data-id=\"9674\">\r\n\t\t<div class=\"w-grid-item-h\">\r\n\t\t\t\t\t\t<div class=\"w-post-elm post_image usg_post_image_1 stretched\"><a href=\"https:\/\/poesiaerestu.com\/revista\/5-poemas-de-vivir-en-tu-invierno-de-martin-lorenzo-paredes-aparicio\/\" aria-label=\"5 poemas de Vivir en tu invierno, de Mart\u00edn Lorenzo Paredes Aparicio\"><img loading=\"lazy\" decoding=\"async\" width=\"277\" height=\"102\" src=\"https:\/\/poesiaerestu.com\/revista\/wp-content\/uploads\/2025\/11\/wwwzendalibroscom.webp\" class=\"attachment-large size-large not-transparent wp-post-image\" alt=\"Verso y poes\u00eda en la revista Poes\u00eda eres t\u00fa, encuentro de autores y amantes de la literatura.\" srcset=\"https:\/\/poesiaerestu.com\/revista\/wp-content\/uploads\/2025\/11\/wwwzendalibroscom.webp 277w, https:\/\/poesiaerestu.com\/revista\/wp-content\/uploads\/2025\/11\/wwwzendalibroscom-163x60.webp 163w\" sizes=\"auto, (max-width: 277px) 100vw, 277px\" data-has-transparency=\"false\" data-dominant-color=\"cfcdcd\" style=\"--dominant-color: #cfcdcd;\" \/><\/a><\/div><div class=\"w-vwrapper usg_vwrapper_1 align_left valign_top\"><h2 class=\"w-post-elm post_title usg_post_title_1 entry-title color_link_inherit\"><a href=\"https:\/\/poesiaerestu.com\/revista\/5-poemas-de-vivir-en-tu-invierno-de-martin-lorenzo-paredes-aparicio\/\">5 poemas de Vivir en tu invierno, de Mart\u00edn Lorenzo Paredes Aparicio<\/a><\/h2><div class=\"w-hwrapper usg_hwrapper_1 align_left valign_top wrap\"><time class=\"w-post-elm post_date usg_post_date_1 entry-date published\" datetime=\"2025-11-17T09:02:24+01:00\"><i class=\"far fa-clock\"><\/i>17 17Europe\/Madrid November 17Europe\/Madrid 2025<\/time><\/div><\/div>\t\t<\/div>\r\n\t\t\t<\/article>\r\n\t<article class=\"w-grid-item size_1x1 post-9092 post type-post status-publish format-standard has-post-thumbnail hentry category-noticias\" data-id=\"9092\">\r\n\t\t<div class=\"w-grid-item-h\">\r\n\t\t\t\t\t\t<div class=\"w-post-elm post_image usg_post_image_1 stretched\"><a href=\"https:\/\/poesiaerestu.com\/revista\/jose-molina-melgarejo-escritor-del-mes-en-writeravenue\/\" aria-label=\"\u00a1Jos\u00e9 Molina Melgarejo, Escritor del Mes en WriterAvenue!\"><img loading=\"lazy\" decoding=\"async\" width=\"724\" height=\"1024\" src=\"https:\/\/poesiaerestu.com\/revista\/wp-content\/uploads\/2025\/09\/Revista-Escritor-del-mes-agosto-4_Pagina_01-scaled-724x1024.webp\" class=\"attachment-large size-large not-transparent wp-post-image\" alt=\"1. Celebrated poet featured in Poes\u00eda eres t\u00fa magazine August 2025.\" srcset=\"https:\/\/poesiaerestu.com\/revista\/wp-content\/uploads\/2025\/09\/Revista-Escritor-del-mes-agosto-4_Pagina_01-scaled-724x1024.webp 724w, https:\/\/poesiaerestu.com\/revista\/wp-content\/uploads\/2025\/09\/Revista-Escritor-del-mes-agosto-4_Pagina_01-scaled-212x300.webp 212w, https:\/\/poesiaerestu.com\/revista\/wp-content\/uploads\/2025\/09\/Revista-Escritor-del-mes-agosto-4_Pagina_01-scaled-600x849.webp 600w, https:\/\/poesiaerestu.com\/revista\/wp-content\/uploads\/2025\/09\/Revista-Escritor-del-mes-agosto-4_Pagina_01-scaled-768x1086.webp 768w, https:\/\/poesiaerestu.com\/revista\/wp-content\/uploads\/2025\/09\/Revista-Escritor-del-mes-agosto-4_Pagina_01-scaled-42x60.webp 42w, https:\/\/poesiaerestu.com\/revista\/wp-content\/uploads\/2025\/09\/Revista-Escritor-del-mes-agosto-4_Pagina_01-scaled.webp 1024w\" sizes=\"auto, (max-width: 724px) 100vw, 724px\" data-has-transparency=\"false\" data-dominant-color=\"a7b7c0\" style=\"--dominant-color: #a7b7c0;\" \/><\/a><\/div><div class=\"w-vwrapper usg_vwrapper_1 align_left valign_top\"><h2 class=\"w-post-elm post_title usg_post_title_1 entry-title color_link_inherit\"><a href=\"https:\/\/poesiaerestu.com\/revista\/jose-molina-melgarejo-escritor-del-mes-en-writeravenue\/\">\u00a1Jos\u00e9 Molina Melgarejo, Escritor del Mes en WriterAvenue!<\/a><\/h2><div class=\"w-hwrapper usg_hwrapper_1 align_left valign_top wrap\"><time class=\"w-post-elm post_date usg_post_date_1 entry-date published\" datetime=\"2025-09-03T12:00:31+02:00\"><i class=\"far fa-clock\"><\/i>3 03Europe\/Madrid September 03Europe\/Madrid 2025<\/time><\/div><\/div>\t\t<\/div>\r\n\t\t\t<\/article>\r\n\t<article class=\"w-grid-item size_1x1 post-9064 post type-post status-publish format-standard has-post-thumbnail hentry category-noticias\" data-id=\"9064\">\r\n\t\t<div class=\"w-grid-item-h\">\r\n\t\t\t\t\t\t<div class=\"w-post-elm post_image usg_post_image_1 stretched\"><a href=\"https:\/\/poesiaerestu.com\/revista\/pilar-millan-astray\/\" aria-label=\"Pilar Mill\u00e1n Astray\"><img loading=\"lazy\" decoding=\"async\" width=\"761\" height=\"1024\" src=\"https:\/\/poesiaerestu.com\/revista\/wp-content\/uploads\/2025\/08\/1922-02-04_La_Esfera_Pilar_Millan_Astray_Julio_Romero_de_Torres-761x1024.webp\" class=\"attachment-large size-large not-transparent wp-post-image\" alt=\"Painterly portrait of a woman holding a book, vintage magazine cover.\" srcset=\"https:\/\/poesiaerestu.com\/revista\/wp-content\/uploads\/2025\/08\/1922-02-04_La_Esfera_Pilar_Millan_Astray_Julio_Romero_de_Torres-761x1024.webp 761w, https:\/\/poesiaerestu.com\/revista\/wp-content\/uploads\/2025\/08\/1922-02-04_La_Esfera_Pilar_Millan_Astray_Julio_Romero_de_Torres-223x300.webp 223w, https:\/\/poesiaerestu.com\/revista\/wp-content\/uploads\/2025\/08\/1922-02-04_La_Esfera_Pilar_Millan_Astray_Julio_Romero_de_Torres-600x807.webp 600w, https:\/\/poesiaerestu.com\/revista\/wp-content\/uploads\/2025\/08\/1922-02-04_La_Esfera_Pilar_Millan_Astray_Julio_Romero_de_Torres-768x1033.webp 768w, https:\/\/poesiaerestu.com\/revista\/wp-content\/uploads\/2025\/08\/1922-02-04_La_Esfera_Pilar_Millan_Astray_Julio_Romero_de_Torres-45x60.webp 45w, https:\/\/poesiaerestu.com\/revista\/wp-content\/uploads\/2025\/08\/1922-02-04_La_Esfera_Pilar_Millan_Astray_Julio_Romero_de_Torres.webp 800w\" sizes=\"auto, (max-width: 761px) 100vw, 761px\" data-has-transparency=\"false\" data-dominant-color=\"6d685d\" style=\"--dominant-color: #6d685d;\" \/><\/a><\/div><div class=\"w-vwrapper usg_vwrapper_1 align_left valign_top\"><h2 class=\"w-post-elm post_title usg_post_title_1 entry-title color_link_inherit\"><a href=\"https:\/\/poesiaerestu.com\/revista\/pilar-millan-astray\/\">Pilar Mill\u00e1n Astray<\/a><\/h2><div class=\"w-hwrapper usg_hwrapper_1 align_left valign_top wrap\"><time class=\"w-post-elm post_date usg_post_date_1 entry-date published\" datetime=\"2025-08-28T09:15:07+02:00\"><i class=\"far fa-clock\"><\/i>28 28Europe\/Madrid August 28Europe\/Madrid 2025<\/time><\/div><\/div>\t\t<\/div>\r\n\t\t\t<\/article>\r\n\t<article class=\"w-grid-item size_1x1 post-8852 post type-post status-publish format-standard has-post-thumbnail hentry category-noticias\" data-id=\"8852\">\r\n\t\t<div class=\"w-grid-item-h\">\r\n\t\t\t\t\t\t<div class=\"w-post-elm post_image usg_post_image_1 stretched\"><a href=\"https:\/\/poesiaerestu.com\/revista\/la-dimension-espiritual-en-la-poesia-espanola-contemporanea-almudena-paz-garcia-y-la-busqueda-de-lo-trascendente\/\" aria-label=\"LA DIMENSI\u00d3N ESPIRITUAL EN LA POES\u00cdA ESPA\u00d1OLA CONTEMPOR\u00c1NEA: ALMUDENA PAZ GARC\u00cdA Y LA B\u00daSQUEDA DE LO TRASCENDENTE\"><img loading=\"lazy\" decoding=\"async\" width=\"1024\" height=\"1024\" src=\"https:\/\/spcdn.shortpixel.ai\/spio\/ret_img,q_cdnize,to_auto,s_webp:avif\/poesiaerestu.com\/revista\/wp-content\/uploads\/2025\/07\/Gemini_Generated_Image_rky93xrky93xrky9-1024x1024.jpg\" class=\"attachment-large size-large wp-post-image\" alt=\"Hands reaching out across water with floating books and a woman by the sea at sunset, symbolizing poetry and creativity.\" srcset=\"https:\/\/spcdn.shortpixel.ai\/spio\/ret_img,q_cdnize,to_auto,s_webp:avif\/poesiaerestu.com\/revista\/wp-content\/uploads\/2025\/07\/Gemini_Generated_Image_rky93xrky93xrky9.jpg 1024w, https:\/\/spcdn.shortpixel.ai\/spio\/ret_img,q_cdnize,to_auto,s_webp:avif\/poesiaerestu.com\/revista\/wp-content\/uploads\/2025\/07\/Gemini_Generated_Image_rky93xrky93xrky9-150x150.jpg 150w, https:\/\/spcdn.shortpixel.ai\/spio\/ret_img,q_cdnize,to_auto,s_webp:avif\/poesiaerestu.com\/revista\/wp-content\/uploads\/2025\/07\/Gemini_Generated_Image_rky93xrky93xrky9-300x300.jpg 300w, https:\/\/spcdn.shortpixel.ai\/spio\/ret_img,q_cdnize,to_auto,s_webp:avif\/poesiaerestu.com\/revista\/wp-content\/uploads\/2025\/07\/Gemini_Generated_Image_rky93xrky93xrky9-600x600.jpg 600w, https:\/\/spcdn.shortpixel.ai\/spio\/ret_img,q_cdnize,to_auto,s_webp:avif\/poesiaerestu.com\/revista\/wp-content\/uploads\/2025\/07\/Gemini_Generated_Image_rky93xrky93xrky9-768x768.jpg 768w\" sizes=\"auto, (max-width: 1024px) 100vw, 1024px\" \/><\/a><\/div><div class=\"w-vwrapper usg_vwrapper_1 align_left valign_top\"><h2 class=\"w-post-elm post_title usg_post_title_1 entry-title color_link_inherit\"><a href=\"https:\/\/poesiaerestu.com\/revista\/la-dimension-espiritual-en-la-poesia-espanola-contemporanea-almudena-paz-garcia-y-la-busqueda-de-lo-trascendente\/\">LA DIMENSI\u00d3N ESPIRITUAL EN LA POES\u00cdA ESPA\u00d1OLA CONTEMPOR\u00c1NEA: ALMUDENA PAZ GARC\u00cdA Y LA B\u00daSQUEDA DE LO TRASCENDENTE<\/a><\/h2><div class=\"w-hwrapper usg_hwrapper_1 align_left valign_top wrap\"><time class=\"w-post-elm post_date usg_post_date_1 entry-date published\" datetime=\"2025-07-15T21:40:40+02:00\"><i class=\"far fa-clock\"><\/i>15 15Europe\/Madrid July 15Europe\/Madrid 2025<\/time><\/div><\/div>\t\t<\/div>\r\n\t\t\t<\/article>\r\n\t<article class=\"w-grid-item size_1x1 post-8834 post type-post status-publish format-standard has-post-thumbnail hentry category-noticias\" data-id=\"8834\">\r\n\t\t<div class=\"w-grid-item-h\">\r\n\t\t\t\t\t\t<div class=\"w-post-elm post_image usg_post_image_1 stretched\"><a href=\"https:\/\/poesiaerestu.com\/revista\/poesia-y-botanica-dialogo-interdisciplinario-en-la-obra-de-martinez-izquierdo\/\" aria-label=\"POES\u00cdA Y BOT\u00c1NICA: DI\u00c1LOGO INTERDISCIPLINARIO EN LA OBRA DE MART\u00cdNEZ IZQUIERDO\"><img loading=\"lazy\" decoding=\"async\" width=\"1024\" height=\"1024\" src=\"https:\/\/spcdn.shortpixel.ai\/spio\/ret_img,q_cdnize,to_auto,s_webp:avif\/poesiaerestu.com\/revista\/wp-content\/uploads\/2025\/07\/Gemini_Generated_Image_dv1pm8dv1pm8dv1p-1024x1024.webp\" class=\"attachment-large size-large wp-post-image\" alt=\"Poes\u00eda y Bot\u00e1nica\" srcset=\"https:\/\/spcdn.shortpixel.ai\/spio\/ret_img,q_cdnize,to_auto,s_webp:avif\/poesiaerestu.com\/revista\/wp-content\/uploads\/2025\/07\/Gemini_Generated_Image_dv1pm8dv1pm8dv1p.webp 1024w, https:\/\/spcdn.shortpixel.ai\/spio\/ret_img,q_cdnize,to_auto,s_webp:avif\/poesiaerestu.com\/revista\/wp-content\/uploads\/2025\/07\/Gemini_Generated_Image_dv1pm8dv1pm8dv1p-150x150.webp 150w, https:\/\/spcdn.shortpixel.ai\/spio\/ret_img,q_cdnize,to_auto,s_webp:avif\/poesiaerestu.com\/revista\/wp-content\/uploads\/2025\/07\/Gemini_Generated_Image_dv1pm8dv1pm8dv1p-300x300.webp 300w, https:\/\/spcdn.shortpixel.ai\/spio\/ret_img,q_cdnize,to_auto,s_webp:avif\/poesiaerestu.com\/revista\/wp-content\/uploads\/2025\/07\/Gemini_Generated_Image_dv1pm8dv1pm8dv1p-600x600.webp 600w, https:\/\/spcdn.shortpixel.ai\/spio\/ret_img,q_cdnize,to_auto,s_webp:avif\/poesiaerestu.com\/revista\/wp-content\/uploads\/2025\/07\/Gemini_Generated_Image_dv1pm8dv1pm8dv1p-768x768.webp 768w\" sizes=\"auto, (max-width: 1024px) 100vw, 1024px\" \/><\/a><\/div><div class=\"w-vwrapper usg_vwrapper_1 align_left valign_top\"><h2 class=\"w-post-elm post_title usg_post_title_1 entry-title color_link_inherit\"><a href=\"https:\/\/poesiaerestu.com\/revista\/poesia-y-botanica-dialogo-interdisciplinario-en-la-obra-de-martinez-izquierdo\/\">POES\u00cdA Y BOT\u00c1NICA: DI\u00c1LOGO INTERDISCIPLINARIO EN LA OBRA DE MART\u00cdNEZ IZQUIERDO<\/a><\/h2><div class=\"w-hwrapper usg_hwrapper_1 align_left valign_top wrap\"><time class=\"w-post-elm post_date usg_post_date_1 entry-date published\" datetime=\"2025-07-13T00:25:57+02:00\"><i class=\"far fa-clock\"><\/i>13 13Europe\/Madrid July 13Europe\/Madrid 2025<\/time><\/div><\/div>\t\t<\/div>\r\n\t\t\t<\/article>\r\n\t<article class=\"w-grid-item size_1x1 post-8799 post type-post status-publish format-standard has-post-thumbnail hentry category-noticias\" data-id=\"8799\">\r\n\t\t<div class=\"w-grid-item-h\">\r\n\t\t\t\t\t\t<div class=\"w-post-elm post_image usg_post_image_1 stretched\"><a href=\"https:\/\/poesiaerestu.com\/revista\/el-uso-de-la-raya-en-los-dialogos\/\" aria-label=\"El uso de la raya en los di\u00e1logos\"><img loading=\"lazy\" decoding=\"async\" width=\"1024\" height=\"1024\" src=\"https:\/\/poesiaerestu.com\/revista\/wp-content\/uploads\/2025\/07\/freepik_assistant_1751654626286.webp\" class=\"attachment-large size-large wp-post-image\" alt=\"Una m\u00e1quina de escribir con di\u00e1logo filos\u00f3fico sobre d\u00edas y despertar.\" srcset=\"https:\/\/poesiaerestu.com\/revista\/wp-content\/uploads\/2025\/07\/freepik_assistant_1751654626286.webp 1024w, https:\/\/poesiaerestu.com\/revista\/wp-content\/uploads\/2025\/07\/freepik_assistant_1751654626286-150x150.webp 150w, https:\/\/poesiaerestu.com\/revista\/wp-content\/uploads\/2025\/07\/freepik_assistant_1751654626286-300x300.webp 300w, https:\/\/poesiaerestu.com\/revista\/wp-content\/uploads\/2025\/07\/freepik_assistant_1751654626286-600x600.webp 600w, https:\/\/poesiaerestu.com\/revista\/wp-content\/uploads\/2025\/07\/freepik_assistant_1751654626286-768x768.webp 768w\" sizes=\"auto, (max-width: 1024px) 100vw, 1024px\" \/><\/a><\/div><div class=\"w-vwrapper usg_vwrapper_1 align_left valign_top\"><h2 class=\"w-post-elm post_title usg_post_title_1 entry-title color_link_inherit\"><a href=\"https:\/\/poesiaerestu.com\/revista\/el-uso-de-la-raya-en-los-dialogos\/\">El uso de la raya en los di\u00e1logos<\/a><\/h2><div class=\"w-hwrapper usg_hwrapper_1 align_left valign_top wrap\"><time class=\"w-post-elm post_date usg_post_date_1 entry-date published\" datetime=\"2025-07-04T20:52:12+02:00\"><i class=\"far fa-clock\"><\/i>4 04Europe\/Madrid July 04Europe\/Madrid 2025<\/time><\/div><\/div>\t\t<\/div>\r\n\t\t\t<\/article>\r\n\t<article class=\"w-grid-item size_1x1 post-8776 post type-post status-publish format-standard has-post-thumbnail hentry category-noticias\" data-id=\"8776\">\r\n\t\t<div class=\"w-grid-item-h\">\r\n\t\t\t\t\t\t<div class=\"w-post-elm post_image usg_post_image_1 stretched\"><a href=\"https:\/\/poesiaerestu.com\/revista\/plusesmas-com-mas-que-palabras-de-pepe-molina-poesia-que-se-sumerge-mas-alla-del-lenguaje\/\" aria-label=\"plusesmas.com &#8220;M\u00e1s que palabras, de Pepe Molina: poes\u00eda que se sumerge m\u00e1s all\u00e1 del lenguaje&#8221;\"><img loading=\"lazy\" decoding=\"async\" width=\"315\" height=\"1024\" src=\"https:\/\/poesiaerestu.com\/revista\/wp-content\/uploads\/2025\/06\/448597a5-c9d1-46d3-a2db-655e5f301022-scaled-315x1024.png\" class=\"attachment-large size-large wp-post-image\" alt=\"1. Poes\u00eda eres t\u00fa revista: an\u00e1lisis y reflexi\u00f3n sobre la poes\u00eda de Pepe Molina, en la revista Poes\u00ed\u00ada eres t\u00fa.\" srcset=\"https:\/\/poesiaerestu.com\/revista\/wp-content\/uploads\/2025\/06\/448597a5-c9d1-46d3-a2db-655e5f301022-scaled-315x1024.png 315w, https:\/\/poesiaerestu.com\/revista\/wp-content\/uploads\/2025\/06\/448597a5-c9d1-46d3-a2db-655e5f301022-scaled-92x300.png 92w, https:\/\/poesiaerestu.com\/revista\/wp-content\/uploads\/2025\/06\/448597a5-c9d1-46d3-a2db-655e5f301022-scaled-600x1952.png 600w, https:\/\/poesiaerestu.com\/revista\/wp-content\/uploads\/2025\/06\/448597a5-c9d1-46d3-a2db-655e5f301022-scaled-768x2498.png 768w, https:\/\/poesiaerestu.com\/revista\/wp-content\/uploads\/2025\/06\/448597a5-c9d1-46d3-a2db-655e5f301022-scaled-18x60.png 18w, https:\/\/poesiaerestu.com\/revista\/wp-content\/uploads\/2025\/06\/448597a5-c9d1-46d3-a2db-655e5f301022-scaled.png 787w\" sizes=\"auto, (max-width: 315px) 100vw, 315px\" \/><\/a><\/div><div class=\"w-vwrapper usg_vwrapper_1 align_left valign_top\"><h2 class=\"w-post-elm post_title usg_post_title_1 entry-title color_link_inherit\"><a href=\"https:\/\/poesiaerestu.com\/revista\/plusesmas-com-mas-que-palabras-de-pepe-molina-poesia-que-se-sumerge-mas-alla-del-lenguaje\/\">plusesmas.com &#8220;M\u00e1s que palabras, de Pepe Molina: poes\u00eda que se sumerge m\u00e1s all\u00e1 del lenguaje&#8221;<\/a><\/h2><div class=\"w-hwrapper usg_hwrapper_1 align_left valign_top wrap\"><time class=\"w-post-elm post_date usg_post_date_1 entry-date published\" datetime=\"2025-06-26T10:28:58+02:00\"><i class=\"far fa-clock\"><\/i>26 26Europe\/Madrid June 26Europe\/Madrid 2025<\/time><\/div><\/div>\t\t<\/div>\r\n\t\t\t<\/article>\r\n<\/div>\t<div class=\"w-grid-preloader\">\r\n\t\t<div class=\"g-preloader type_1\">\r\n\t\t\t<div><\/div>\r\n\t\t<\/div>\r\n\t<\/div>\r\n\t\t\t\t<div class=\"g-loadmore  width_full\">\r\n\t\t\t\t<div class=\"g-preloader type_1\">\r\n\t\t\t\t\t<div><\/div>\r\n\t\t\t\t<\/div>\r\n\t\t\t\t<button class=\"w-btn us-btn-style_3\" style=\"font-size:1.2rem;\">\r\n\t\t\t\t\t<span class=\"w-btn-label\">Leer m\u00e1s<\/span>\r\n\t\t\t\t<\/button>\r\n\t\t\t<\/div>\r\n\t\t\t\t<div class=\"w-grid-json hidden\" onclick='return {&quot;action&quot;:&quot;us_ajax_grid&quot;,&quot;infinite_scroll&quot;:0,&quot;max_num_pages&quot;:6,&quot;pagination&quot;:&quot;ajax&quot;,&quot;template_vars&quot;:{&quot;columns&quot;:&quot;4&quot;,&quot;exclude_items&quot;:&quot;none&quot;,&quot;img_size&quot;:&quot;default&quot;,&quot;ignore_items_size&quot;:0,&quot;items_layout&quot;:&quot;7200&quot;,&quot;items_offset&quot;:&quot;1&quot;,&quot;load_animation&quot;:&quot;none&quot;,&quot;overriding_link&quot;:&quot;{\\&quot;url\\&quot;:\\&quot;\\&quot;}&quot;,&quot;post_id&quot;:0,&quot;query_args&quot;:{&quot;post_type&quot;:[&quot;post&quot;],&quot;tax_query&quot;:[{&quot;taxonomy&quot;:&quot;category&quot;,&quot;field&quot;:&quot;slug&quot;,&quot;terms&quot;:[&quot;noticias&quot;]}],&quot;post_status&quot;:[&quot;publish&quot;],&quot;posts_per_page&quot;:&quot;12&quot;},&quot;orderby_query_args&quot;:{&quot;orderby&quot;:{&quot;date&quot;:&quot;DESC&quot;}},&quot;type&quot;:&quot;masonry&quot;,&quot;us_grid_post_type&quot;:&quot;post&quot;,&quot;us_grid_ajax_index&quot;:5,&quot;us_grid_filter_query_string&quot;:null,&quot;us_grid_index&quot;:5,&quot;page_args&quot;:[]}}'><\/div>\r\n\t<\/div><\/div><\/div><\/div><div class=\"vc_col-sm-6 wpb_column vc_column_container\"><div class=\"vc_column-inner\"><div class=\"wpb_wrapper\"><div class=\"wpb_text_column us_custom_0fd94341\"><div class=\"wpb_wrapper\"><h1><strong>Rese\u00f1as de libros<\/strong><\/h1>\n<\/div><\/div><div class=\"w-separator size_medium\"><\/div><div class=\"w-grid us_grid type_masonry layout_7200 cols_4 pagination_ajax overflow_hidden preload_style_spinner with_isotope\" id=\"us_grid_6\" style=\"--columns:4;--gap:5px;\" data-filterable=\"true\"><style>@media (max-width:1280px){#us_grid_6{--columns:3!important}}@media (max-width:1024px){#us_grid_6{--columns:2!important}}@media (max-width:600px){#us_grid_6{--columns:1!important}}@media (min-width:1024px){#us_grid_6 .w-post-elm.post_title{font-size:18px!important}}<\/style><div class=\"w-grid-list\">\t<article class=\"w-grid-item size_1x1 post-10616 post type-post status-publish format-standard has-post-thumbnail hentry category-resenas tag-alhama-de-murcia tag-ana-maria-olivares tag-ediciones-amaniel tag-esteban-urrea-lazaro tag-memoria-historica tag-narrativa-espanola tag-novela-de-intriga tag-resena tag-sierra-espuna tag-tuberculosis\" data-id=\"10616\">\r\n\t\t<div class=\"w-grid-item-h\">\r\n\t\t\t\t\t\t<div class=\"w-post-elm post_image usg_post_image_1 stretched\"><a href=\"https:\/\/poesiaerestu.com\/revista\/la-mujer-del-sanatorio-investigacion-como-metodo-narrativo\/\" aria-label=\"La mujer del sanatorio: Investigaci\u00f3n como m\u00e9todo narrativo.\"><img loading=\"lazy\" decoding=\"async\" width=\"559\" height=\"794\" src=\"https:\/\/poesiaerestu.com\/revista\/wp-content\/uploads\/2026\/04\/PortadaCrowdfunding_Lamujerdelsanatorio.webp\" class=\"attachment-large size-large not-transparent wp-post-image\" alt=\"\" srcset=\"https:\/\/poesiaerestu.com\/revista\/wp-content\/uploads\/2026\/04\/PortadaCrowdfunding_Lamujerdelsanatorio.webp 559w, https:\/\/poesiaerestu.com\/revista\/wp-content\/uploads\/2026\/04\/PortadaCrowdfunding_Lamujerdelsanatorio-211x300.webp 211w, https:\/\/poesiaerestu.com\/revista\/wp-content\/uploads\/2026\/04\/PortadaCrowdfunding_Lamujerdelsanatorio-42x60.webp 42w\" sizes=\"auto, (max-width: 559px) 100vw, 559px\" data-has-transparency=\"false\" data-dominant-color=\"bdbeb7\" style=\"--dominant-color: #bdbeb7;\" \/><\/a><\/div><div class=\"w-vwrapper usg_vwrapper_1 align_left valign_top\"><h2 class=\"w-post-elm post_title usg_post_title_1 entry-title color_link_inherit\"><a href=\"https:\/\/poesiaerestu.com\/revista\/la-mujer-del-sanatorio-investigacion-como-metodo-narrativo\/\">La mujer del sanatorio: Investigaci\u00f3n como m\u00e9todo narrativo.<\/a><\/h2><div class=\"w-hwrapper usg_hwrapper_1 align_left valign_top wrap\"><time class=\"w-post-elm post_date usg_post_date_1 entry-date published\" datetime=\"2026-04-14T12:24:20+02:00\"><i class=\"far fa-clock\"><\/i>14 14Europe\/Madrid April 14Europe\/Madrid 2026<\/time><\/div><\/div>\t\t<\/div>\r\n\t\t\t<\/article>\r\n\t<article class=\"w-grid-item size_1x1 post-10585 post type-post status-publish format-standard has-post-thumbnail hentry category-resenas tag-ana-maria-olivares tag-antonio-gamoneda tag-chantal-maillard tag-don-de-la-invocacion tag-ediciones-rilke tag-invocacion tag-jose-angel-valente tag-jose-corredor-matheos tag-lirica-espanola-contemporanea tag-mistica-espanola tag-poema-como-umbral tag-poesia-filosofica tag-raul-gimeno tag-resena-poetica tag-silencio\" data-id=\"10585\">\r\n\t\t<div class=\"w-grid-item-h\">\r\n\t\t\t\t\t\t<div class=\"w-post-elm post_image usg_post_image_1 stretched\"><a href=\"https:\/\/poesiaerestu.com\/revista\/don-de-la-invocacion-el-poema-como-umbral\/\" aria-label=\"DON DE LA INVOCACI\u00d3N: EL POEMA COMO UMBRAL\"><img loading=\"lazy\" decoding=\"async\" width=\"559\" height=\"794\" src=\"https:\/\/poesiaerestu.com\/revista\/wp-content\/uploads\/2026\/04\/0_Portada_Don-de-la-invocacion_editor.webp\" class=\"attachment-large size-large not-transparent wp-post-image\" alt=\"\" srcset=\"https:\/\/poesiaerestu.com\/revista\/wp-content\/uploads\/2026\/04\/0_Portada_Don-de-la-invocacion_editor.webp 559w, https:\/\/poesiaerestu.com\/revista\/wp-content\/uploads\/2026\/04\/0_Portada_Don-de-la-invocacion_editor-211x300.webp 211w, https:\/\/poesiaerestu.com\/revista\/wp-content\/uploads\/2026\/04\/0_Portada_Don-de-la-invocacion_editor-42x60.webp 42w\" sizes=\"auto, (max-width: 559px) 100vw, 559px\" data-has-transparency=\"false\" data-dominant-color=\"b5b9b9\" style=\"--dominant-color: #b5b9b9;\" \/><\/a><\/div><div class=\"w-vwrapper usg_vwrapper_1 align_left valign_top\"><h2 class=\"w-post-elm post_title usg_post_title_1 entry-title color_link_inherit\"><a href=\"https:\/\/poesiaerestu.com\/revista\/don-de-la-invocacion-el-poema-como-umbral\/\">DON DE LA INVOCACI\u00d3N: EL POEMA COMO UMBRAL<\/a><\/h2><div class=\"w-hwrapper usg_hwrapper_1 align_left valign_top wrap\"><time class=\"w-post-elm post_date usg_post_date_1 entry-date published\" datetime=\"2026-04-05T22:00:36+02:00\"><i class=\"far fa-clock\"><\/i>5 05Europe\/Madrid April 05Europe\/Madrid 2026<\/time><\/div><\/div>\t\t<\/div>\r\n\t\t\t<\/article>\r\n\t<article class=\"w-grid-item size_1x1 post-10573 post type-post status-publish format-standard has-post-thumbnail hentry category-resenas tag-ana-maria-olivares tag-bambu tag-critica-literaria tag-diaspora-puertorriquena tag-editorial-poesia-eres-tu tag-memoria-familiar tag-myrna-l-betancourt tag-poesia-contemporanea tag-poesia-en-espanol tag-poesia-latinoamericana tag-poesia-puertorriquena tag-poesia-testimonial tag-resena-poesia tag-resiliencia tag-lo-callado-a-gritos\" data-id=\"10573\">\r\n\t\t<div class=\"w-grid-item-h\">\r\n\t\t\t\t\t\t<div class=\"w-post-elm post_image usg_post_image_1 stretched\"><a href=\"https:\/\/poesiaerestu.com\/revista\/critica-literaria-de-lo-callado-a-gritos\/\" aria-label=\"Cr\u00edtica literaria de \u00a1Lo callado, a gritos!\"><img loading=\"lazy\" decoding=\"async\" width=\"559\" height=\"794\" src=\"https:\/\/poesiaerestu.com\/revista\/wp-content\/uploads\/2026\/04\/0_portada_Localladoagritos.webp\" class=\"attachment-large size-large not-transparent wp-post-image\" alt=\"\" srcset=\"https:\/\/poesiaerestu.com\/revista\/wp-content\/uploads\/2026\/04\/0_portada_Localladoagritos.webp 559w, https:\/\/poesiaerestu.com\/revista\/wp-content\/uploads\/2026\/04\/0_portada_Localladoagritos-211x300.webp 211w, https:\/\/poesiaerestu.com\/revista\/wp-content\/uploads\/2026\/04\/0_portada_Localladoagritos-42x60.webp 42w\" sizes=\"auto, (max-width: 559px) 100vw, 559px\" data-has-transparency=\"false\" data-dominant-color=\"43484c\" style=\"--dominant-color: #43484c;\" \/><\/a><\/div><div class=\"w-vwrapper usg_vwrapper_1 align_left valign_top\"><h2 class=\"w-post-elm post_title usg_post_title_1 entry-title color_link_inherit\"><a href=\"https:\/\/poesiaerestu.com\/revista\/critica-literaria-de-lo-callado-a-gritos\/\">Cr\u00edtica literaria de \u00a1Lo callado, a gritos!<\/a><\/h2><div class=\"w-hwrapper usg_hwrapper_1 align_left valign_top wrap\"><time class=\"w-post-elm post_date usg_post_date_1 entry-date published\" datetime=\"2026-04-03T12:06:47+02:00\"><i class=\"far fa-clock\"><\/i>3 03Europe\/Madrid April 03Europe\/Madrid 2026<\/time><\/div><\/div>\t\t<\/div>\r\n\t\t\t<\/article>\r\n\t<article class=\"w-grid-item size_1x1 post-10549 post type-post status-publish format-standard has-post-thumbnail hentry category-resenas tag-ana-maria-olivares tag-duelo tag-editorial-poesia-eres-tu tag-jose-c-balague-domenech tag-poemario-2026 tag-poesia-de-la-experiencia tag-poesia-espanola tag-resena-poesia tag-versos-y-aversos\" data-id=\"10549\">\r\n\t\t<div class=\"w-grid-item-h\">\r\n\t\t\t\t\t\t<div class=\"w-post-elm post_image usg_post_image_1 stretched\"><a href=\"https:\/\/poesiaerestu.com\/revista\/versos-y-aversos-cuando-la-forma-se-convierte-en-destino\/\" aria-label=\"VERSOS Y AVERSOS: CUANDO LA FORMA SE CONVIERTE EN DESTINO\"><img loading=\"lazy\" decoding=\"async\" width=\"559\" height=\"794\" src=\"https:\/\/poesiaerestu.com\/revista\/wp-content\/uploads\/2026\/03\/0_Portada_VERSOS-Y-AVERSOS.webp\" class=\"attachment-large size-large not-transparent wp-post-image\" alt=\"Portada del libro &quot;Versos y Aversos&quot; de Jos\u00e9 Carlos Balagu\u00e9 Dom\u00e9nech, con pies desnudos sobre s\u00e1bana.\" srcset=\"https:\/\/poesiaerestu.com\/revista\/wp-content\/uploads\/2026\/03\/0_Portada_VERSOS-Y-AVERSOS.webp 559w, https:\/\/poesiaerestu.com\/revista\/wp-content\/uploads\/2026\/03\/0_Portada_VERSOS-Y-AVERSOS-211x300.webp 211w, https:\/\/poesiaerestu.com\/revista\/wp-content\/uploads\/2026\/03\/0_Portada_VERSOS-Y-AVERSOS-42x60.webp 42w\" sizes=\"auto, (max-width: 559px) 100vw, 559px\" data-has-transparency=\"false\" data-dominant-color=\"191b1b\" style=\"--dominant-color: #191b1b;\" \/><\/a><\/div><div class=\"w-vwrapper usg_vwrapper_1 align_left valign_top\"><h2 class=\"w-post-elm post_title usg_post_title_1 entry-title color_link_inherit\"><a href=\"https:\/\/poesiaerestu.com\/revista\/versos-y-aversos-cuando-la-forma-se-convierte-en-destino\/\">VERSOS Y AVERSOS: CUANDO LA FORMA SE CONVIERTE EN DESTINO<\/a><\/h2><div class=\"w-hwrapper usg_hwrapper_1 align_left valign_top wrap\"><time class=\"w-post-elm post_date usg_post_date_1 entry-date published\" datetime=\"2026-03-29T12:37:43+02:00\"><i class=\"far fa-clock\"><\/i>29 29Europe\/Madrid March 29Europe\/Madrid 2026<\/time><\/div><\/div>\t\t<\/div>\r\n\t\t\t<\/article>\r\n\t<article class=\"w-grid-item size_1x1 post-10492 post type-post status-publish format-standard has-post-thumbnail hentry category-resenas\" data-id=\"10492\">\r\n\t\t<div class=\"w-grid-item-h\">\r\n\t\t\t\t\t\t<div class=\"w-post-elm post_image usg_post_image_1 stretched\"><a href=\"https:\/\/poesiaerestu.com\/revista\/critica-literaria-de-parajes-impares-de-mia-reig\/\" aria-label=\"Cr\u00edtica literaria de Parajes impares de Mia Reig\"><img loading=\"lazy\" decoding=\"async\" width=\"559\" height=\"794\" src=\"https:\/\/poesiaerestu.com\/revista\/wp-content\/uploads\/2026\/03\/0_Portada_PARAJES-IMPARES.webp\" class=\"attachment-large size-large not-transparent wp-post-image\" alt=\"Portada de la revista &quot;Poes\u00eda eres t\u00fa&quot; con paisaje surrealista y elementos naturales en tonos dorado.\" srcset=\"https:\/\/poesiaerestu.com\/revista\/wp-content\/uploads\/2026\/03\/0_Portada_PARAJES-IMPARES.webp 559w, https:\/\/poesiaerestu.com\/revista\/wp-content\/uploads\/2026\/03\/0_Portada_PARAJES-IMPARES-211x300.webp 211w, https:\/\/poesiaerestu.com\/revista\/wp-content\/uploads\/2026\/03\/0_Portada_PARAJES-IMPARES-42x60.webp 42w\" sizes=\"auto, (max-width: 559px) 100vw, 559px\" data-has-transparency=\"false\" data-dominant-color=\"7a7551\" style=\"--dominant-color: #7a7551;\" \/><\/a><\/div><div class=\"w-vwrapper usg_vwrapper_1 align_left valign_top\"><h2 class=\"w-post-elm post_title usg_post_title_1 entry-title color_link_inherit\"><a href=\"https:\/\/poesiaerestu.com\/revista\/critica-literaria-de-parajes-impares-de-mia-reig\/\">Cr\u00edtica literaria de Parajes impares de Mia Reig<\/a><\/h2><div class=\"w-hwrapper usg_hwrapper_1 align_left valign_top wrap\"><time class=\"w-post-elm post_date usg_post_date_1 entry-date published\" datetime=\"2026-03-22T13:07:22+01:00\"><i class=\"far fa-clock\"><\/i>22 22Europe\/Madrid March 22Europe\/Madrid 2026<\/time><\/div><\/div>\t\t<\/div>\r\n\t\t\t<\/article>\r\n\t<article class=\"w-grid-item size_1x1 post-10466 post type-post status-publish format-standard has-post-thumbnail hentry category-libros category-resenas\" data-id=\"10466\">\r\n\t\t<div class=\"w-grid-item-h\">\r\n\t\t\t\t\t\t<div class=\"w-post-elm post_image usg_post_image_1 stretched\"><a href=\"https:\/\/poesiaerestu.com\/revista\/critica-literaria-de-fuera-de-la-jaula-de-andres-martinez-diaz\/\" aria-label=\"Cr\u00edtica literaria de Fuera de la Jaula de Andr\u00e9s Mart\u00ednez D\u00edaz\"><img loading=\"lazy\" decoding=\"async\" width=\"559\" height=\"794\" src=\"https:\/\/poesiaerestu.com\/revista\/wp-content\/uploads\/2026\/03\/0_Portada_Fuera-de-la-Jaula_editor.webp\" class=\"attachment-large size-large not-transparent wp-post-image\" alt=\"Imagen de un hombre leyendo en una biblioteca con chimenea y libros, evocando la cr\u00edtica literaria d.\" srcset=\"https:\/\/poesiaerestu.com\/revista\/wp-content\/uploads\/2026\/03\/0_Portada_Fuera-de-la-Jaula_editor.webp 559w, https:\/\/poesiaerestu.com\/revista\/wp-content\/uploads\/2026\/03\/0_Portada_Fuera-de-la-Jaula_editor-211x300.webp 211w, https:\/\/poesiaerestu.com\/revista\/wp-content\/uploads\/2026\/03\/0_Portada_Fuera-de-la-Jaula_editor-42x60.webp 42w\" sizes=\"auto, (max-width: 559px) 100vw, 559px\" data-has-transparency=\"false\" data-dominant-color=\"3e2917\" style=\"--dominant-color: #3e2917;\" \/><\/a><\/div><div class=\"w-vwrapper usg_vwrapper_1 align_left valign_top\"><h2 class=\"w-post-elm post_title usg_post_title_1 entry-title color_link_inherit\"><a href=\"https:\/\/poesiaerestu.com\/revista\/critica-literaria-de-fuera-de-la-jaula-de-andres-martinez-diaz\/\">Cr\u00edtica literaria de Fuera de la Jaula de Andr\u00e9s Mart\u00ednez D\u00edaz<\/a><\/h2><div class=\"w-hwrapper usg_hwrapper_1 align_left valign_top wrap\"><time class=\"w-post-elm post_date usg_post_date_1 entry-date published\" datetime=\"2026-03-15T16:52:03+01:00\"><i class=\"far fa-clock\"><\/i>15 15Europe\/Madrid March 15Europe\/Madrid 2026<\/time><\/div><\/div>\t\t<\/div>\r\n\t\t\t<\/article>\r\n\t<article class=\"w-grid-item size_1x1 post-10405 post type-post status-publish format-standard has-post-thumbnail hentry category-libros category-resenas\" data-id=\"10405\">\r\n\t\t<div class=\"w-grid-item-h\">\r\n\t\t\t\t\t\t<div class=\"w-post-elm post_image usg_post_image_1 stretched\"><a href=\"https:\/\/poesiaerestu.com\/revista\/critica-a-de-la-mano-de-gloria-tributo-a-gloria-fuertes\/\" aria-label=\"Cr\u00edtica a De la mano de Gloria. Tributo a Gloria Fuertes\"><img loading=\"lazy\" decoding=\"async\" width=\"559\" height=\"794\" src=\"https:\/\/poesiaerestu.com\/revista\/wp-content\/uploads\/2026\/03\/0Portada_De-la-mano-de-Gloria.webp\" class=\"attachment-large size-large not-transparent wp-post-image\" alt=\"Imagen de portada de la revista Poes\u00eda eres t\u00fa, dedicada a Gloria Fuertes y con ilustraciones de Jua.\" srcset=\"https:\/\/poesiaerestu.com\/revista\/wp-content\/uploads\/2026\/03\/0Portada_De-la-mano-de-Gloria.webp 559w, https:\/\/poesiaerestu.com\/revista\/wp-content\/uploads\/2026\/03\/0Portada_De-la-mano-de-Gloria-211x300.webp 211w, https:\/\/poesiaerestu.com\/revista\/wp-content\/uploads\/2026\/03\/0Portada_De-la-mano-de-Gloria-42x60.webp 42w\" sizes=\"auto, (max-width: 559px) 100vw, 559px\" data-has-transparency=\"false\" data-dominant-color=\"6d8aa3\" style=\"--dominant-color: #6d8aa3;\" \/><\/a><\/div><div class=\"w-vwrapper usg_vwrapper_1 align_left valign_top\"><h2 class=\"w-post-elm post_title usg_post_title_1 entry-title color_link_inherit\"><a href=\"https:\/\/poesiaerestu.com\/revista\/critica-a-de-la-mano-de-gloria-tributo-a-gloria-fuertes\/\">Cr\u00edtica a De la mano de Gloria. Tributo a Gloria Fuertes<\/a><\/h2><div class=\"w-hwrapper usg_hwrapper_1 align_left valign_top wrap\"><time class=\"w-post-elm post_date usg_post_date_1 entry-date published\" datetime=\"2026-03-08T19:14:31+01:00\"><i class=\"far fa-clock\"><\/i>8 08Europe\/Madrid March 08Europe\/Madrid 2026<\/time><\/div><\/div>\t\t<\/div>\r\n\t\t\t<\/article>\r\n\t<article class=\"w-grid-item size_1x1 post-10366 post type-post status-publish format-standard has-post-thumbnail hentry category-libros category-resenas\" data-id=\"10366\">\r\n\t\t<div class=\"w-grid-item-h\">\r\n\t\t\t\t\t\t<div class=\"w-post-elm post_image usg_post_image_1 stretched\"><a href=\"https:\/\/poesiaerestu.com\/revista\/critica-literaria-a-la-sombra-del-sauce\/\" aria-label=\"Cr\u00edtica Literaria. A la sombra del sauce\"><img loading=\"lazy\" decoding=\"async\" width=\"559\" height=\"794\" src=\"https:\/\/poesiaerestu.com\/revista\/wp-content\/uploads\/2026\/03\/0_Portada_A-la-sombra-de-un-sauce.webp\" class=\"attachment-large size-large not-transparent wp-post-image\" alt=\"Poes\u00eda eres t\u00fa (revista) - Portada con joven en naturaleza.\" srcset=\"https:\/\/poesiaerestu.com\/revista\/wp-content\/uploads\/2026\/03\/0_Portada_A-la-sombra-de-un-sauce.webp 559w, https:\/\/poesiaerestu.com\/revista\/wp-content\/uploads\/2026\/03\/0_Portada_A-la-sombra-de-un-sauce-211x300.webp 211w, https:\/\/poesiaerestu.com\/revista\/wp-content\/uploads\/2026\/03\/0_Portada_A-la-sombra-de-un-sauce-42x60.webp 42w\" sizes=\"auto, (max-width: 559px) 100vw, 559px\" data-has-transparency=\"false\" data-dominant-color=\"56593f\" style=\"--dominant-color: #56593f;\" \/><\/a><\/div><div class=\"w-vwrapper usg_vwrapper_1 align_left valign_top\"><h2 class=\"w-post-elm post_title usg_post_title_1 entry-title color_link_inherit\"><a href=\"https:\/\/poesiaerestu.com\/revista\/critica-literaria-a-la-sombra-del-sauce\/\">Cr\u00edtica Literaria. A la sombra del sauce<\/a><\/h2><div class=\"w-hwrapper usg_hwrapper_1 align_left valign_top wrap\"><time class=\"w-post-elm post_date usg_post_date_1 entry-date published\" datetime=\"2026-03-01T19:15:34+01:00\"><i class=\"far fa-clock\"><\/i>1 01Europe\/Madrid March 01Europe\/Madrid 2026<\/time><\/div><\/div>\t\t<\/div>\r\n\t\t\t<\/article>\r\n\t<article class=\"w-grid-item size_1x1 post-10353 post type-post status-publish format-standard has-post-thumbnail hentry category-libros category-resenas\" data-id=\"10353\">\r\n\t\t<div class=\"w-grid-item-h\">\r\n\t\t\t\t\t\t<div class=\"w-post-elm post_image usg_post_image_1 stretched\"><a href=\"https:\/\/poesiaerestu.com\/revista\/critica-literaria-de-restauracion-de-la-belleza\/\" aria-label=\"Cr\u00edtica literaria de Restauraci\u00f3n de la Belleza\"><img loading=\"lazy\" decoding=\"async\" width=\"559\" height=\"794\" src=\"https:\/\/poesiaerestu.com\/revista\/wp-content\/uploads\/2026\/02\/Contraportada_Restauraciondelabelleza_Editor4.webp\" class=\"attachment-large size-large not-transparent wp-post-image\" alt=\"Imagen que ilustra la recuperaci\u00f3n est\u00e9tica en \u00e1reas afectadas por la destrucci\u00f3n urbana.\" srcset=\"https:\/\/poesiaerestu.com\/revista\/wp-content\/uploads\/2026\/02\/Contraportada_Restauraciondelabelleza_Editor4.webp 559w, https:\/\/poesiaerestu.com\/revista\/wp-content\/uploads\/2026\/02\/Contraportada_Restauraciondelabelleza_Editor4-211x300.webp 211w, https:\/\/poesiaerestu.com\/revista\/wp-content\/uploads\/2026\/02\/Contraportada_Restauraciondelabelleza_Editor4-42x60.webp 42w\" sizes=\"auto, (max-width: 559px) 100vw, 559px\" data-has-transparency=\"false\" data-dominant-color=\"6d6d67\" style=\"--dominant-color: #6d6d67;\" \/><\/a><\/div><div class=\"w-vwrapper usg_vwrapper_1 align_left valign_top\"><h2 class=\"w-post-elm post_title usg_post_title_1 entry-title color_link_inherit\"><a href=\"https:\/\/poesiaerestu.com\/revista\/critica-literaria-de-restauracion-de-la-belleza\/\">Cr\u00edtica literaria de Restauraci\u00f3n de la Belleza<\/a><\/h2><div class=\"w-hwrapper usg_hwrapper_1 align_left valign_top wrap\"><time class=\"w-post-elm post_date usg_post_date_1 entry-date published\" datetime=\"2026-02-28T07:44:58+01:00\"><i class=\"far fa-clock\"><\/i>28 28Europe\/Madrid February 28Europe\/Madrid 2026<\/time><\/div><\/div>\t\t<\/div>\r\n\t\t\t<\/article>\r\n\t<article class=\"w-grid-item size_1x1 post-10331 post type-post status-publish format-standard has-post-thumbnail hentry category-resenas\" data-id=\"10331\">\r\n\t\t<div class=\"w-grid-item-h\">\r\n\t\t\t\t\t\t<div class=\"w-post-elm post_image usg_post_image_1 stretched\"><a href=\"https:\/\/poesiaerestu.com\/revista\/critica-literaria-de-tempestades-de-j-carlos-mellado-fernandez\/\" aria-label=\"Cr\u00edtica literaria de Tempestades de J. Carlos Mellado Fern\u00e1ndez\"><img loading=\"lazy\" decoding=\"async\" width=\"559\" height=\"794\" src=\"https:\/\/poesiaerestu.com\/revista\/wp-content\/uploads\/2026\/02\/0_portada_Tempestades.webp\" class=\"attachment-large size-large not-transparent wp-post-image\" alt=\"Tempestades, libro de J. Carlos Mellado Fern\u00e1ndez con tormentas y rel\u00e1mpagos en el mar.\" srcset=\"https:\/\/poesiaerestu.com\/revista\/wp-content\/uploads\/2026\/02\/0_portada_Tempestades.webp 559w, https:\/\/poesiaerestu.com\/revista\/wp-content\/uploads\/2026\/02\/0_portada_Tempestades-211x300.webp 211w, https:\/\/poesiaerestu.com\/revista\/wp-content\/uploads\/2026\/02\/0_portada_Tempestades-42x60.webp 42w\" sizes=\"auto, (max-width: 559px) 100vw, 559px\" data-has-transparency=\"false\" data-dominant-color=\"7a675a\" style=\"--dominant-color: #7a675a;\" \/><\/a><\/div><div class=\"w-vwrapper usg_vwrapper_1 align_left valign_top\"><h2 class=\"w-post-elm post_title usg_post_title_1 entry-title color_link_inherit\"><a href=\"https:\/\/poesiaerestu.com\/revista\/critica-literaria-de-tempestades-de-j-carlos-mellado-fernandez\/\">Cr\u00edtica literaria de Tempestades de J. Carlos Mellado Fern\u00e1ndez<\/a><\/h2><div class=\"w-hwrapper usg_hwrapper_1 align_left valign_top wrap\"><time class=\"w-post-elm post_date usg_post_date_1 entry-date published\" datetime=\"2026-02-25T09:15:11+01:00\"><i class=\"far fa-clock\"><\/i>25 25Europe\/Madrid February 25Europe\/Madrid 2026<\/time><\/div><\/div>\t\t<\/div>\r\n\t\t\t<\/article>\r\n\t<article class=\"w-grid-item size_1x1 post-10311 post type-post status-publish format-standard has-post-thumbnail hentry category-resenas\" data-id=\"10311\">\r\n\t\t<div class=\"w-grid-item-h\">\r\n\t\t\t\t\t\t<div class=\"w-post-elm post_image usg_post_image_1 stretched\"><a href=\"https:\/\/poesiaerestu.com\/revista\/critica-literaria-de-la-muerte-siempre-nos-deja-con-algo-por-hacer\/\" aria-label=\"Cr\u00edtica literaria de La muerte siempre nos deja con algo por hacer\"><img loading=\"lazy\" decoding=\"async\" width=\"559\" height=\"794\" src=\"https:\/\/poesiaerestu.com\/revista\/wp-content\/uploads\/2026\/02\/0_Portada_La-muerte-siempre-nos-deja-algo-por-hacer.webp\" class=\"attachment-large size-large not-transparent wp-post-image\" alt=\"Imagen de una ventana con escritorio y libros, reflejando temas de muerte y vida en la poes\u00eda.\" srcset=\"https:\/\/poesiaerestu.com\/revista\/wp-content\/uploads\/2026\/02\/0_Portada_La-muerte-siempre-nos-deja-algo-por-hacer.webp 559w, https:\/\/poesiaerestu.com\/revista\/wp-content\/uploads\/2026\/02\/0_Portada_La-muerte-siempre-nos-deja-algo-por-hacer-211x300.webp 211w, https:\/\/poesiaerestu.com\/revista\/wp-content\/uploads\/2026\/02\/0_Portada_La-muerte-siempre-nos-deja-algo-por-hacer-42x60.webp 42w\" sizes=\"auto, (max-width: 559px) 100vw, 559px\" data-has-transparency=\"false\" data-dominant-color=\"454545\" style=\"--dominant-color: #454545;\" \/><\/a><\/div><div class=\"w-vwrapper usg_vwrapper_1 align_left valign_top\"><h2 class=\"w-post-elm post_title usg_post_title_1 entry-title color_link_inherit\"><a href=\"https:\/\/poesiaerestu.com\/revista\/critica-literaria-de-la-muerte-siempre-nos-deja-con-algo-por-hacer\/\">Cr\u00edtica literaria de La muerte siempre nos deja con algo por hacer<\/a><\/h2><div class=\"w-hwrapper usg_hwrapper_1 align_left valign_top wrap\"><time class=\"w-post-elm post_date usg_post_date_1 entry-date published\" datetime=\"2026-02-22T11:58:17+01:00\"><i class=\"far fa-clock\"><\/i>22 22Europe\/Madrid February 22Europe\/Madrid 2026<\/time><\/div><\/div>\t\t<\/div>\r\n\t\t\t<\/article>\r\n\t<article class=\"w-grid-item size_1x1 post-10293 post type-post status-publish format-standard has-post-thumbnail hentry category-resenas\" data-id=\"10293\">\r\n\t\t<div class=\"w-grid-item-h\">\r\n\t\t\t\t\t\t<div class=\"w-post-elm post_image usg_post_image_1 stretched\"><a href=\"https:\/\/poesiaerestu.com\/revista\/critica-literaria-moneda-del-sentir\/\" aria-label=\"Cr\u00edtica literaria. Moneda del sentir\"><img loading=\"lazy\" decoding=\"async\" width=\"559\" height=\"794\" src=\"https:\/\/poesiaerestu.com\/revista\/wp-content\/uploads\/2026\/02\/0_Portada_Moneda-de-sentir.webp\" class=\"attachment-large size-large not-transparent wp-post-image\" alt=\"Portada del libro &quot;Moneda del Sentir&quot; de C\u00e9sar Tom\u00e9 con una rosa en una moneda dorada.\" srcset=\"https:\/\/poesiaerestu.com\/revista\/wp-content\/uploads\/2026\/02\/0_Portada_Moneda-de-sentir.webp 559w, https:\/\/poesiaerestu.com\/revista\/wp-content\/uploads\/2026\/02\/0_Portada_Moneda-de-sentir-211x300.webp 211w, https:\/\/poesiaerestu.com\/revista\/wp-content\/uploads\/2026\/02\/0_Portada_Moneda-de-sentir-42x60.webp 42w\" sizes=\"auto, (max-width: 559px) 100vw, 559px\" data-has-transparency=\"false\" data-dominant-color=\"565a56\" style=\"--dominant-color: #565a56;\" \/><\/a><\/div><div class=\"w-vwrapper usg_vwrapper_1 align_left valign_top\"><h2 class=\"w-post-elm post_title usg_post_title_1 entry-title color_link_inherit\"><a href=\"https:\/\/poesiaerestu.com\/revista\/critica-literaria-moneda-del-sentir\/\">Cr\u00edtica literaria. Moneda del sentir<\/a><\/h2><div class=\"w-hwrapper usg_hwrapper_1 align_left valign_top wrap\"><time class=\"w-post-elm post_date usg_post_date_1 entry-date published\" datetime=\"2026-02-20T19:13:24+01:00\"><i class=\"far fa-clock\"><\/i>20 20Europe\/Madrid February 20Europe\/Madrid 2026<\/time><\/div><\/div>\t\t<\/div>\r\n\t\t\t<\/article>\r\n<\/div>\t<div class=\"w-grid-preloader\">\r\n\t\t<div class=\"g-preloader type_1\">\r\n\t\t\t<div><\/div>\r\n\t\t<\/div>\r\n\t<\/div>\r\n\t\t\t\t<div class=\"g-loadmore  width_full\">\r\n\t\t\t\t<div class=\"g-preloader type_1\">\r\n\t\t\t\t\t<div><\/div>\r\n\t\t\t\t<\/div>\r\n\t\t\t\t<button class=\"w-btn us-btn-style_3\" style=\"font-size:1.2rem;\">\r\n\t\t\t\t\t<span class=\"w-btn-label\">Leer m\u00e1s<\/span>\r\n\t\t\t\t<\/button>\r\n\t\t\t<\/div>\r\n\t\t\t\t<div class=\"w-grid-json hidden\" onclick='return {&quot;action&quot;:&quot;us_ajax_grid&quot;,&quot;infinite_scroll&quot;:0,&quot;max_num_pages&quot;:8,&quot;pagination&quot;:&quot;ajax&quot;,&quot;template_vars&quot;:{&quot;columns&quot;:&quot;4&quot;,&quot;exclude_items&quot;:&quot;none&quot;,&quot;img_size&quot;:&quot;default&quot;,&quot;ignore_items_size&quot;:0,&quot;items_layout&quot;:&quot;7200&quot;,&quot;items_offset&quot;:&quot;1&quot;,&quot;load_animation&quot;:&quot;none&quot;,&quot;overriding_link&quot;:&quot;%7B%22url%22%3A%22%22%7D&quot;,&quot;post_id&quot;:0,&quot;query_args&quot;:{&quot;post_type&quot;:[&quot;post&quot;],&quot;tax_query&quot;:[{&quot;taxonomy&quot;:&quot;category&quot;,&quot;field&quot;:&quot;slug&quot;,&quot;terms&quot;:[&quot;resenas&quot;]}],&quot;post_status&quot;:[&quot;publish&quot;],&quot;posts_per_page&quot;:&quot;12&quot;},&quot;orderby_query_args&quot;:{&quot;orderby&quot;:{&quot;date&quot;:&quot;DESC&quot;}},&quot;type&quot;:&quot;masonry&quot;,&quot;us_grid_post_type&quot;:&quot;post&quot;,&quot;us_grid_ajax_index&quot;:6,&quot;us_grid_filter_query_string&quot;:null,&quot;us_grid_index&quot;:6,&quot;page_args&quot;:[]}}'><\/div>\r\n\t<\/div><\/div><\/div><\/div><\/div><\/div><\/section><section class=\"l-section wpb_row height_auto width_full color_alternate\"><div class=\"l-section-h i-cf\"><div class=\"g-cols vc_row via_flex valign_top type_boxes stacking_default\"><div class=\"vc_col-sm-12 wpb_column vc_column_container\"><div class=\"vc_column-inner\"><div class=\"wpb_wrapper\"><div class=\"wpb_text_column us_custom_0fd94341\"><div class=\"wpb_wrapper\"><h1><strong>Poes\u00eda<\/strong><\/h1>\n<\/div><\/div><div class=\"w-separator size_medium\"><\/div><div class=\"w-grid us_grid type_masonry layout_7200 cols_4 pagination_ajax overflow_hidden preload_style_spinner with_isotope\" id=\"us_grid_7\" style=\"--columns:4;--gap:5px;\" data-filterable=\"true\"><style>@media (max-width:1280px){#us_grid_7{--columns:3!important}}@media (max-width:1024px){#us_grid_7{--columns:2!important}}@media (max-width:600px){#us_grid_7{--columns:1!important}}@media (min-width:1024px){#us_grid_7 .w-post-elm.post_title{font-size:18px!important}}<\/style><div class=\"w-grid-list\">\t<article class=\"w-grid-item size_1x1 post-10581 post type-post status-publish format-standard has-post-thumbnail hentry category-poesia tag-ana-maria-olivares tag-critica-poetica tag-don-de-la-invocacion tag-duermevela tag-elegia tag-herencia-corporal tag-in-memoriam tag-invocacion tag-lazaro tag-lirica-espanola tag-memoria-y-duelo tag-padre-e-hijo tag-poema tag-poesia-espanola-contemporanea tag-raul-gimeno\" data-id=\"10581\">\r\n\t\t<div class=\"w-grid-item-h\">\r\n\t\t\t\t\t\t<div class=\"w-post-elm post_image usg_post_image_1 stretched\"><a href=\"https:\/\/poesiaerestu.com\/revista\/duermevela-raul-gimeno-don-de-la-invocacion\/\" aria-label=\"DUERMEVELA. Ra\u00fal Gimeno. Don de la invocaci\u00f3n\"><img loading=\"lazy\" decoding=\"async\" width=\"1024\" height=\"796\" src=\"https:\/\/spcdn.shortpixel.ai\/spio\/ret_img,q_cdnize,to_auto,s_webp:avif\/poesiaerestu.com\/revista\/wp-content\/uploads\/2026\/04\/PoesiaRevistaPET2-1024x796.webp\" class=\"attachment-large size-large not-transparent wp-post-image\" alt=\"\" srcset=\"https:\/\/spcdn.shortpixel.ai\/spio\/ret_img,q_cdnize,to_auto,s_webp:avif\/poesiaerestu.com\/revista\/wp-content\/uploads\/2026\/04\/PoesiaRevistaPET2-1024x796.webp 1024w, https:\/\/spcdn.shortpixel.ai\/spio\/ret_img,q_cdnize,to_auto,s_webp:avif\/poesiaerestu.com\/revista\/wp-content\/uploads\/2026\/04\/PoesiaRevistaPET2-300x233.webp 300w, https:\/\/spcdn.shortpixel.ai\/spio\/ret_img,q_cdnize,to_auto,s_webp:avif\/poesiaerestu.com\/revista\/wp-content\/uploads\/2026\/04\/PoesiaRevistaPET2-600x467.webp 600w, https:\/\/spcdn.shortpixel.ai\/spio\/ret_img,q_cdnize,to_auto,s_webp:avif\/poesiaerestu.com\/revista\/wp-content\/uploads\/2026\/04\/PoesiaRevistaPET2-768x597.webp 768w, https:\/\/spcdn.shortpixel.ai\/spio\/ret_img,q_cdnize,to_auto,s_webp:avif\/poesiaerestu.com\/revista\/wp-content\/uploads\/2026\/04\/PoesiaRevistaPET2-77x60.webp 77w\" sizes=\"auto, (max-width: 1024px) 100vw, 1024px\" data-has-transparency=\"false\" data-dominant-color=\"616a74\" style=\"--dominant-color: #616a74;\" \/><\/a><\/div><div class=\"w-vwrapper usg_vwrapper_1 align_left valign_top\"><h2 class=\"w-post-elm post_title usg_post_title_1 entry-title color_link_inherit\"><a href=\"https:\/\/poesiaerestu.com\/revista\/duermevela-raul-gimeno-don-de-la-invocacion\/\">DUERMEVELA. Ra\u00fal Gimeno. Don de la invocaci\u00f3n<\/a><\/h2><div class=\"w-hwrapper usg_hwrapper_1 align_left valign_top wrap\"><time class=\"w-post-elm post_date usg_post_date_1 entry-date published\" datetime=\"2026-04-05T21:39:15+02:00\"><i class=\"far fa-clock\"><\/i>5 05Europe\/Madrid April 05Europe\/Madrid 2026<\/time><\/div><\/div>\t\t<\/div>\r\n\t\t\t<\/article>\r\n\t<article class=\"w-grid-item size_1x1 post-10567 post type-post status-publish format-standard has-post-thumbnail hentry category-poesia tag-ana-maria-olivares tag-anafora tag-analisis-poetico tag-critica-literaria tag-descalzo tag-herencia tag-memoria-familiar tag-myrna-l-betancourt tag-poesia-contemporanea tag-poesia-en-espanol tag-poesia-latinoamericana tag-poesia-puertorriquena tag-poesia-social tag-lo-callado-a-gritos\" data-id=\"10567\">\r\n\t\t<div class=\"w-grid-item-h\">\r\n\t\t\t\t\t\t<div class=\"w-post-elm post_image usg_post_image_1 stretched\"><a href=\"https:\/\/poesiaerestu.com\/revista\/sin-zapatos-myrna-l-betancourt-lo-callado-a-gritos\/\" aria-label=\"Sin zapatos. Myrna L. Betancourt \u00a1Lo callado, a gritos!\"><img loading=\"lazy\" decoding=\"async\" width=\"1024\" height=\"1024\" src=\"https:\/\/spcdn.shortpixel.ai\/spio\/ret_img,q_cdnize,to_auto,s_webp:avif\/poesiaerestu.com\/revista\/wp-content\/uploads\/2026\/04\/PoesiaRevistaPET-1024x1024.webp\" class=\"attachment-large size-large not-transparent wp-post-image\" alt=\"Camino de tierra con huella en la tierra, vista desde abajo, al atardecer.\" srcset=\"https:\/\/spcdn.shortpixel.ai\/spio\/ret_img,q_cdnize,to_auto,s_webp:avif\/poesiaerestu.com\/revista\/wp-content\/uploads\/2026\/04\/PoesiaRevistaPET-1024x1024.webp 1024w, https:\/\/spcdn.shortpixel.ai\/spio\/ret_img,q_cdnize,to_auto,s_webp:avif\/poesiaerestu.com\/revista\/wp-content\/uploads\/2026\/04\/PoesiaRevistaPET-300x300.webp 300w, https:\/\/spcdn.shortpixel.ai\/spio\/ret_img,q_cdnize,to_auto,s_webp:avif\/poesiaerestu.com\/revista\/wp-content\/uploads\/2026\/04\/PoesiaRevistaPET-150x150.webp 150w, https:\/\/spcdn.shortpixel.ai\/spio\/ret_img,q_cdnize,to_auto,s_webp:avif\/poesiaerestu.com\/revista\/wp-content\/uploads\/2026\/04\/PoesiaRevistaPET-600x600.webp 600w, https:\/\/spcdn.shortpixel.ai\/spio\/ret_img,q_cdnize,to_auto,s_webp:avif\/poesiaerestu.com\/revista\/wp-content\/uploads\/2026\/04\/PoesiaRevistaPET-768x768.webp 768w, https:\/\/spcdn.shortpixel.ai\/spio\/ret_img,q_cdnize,to_auto,s_webp:avif\/poesiaerestu.com\/revista\/wp-content\/uploads\/2026\/04\/PoesiaRevistaPET-60x60.webp 60w, https:\/\/spcdn.shortpixel.ai\/spio\/ret_img,q_cdnize,to_auto,s_webp:avif\/poesiaerestu.com\/revista\/wp-content\/uploads\/2026\/04\/PoesiaRevistaPET.webp 2048w\" sizes=\"auto, (max-width: 1024px) 100vw, 1024px\" data-has-transparency=\"false\" data-dominant-color=\"ad8d71\" style=\"--dominant-color: #ad8d71;\" \/><\/a><\/div><div class=\"w-vwrapper usg_vwrapper_1 align_left valign_top\"><h2 class=\"w-post-elm post_title usg_post_title_1 entry-title color_link_inherit\"><a href=\"https:\/\/poesiaerestu.com\/revista\/sin-zapatos-myrna-l-betancourt-lo-callado-a-gritos\/\">Sin zapatos. Myrna L. Betancourt \u00a1Lo callado, a gritos!<\/a><\/h2><div class=\"w-hwrapper usg_hwrapper_1 align_left valign_top wrap\"><time class=\"w-post-elm post_date usg_post_date_1 entry-date published\" datetime=\"2026-04-03T12:01:05+02:00\"><i class=\"far fa-clock\"><\/i>3 03Europe\/Madrid April 03Europe\/Madrid 2026<\/time><\/div><\/div>\t\t<\/div>\r\n\t\t\t<\/article>\r\n\t<article class=\"w-grid-item size_1x1 post-10544 post type-post status-publish format-standard has-post-thumbnail hentry category-poesia\" data-id=\"10544\">\r\n\t\t<div class=\"w-grid-item-h\">\r\n\t\t\t\t\t\t<div class=\"w-post-elm post_image usg_post_image_1 stretched\"><a href=\"https:\/\/poesiaerestu.com\/revista\/el-sonido-de-una-lagrima-al-caer-de-jose-carlos-balague-domenech-del-libro-versos-y-aversos\/\" aria-label=\"El sonido de una l\u00e1grima al caer de Jos\u00e9 Carlos Balagu\u00e9 Dom\u00e9nech del libro Versos y Aversos\"><img loading=\"lazy\" decoding=\"async\" width=\"1024\" height=\"1024\" src=\"https:\/\/poesiaerestu.com\/revista\/wp-content\/uploads\/2026\/03\/Poesia-Revista-PET-2.webp\" class=\"attachment-large size-large not-transparent wp-post-image\" alt=\"L\u00e1grima con notas musicales y gotas, simbolizando la poes\u00eda y la emoci\u00f3n en la m\u00fasica.\" srcset=\"https:\/\/poesiaerestu.com\/revista\/wp-content\/uploads\/2026\/03\/Poesia-Revista-PET-2.webp 1024w, https:\/\/poesiaerestu.com\/revista\/wp-content\/uploads\/2026\/03\/Poesia-Revista-PET-2-300x300.webp 300w, https:\/\/poesiaerestu.com\/revista\/wp-content\/uploads\/2026\/03\/Poesia-Revista-PET-2-150x150.webp 150w, https:\/\/poesiaerestu.com\/revista\/wp-content\/uploads\/2026\/03\/Poesia-Revista-PET-2-600x600.webp 600w, https:\/\/poesiaerestu.com\/revista\/wp-content\/uploads\/2026\/03\/Poesia-Revista-PET-2-768x768.webp 768w, https:\/\/poesiaerestu.com\/revista\/wp-content\/uploads\/2026\/03\/Poesia-Revista-PET-2-60x60.webp 60w\" sizes=\"auto, (max-width: 1024px) 100vw, 1024px\" data-has-transparency=\"false\" data-dominant-color=\"18253e\" style=\"--dominant-color: #18253e;\" \/><\/a><\/div><div class=\"w-vwrapper usg_vwrapper_1 align_left valign_top\"><h2 class=\"w-post-elm post_title usg_post_title_1 entry-title color_link_inherit\"><a href=\"https:\/\/poesiaerestu.com\/revista\/el-sonido-de-una-lagrima-al-caer-de-jose-carlos-balague-domenech-del-libro-versos-y-aversos\/\">El sonido de una l\u00e1grima al caer de Jos\u00e9 Carlos Balagu\u00e9 Dom\u00e9nech del libro Versos y Aversos<\/a><\/h2><div class=\"w-hwrapper usg_hwrapper_1 align_left valign_top wrap\"><time class=\"w-post-elm post_date usg_post_date_1 entry-date published\" datetime=\"2026-03-29T11:44:20+02:00\"><i class=\"far fa-clock\"><\/i>29 29Europe\/Madrid March 29Europe\/Madrid 2026<\/time><\/div><\/div>\t\t<\/div>\r\n\t\t\t<\/article>\r\n\t<article class=\"w-grid-item size_1x1 post-10489 post type-post status-publish format-standard has-post-thumbnail hentry category-poesia\" data-id=\"10489\">\r\n\t\t<div class=\"w-grid-item-h\">\r\n\t\t\t\t\t\t<div class=\"w-post-elm post_image usg_post_image_1 stretched\"><a href=\"https:\/\/poesiaerestu.com\/revista\/el-dia-de-mi-muerte-sera-alquimia-de-mia-reig-parajes-impares\/\" aria-label=\"El d\u00eda de mi muerte ser\u00e1 alquimia de Mia Reig. Parajes Impares.\"><img loading=\"lazy\" decoding=\"async\" width=\"768\" height=\"768\" src=\"https:\/\/poesiaerestu.com\/revista\/wp-content\/uploads\/2026\/03\/PoesiarevistaPET-Mediana-1.webp\" class=\"attachment-large size-large not-transparent wp-post-image\" alt=\"Imagen que muestra una mano ajustando una vela en un ambiente c\u00e1lido y acogedor, rodeada de flores y.\" srcset=\"https:\/\/poesiaerestu.com\/revista\/wp-content\/uploads\/2026\/03\/PoesiarevistaPET-Mediana-1.webp 768w, https:\/\/poesiaerestu.com\/revista\/wp-content\/uploads\/2026\/03\/PoesiarevistaPET-Mediana-1-300x300.webp 300w, https:\/\/poesiaerestu.com\/revista\/wp-content\/uploads\/2026\/03\/PoesiarevistaPET-Mediana-1-150x150.webp 150w, https:\/\/poesiaerestu.com\/revista\/wp-content\/uploads\/2026\/03\/PoesiarevistaPET-Mediana-1-600x600.webp 600w, https:\/\/poesiaerestu.com\/revista\/wp-content\/uploads\/2026\/03\/PoesiarevistaPET-Mediana-1-60x60.webp 60w\" sizes=\"auto, (max-width: 768px) 100vw, 768px\" data-has-transparency=\"false\" data-dominant-color=\"968c7b\" style=\"--dominant-color: #968c7b;\" \/><\/a><\/div><div class=\"w-vwrapper usg_vwrapper_1 align_left valign_top\"><h2 class=\"w-post-elm post_title usg_post_title_1 entry-title color_link_inherit\"><a href=\"https:\/\/poesiaerestu.com\/revista\/el-dia-de-mi-muerte-sera-alquimia-de-mia-reig-parajes-impares\/\">El d\u00eda de mi muerte ser\u00e1 alquimia de Mia Reig. Parajes Impares.<\/a><\/h2><div class=\"w-hwrapper usg_hwrapper_1 align_left valign_top wrap\"><time class=\"w-post-elm post_date usg_post_date_1 entry-date published\" datetime=\"2026-03-22T12:44:54+01:00\"><i class=\"far fa-clock\"><\/i>22 22Europe\/Madrid March 22Europe\/Madrid 2026<\/time><\/div><\/div>\t\t<\/div>\r\n\t\t\t<\/article>\r\n\t<article class=\"w-grid-item size_1x1 post-10462 post type-post status-publish format-standard has-post-thumbnail hentry category-poesia\" data-id=\"10462\">\r\n\t\t<div class=\"w-grid-item-h\">\r\n\t\t\t\t\t\t<div class=\"w-post-elm post_image usg_post_image_1 stretched\"><a href=\"https:\/\/poesiaerestu.com\/revista\/cuarenta-y-siete-fuera-de-la-jaula-ediciones-rilke-2026\/\" aria-label=\"Cuarenta y siete. Fuera de la Jaula, Ediciones Rilke, 2026\"><img loading=\"lazy\" decoding=\"async\" width=\"768\" height=\"768\" src=\"https:\/\/poesiaerestu.com\/revista\/wp-content\/uploads\/2026\/03\/PoesiaRevistaPET-Mediana.webp\" class=\"attachment-large size-large not-transparent wp-post-image\" alt=\"Manos de ancianos entrelazadas sobre mesa con reloj y diario.\" srcset=\"https:\/\/poesiaerestu.com\/revista\/wp-content\/uploads\/2026\/03\/PoesiaRevistaPET-Mediana.webp 768w, https:\/\/poesiaerestu.com\/revista\/wp-content\/uploads\/2026\/03\/PoesiaRevistaPET-Mediana-300x300.webp 300w, https:\/\/poesiaerestu.com\/revista\/wp-content\/uploads\/2026\/03\/PoesiaRevistaPET-Mediana-150x150.webp 150w, https:\/\/poesiaerestu.com\/revista\/wp-content\/uploads\/2026\/03\/PoesiaRevistaPET-Mediana-600x600.webp 600w, https:\/\/poesiaerestu.com\/revista\/wp-content\/uploads\/2026\/03\/PoesiaRevistaPET-Mediana-60x60.webp 60w\" sizes=\"auto, (max-width: 768px) 100vw, 768px\" data-has-transparency=\"false\" data-dominant-color=\"6e5139\" style=\"--dominant-color: #6e5139;\" \/><\/a><\/div><div class=\"w-vwrapper usg_vwrapper_1 align_left valign_top\"><h2 class=\"w-post-elm post_title usg_post_title_1 entry-title color_link_inherit\"><a href=\"https:\/\/poesiaerestu.com\/revista\/cuarenta-y-siete-fuera-de-la-jaula-ediciones-rilke-2026\/\">Cuarenta y siete. Fuera de la Jaula, Ediciones Rilke, 2026<\/a><\/h2><div class=\"w-hwrapper usg_hwrapper_1 align_left valign_top wrap\"><time class=\"w-post-elm post_date usg_post_date_1 entry-date published\" datetime=\"2026-03-15T16:45:35+01:00\"><i class=\"far fa-clock\"><\/i>15 15Europe\/Madrid March 15Europe\/Madrid 2026<\/time><\/div><\/div>\t\t<\/div>\r\n\t\t\t<\/article>\r\n\t<article class=\"w-grid-item size_1x1 post-10400 post type-post status-publish format-standard has-post-thumbnail hentry category-poesia\" data-id=\"10400\">\r\n\t\t<div class=\"w-grid-item-h\">\r\n\t\t\t\t\t\t<div class=\"w-post-elm post_image usg_post_image_1 stretched\"><a href=\"https:\/\/poesiaerestu.com\/revista\/la-receta-mas-antigua-del-mundo-receta-para-ser-bueno\/\" aria-label=\"La receta m\u00e1s antigua del mundo RECETA PARA SER BUENO\"><img loading=\"lazy\" decoding=\"async\" width=\"1024\" height=\"559\" src=\"https:\/\/spcdn.shortpixel.ai\/spio\/ret_img,q_cdnize,to_auto,s_webp:avif\/poesiaerestu.com\/revista\/wp-content\/uploads\/2026\/03\/PoesiaRevista-PET-1024x559.webp\" class=\"attachment-large size-large not-transparent wp-post-image\" alt=\"Imagen de una pareja mayor cocinando con alegr\u00eda en la cocina tradicional.\" srcset=\"https:\/\/spcdn.shortpixel.ai\/spio\/ret_img,q_cdnize,to_auto,s_webp:avif\/poesiaerestu.com\/revista\/wp-content\/uploads\/2026\/03\/PoesiaRevista-PET-1024x559.webp 1024w, https:\/\/spcdn.shortpixel.ai\/spio\/ret_img,q_cdnize,to_auto,s_webp:avif\/poesiaerestu.com\/revista\/wp-content\/uploads\/2026\/03\/PoesiaRevista-PET-300x164.webp 300w, https:\/\/spcdn.shortpixel.ai\/spio\/ret_img,q_cdnize,to_auto,s_webp:avif\/poesiaerestu.com\/revista\/wp-content\/uploads\/2026\/03\/PoesiaRevista-PET-600x327.webp 600w, https:\/\/spcdn.shortpixel.ai\/spio\/ret_img,q_cdnize,to_auto,s_webp:avif\/poesiaerestu.com\/revista\/wp-content\/uploads\/2026\/03\/PoesiaRevista-PET-768x419.webp 768w, https:\/\/spcdn.shortpixel.ai\/spio\/ret_img,q_cdnize,to_auto,s_webp:avif\/poesiaerestu.com\/revista\/wp-content\/uploads\/2026\/03\/PoesiaRevista-PET-110x60.webp 110w, https:\/\/spcdn.shortpixel.ai\/spio\/ret_img,q_cdnize,to_auto,s_webp:avif\/poesiaerestu.com\/revista\/wp-content\/uploads\/2026\/03\/PoesiaRevista-PET.webp 1408w\" sizes=\"auto, (max-width: 1024px) 100vw, 1024px\" data-has-transparency=\"false\" data-dominant-color=\"795937\" style=\"--dominant-color: #795937;\" \/><\/a><\/div><div class=\"w-vwrapper usg_vwrapper_1 align_left valign_top\"><h2 class=\"w-post-elm post_title usg_post_title_1 entry-title color_link_inherit\"><a href=\"https:\/\/poesiaerestu.com\/revista\/la-receta-mas-antigua-del-mundo-receta-para-ser-bueno\/\">La receta m\u00e1s antigua del mundo RECETA PARA SER BUENO<\/a><\/h2><div class=\"w-hwrapper usg_hwrapper_1 align_left valign_top wrap\"><time class=\"w-post-elm post_date usg_post_date_1 entry-date published\" datetime=\"2026-03-08T19:09:50+01:00\"><i class=\"far fa-clock\"><\/i>8 08Europe\/Madrid March 08Europe\/Madrid 2026<\/time><\/div><\/div>\t\t<\/div>\r\n\t\t\t<\/article>\r\n\t<article class=\"w-grid-item size_1x1 post-10361 post type-post status-publish format-standard has-post-thumbnail hentry category-poesia\" data-id=\"10361\">\r\n\t\t<div class=\"w-grid-item-h\">\r\n\t\t\t\t\t\t<div class=\"w-post-elm post_image usg_post_image_1 stretched\"><a href=\"https:\/\/poesiaerestu.com\/revista\/10361-2\/\" aria-label=\"No quisiera morir de Luis de la Rosa Fern\u00e1ndez A la sombra del sauce\u00a0(Ediciones Rilke, 2026)\"><img loading=\"lazy\" decoding=\"async\" width=\"825\" height=\"1024\" src=\"https:\/\/poesiaerestu.com\/revista\/wp-content\/uploads\/2026\/03\/Poesia-revista-PET-825x1024.webp\" class=\"attachment-large size-large not-transparent wp-post-image\" alt=\"\u00c1rbol con flores y hojas en un campo, simbolizando cambio y renacimiento.\" srcset=\"https:\/\/poesiaerestu.com\/revista\/wp-content\/uploads\/2026\/03\/Poesia-revista-PET-825x1024.webp 825w, https:\/\/poesiaerestu.com\/revista\/wp-content\/uploads\/2026\/03\/Poesia-revista-PET-242x300.webp 242w, https:\/\/poesiaerestu.com\/revista\/wp-content\/uploads\/2026\/03\/Poesia-revista-PET-600x745.webp 600w, https:\/\/poesiaerestu.com\/revista\/wp-content\/uploads\/2026\/03\/Poesia-revista-PET-768x953.webp 768w, https:\/\/poesiaerestu.com\/revista\/wp-content\/uploads\/2026\/03\/Poesia-revista-PET-48x60.webp 48w, https:\/\/poesiaerestu.com\/revista\/wp-content\/uploads\/2026\/03\/Poesia-revista-PET.webp 928w\" sizes=\"auto, (max-width: 825px) 100vw, 825px\" data-has-transparency=\"false\" data-dominant-color=\"5b443d\" style=\"--dominant-color: #5b443d;\" \/><\/a><\/div><div class=\"w-vwrapper usg_vwrapper_1 align_left valign_top\"><h2 class=\"w-post-elm post_title usg_post_title_1 entry-title color_link_inherit\"><a href=\"https:\/\/poesiaerestu.com\/revista\/10361-2\/\">No quisiera morir de Luis de la Rosa Fern\u00e1ndez A la sombra del sauce\u00a0(Ediciones Rilke, 2026)<\/a><\/h2><div class=\"w-hwrapper usg_hwrapper_1 align_left valign_top wrap\"><time class=\"w-post-elm post_date usg_post_date_1 entry-date published\" datetime=\"2026-03-01T19:05:03+01:00\"><i class=\"far fa-clock\"><\/i>1 01Europe\/Madrid March 01Europe\/Madrid 2026<\/time><\/div><\/div>\t\t<\/div>\r\n\t\t\t<\/article>\r\n\t<article class=\"w-grid-item size_1x1 post-10350 post type-post status-publish format-standard has-post-thumbnail hentry category-poesia\" data-id=\"10350\">\r\n\t\t<div class=\"w-grid-item-h\">\r\n\t\t\t\t\t\t<div class=\"w-post-elm post_image usg_post_image_1 stretched\"><a href=\"https:\/\/poesiaerestu.com\/revista\/el-poema-de-la-zanfona-jose-carlos-turrado-de-la-fuente-restauracion-de-la-belleza-ediciones-rilke-2026\/\" aria-label=\"El poema de la zanfona. Jos\u00e9 Carlos Turrado de la Fuente. Restauraci\u00f3n de la Belleza (Ediciones Rilke, 2026)\"><img loading=\"lazy\" decoding=\"async\" width=\"1024\" height=\"1024\" src=\"https:\/\/poesiaerestu.com\/revista\/wp-content\/uploads\/2026\/02\/Poesia-Revista-PET-3.webp\" class=\"attachment-large size-large not-transparent wp-post-image\" alt=\"Anciano tocando zanfona en habitaci\u00f3n antigua.\" srcset=\"https:\/\/poesiaerestu.com\/revista\/wp-content\/uploads\/2026\/02\/Poesia-Revista-PET-3.webp 1024w, https:\/\/poesiaerestu.com\/revista\/wp-content\/uploads\/2026\/02\/Poesia-Revista-PET-3-300x300.webp 300w, https:\/\/poesiaerestu.com\/revista\/wp-content\/uploads\/2026\/02\/Poesia-Revista-PET-3-150x150.webp 150w, https:\/\/poesiaerestu.com\/revista\/wp-content\/uploads\/2026\/02\/Poesia-Revista-PET-3-600x600.webp 600w, https:\/\/poesiaerestu.com\/revista\/wp-content\/uploads\/2026\/02\/Poesia-Revista-PET-3-768x768.webp 768w, https:\/\/poesiaerestu.com\/revista\/wp-content\/uploads\/2026\/02\/Poesia-Revista-PET-3-60x60.webp 60w\" sizes=\"auto, (max-width: 1024px) 100vw, 1024px\" data-has-transparency=\"false\" data-dominant-color=\"2d2921\" style=\"--dominant-color: #2d2921;\" \/><\/a><\/div><div class=\"w-vwrapper usg_vwrapper_1 align_left valign_top\"><h2 class=\"w-post-elm post_title usg_post_title_1 entry-title color_link_inherit\"><a href=\"https:\/\/poesiaerestu.com\/revista\/el-poema-de-la-zanfona-jose-carlos-turrado-de-la-fuente-restauracion-de-la-belleza-ediciones-rilke-2026\/\">El poema de la zanfona. Jos\u00e9 Carlos Turrado de la Fuente. Restauraci\u00f3n de la Belleza (Ediciones Rilke, 2026)<\/a><\/h2><div class=\"w-hwrapper usg_hwrapper_1 align_left valign_top wrap\"><time class=\"w-post-elm post_date usg_post_date_1 entry-date published\" datetime=\"2026-02-28T07:38:32+01:00\"><i class=\"far fa-clock\"><\/i>28 28Europe\/Madrid February 28Europe\/Madrid 2026<\/time><\/div><\/div>\t\t<\/div>\r\n\t\t\t<\/article>\r\n\t<article class=\"w-grid-item size_1x1 post-10326 post type-post status-publish format-standard has-post-thumbnail hentry category-poesia\" data-id=\"10326\">\r\n\t\t<div class=\"w-grid-item-h\">\r\n\t\t\t\t\t\t<div class=\"w-post-elm post_image usg_post_image_1 stretched\"><a href=\"https:\/\/poesiaerestu.com\/revista\/hay-un-monstruo-carlos-mellado-fernandez-tempestades-editorial-poesia-eres-tu-2026\/\" aria-label=\"Monstruo. Carlos Mellado Fern\u00e1ndez Tempestades \u2014 Editorial Poes\u00eda eres t\u00fa, 2026\"><img loading=\"lazy\" decoding=\"async\" width=\"1024\" height=\"1024\" src=\"https:\/\/poesiaerestu.com\/revista\/wp-content\/uploads\/2026\/02\/Poesia-Revista-PET-2.webp\" class=\"attachment-large size-large not-transparent wp-post-image\" alt=\"Espejo roto reflejando a joven en ambiente oscuro y misterioso.\" srcset=\"https:\/\/poesiaerestu.com\/revista\/wp-content\/uploads\/2026\/02\/Poesia-Revista-PET-2.webp 1024w, https:\/\/poesiaerestu.com\/revista\/wp-content\/uploads\/2026\/02\/Poesia-Revista-PET-2-300x300.webp 300w, https:\/\/poesiaerestu.com\/revista\/wp-content\/uploads\/2026\/02\/Poesia-Revista-PET-2-150x150.webp 150w, https:\/\/poesiaerestu.com\/revista\/wp-content\/uploads\/2026\/02\/Poesia-Revista-PET-2-600x600.webp 600w, https:\/\/poesiaerestu.com\/revista\/wp-content\/uploads\/2026\/02\/Poesia-Revista-PET-2-768x768.webp 768w, https:\/\/poesiaerestu.com\/revista\/wp-content\/uploads\/2026\/02\/Poesia-Revista-PET-2-60x60.webp 60w\" sizes=\"auto, (max-width: 1024px) 100vw, 1024px\" data-has-transparency=\"false\" data-dominant-color=\"31353b\" style=\"--dominant-color: #31353b;\" \/><\/a><\/div><div class=\"w-vwrapper usg_vwrapper_1 align_left valign_top\"><h2 class=\"w-post-elm post_title usg_post_title_1 entry-title color_link_inherit\"><a href=\"https:\/\/poesiaerestu.com\/revista\/hay-un-monstruo-carlos-mellado-fernandez-tempestades-editorial-poesia-eres-tu-2026\/\">Monstruo. Carlos Mellado Fern\u00e1ndez Tempestades \u2014 Editorial Poes\u00eda eres t\u00fa, 2026<\/a><\/h2><div class=\"w-hwrapper usg_hwrapper_1 align_left valign_top wrap\"><time class=\"w-post-elm post_date usg_post_date_1 entry-date published\" datetime=\"2026-02-25T09:06:18+01:00\"><i class=\"far fa-clock\"><\/i>25 25Europe\/Madrid February 25Europe\/Madrid 2026<\/time><\/div><\/div>\t\t<\/div>\r\n\t\t\t<\/article>\r\n\t<article class=\"w-grid-item size_1x1 post-10308 post type-post status-publish format-standard has-post-thumbnail hentry category-poesia\" data-id=\"10308\">\r\n\t\t<div class=\"w-grid-item-h\">\r\n\t\t\t\t\t\t<div class=\"w-post-elm post_image usg_post_image_1 stretched\"><a href=\"https:\/\/poesiaerestu.com\/revista\/no-leimos-a-homero-de-la-muerte-siempre-nos-deja-con-algo-por-hacer-ediciones-rilke-2026\/\" aria-label=\"No le\u00edmos a homero de La muerte siempre nos deja con algo por hacer, Ediciones Rilke, 2026\"><img loading=\"lazy\" decoding=\"async\" width=\"1024\" height=\"1024\" src=\"https:\/\/poesiaerestu.com\/revista\/wp-content\/uploads\/2026\/02\/Poesia-Revista-PET-1.webp\" class=\"attachment-large size-large not-transparent wp-post-image\" alt=\"Poes\u00eda eres t\u00fa, revista que celebra la expresi\u00f3n art\u00edstica y la lucha social en cada publicaci\u00f3n.\" srcset=\"https:\/\/poesiaerestu.com\/revista\/wp-content\/uploads\/2026\/02\/Poesia-Revista-PET-1.webp 1024w, https:\/\/poesiaerestu.com\/revista\/wp-content\/uploads\/2026\/02\/Poesia-Revista-PET-1-300x300.webp 300w, https:\/\/poesiaerestu.com\/revista\/wp-content\/uploads\/2026\/02\/Poesia-Revista-PET-1-150x150.webp 150w, https:\/\/poesiaerestu.com\/revista\/wp-content\/uploads\/2026\/02\/Poesia-Revista-PET-1-600x600.webp 600w, https:\/\/poesiaerestu.com\/revista\/wp-content\/uploads\/2026\/02\/Poesia-Revista-PET-1-768x768.webp 768w, https:\/\/poesiaerestu.com\/revista\/wp-content\/uploads\/2026\/02\/Poesia-Revista-PET-1-60x60.webp 60w\" sizes=\"auto, (max-width: 1024px) 100vw, 1024px\" data-has-transparency=\"false\" data-dominant-color=\"845f56\" style=\"--dominant-color: #845f56;\" \/><\/a><\/div><div class=\"w-vwrapper usg_vwrapper_1 align_left valign_top\"><h2 class=\"w-post-elm post_title usg_post_title_1 entry-title color_link_inherit\"><a href=\"https:\/\/poesiaerestu.com\/revista\/no-leimos-a-homero-de-la-muerte-siempre-nos-deja-con-algo-por-hacer-ediciones-rilke-2026\/\">No le\u00edmos a homero de La muerte siempre nos deja con algo por hacer, Ediciones Rilke, 2026<\/a><\/h2><div class=\"w-hwrapper usg_hwrapper_1 align_left valign_top wrap\"><time class=\"w-post-elm post_date usg_post_date_1 entry-date published\" datetime=\"2026-02-22T11:25:27+01:00\"><i class=\"far fa-clock\"><\/i>22 22Europe\/Madrid February 22Europe\/Madrid 2026<\/time><\/div><\/div>\t\t<\/div>\r\n\t\t\t<\/article>\r\n\t<article class=\"w-grid-item size_1x1 post-10288 post type-post status-publish format-standard has-post-thumbnail hentry category-poesia\" data-id=\"10288\">\r\n\t\t<div class=\"w-grid-item-h\">\r\n\t\t\t\t\t\t<div class=\"w-post-elm post_image usg_post_image_1 stretched\"><a href=\"https:\/\/poesiaerestu.com\/revista\/poema-7-cesar-tome-moneda-del-sentir-ediciones-rilke-2026\/\" aria-label=\"POEMA 7. C\u00e9sar Tom\u00e9, Moneda del sentir (Ediciones Rilke, 2026)\"><img loading=\"lazy\" decoding=\"async\" width=\"1024\" height=\"1024\" src=\"https:\/\/poesiaerestu.com\/revista\/wp-content\/uploads\/2026\/02\/Poesia-Revista-PET.webp\" class=\"attachment-large size-large not-transparent wp-post-image\" alt=\"Imagen de un ave reflejada en el agua con hojas oto\u00f1ales flotando.\" srcset=\"https:\/\/poesiaerestu.com\/revista\/wp-content\/uploads\/2026\/02\/Poesia-Revista-PET.webp 1024w, https:\/\/poesiaerestu.com\/revista\/wp-content\/uploads\/2026\/02\/Poesia-Revista-PET-300x300.webp 300w, https:\/\/poesiaerestu.com\/revista\/wp-content\/uploads\/2026\/02\/Poesia-Revista-PET-150x150.webp 150w, https:\/\/poesiaerestu.com\/revista\/wp-content\/uploads\/2026\/02\/Poesia-Revista-PET-600x600.webp 600w, https:\/\/poesiaerestu.com\/revista\/wp-content\/uploads\/2026\/02\/Poesia-Revista-PET-768x768.webp 768w, https:\/\/poesiaerestu.com\/revista\/wp-content\/uploads\/2026\/02\/Poesia-Revista-PET-60x60.webp 60w\" sizes=\"auto, (max-width: 1024px) 100vw, 1024px\" data-has-transparency=\"false\" data-dominant-color=\"5b646c\" style=\"--dominant-color: #5b646c;\" \/><\/a><\/div><div class=\"w-vwrapper usg_vwrapper_1 align_left valign_top\"><h2 class=\"w-post-elm post_title usg_post_title_1 entry-title color_link_inherit\"><a href=\"https:\/\/poesiaerestu.com\/revista\/poema-7-cesar-tome-moneda-del-sentir-ediciones-rilke-2026\/\">POEMA 7. C\u00e9sar Tom\u00e9, Moneda del sentir (Ediciones Rilke, 2026)<\/a><\/h2><div class=\"w-hwrapper usg_hwrapper_1 align_left valign_top wrap\"><time class=\"w-post-elm post_date usg_post_date_1 entry-date published\" datetime=\"2026-02-20T18:59:30+01:00\"><i class=\"far fa-clock\"><\/i>20 20Europe\/Madrid February 20Europe\/Madrid 2026<\/time><\/div><\/div>\t\t<\/div>\r\n\t\t\t<\/article>\r\n\t<article class=\"w-grid-item size_1x1 post-10256 post type-post status-publish format-standard has-post-thumbnail hentry category-poesia\" data-id=\"10256\">\r\n\t\t<div class=\"w-grid-item-h\">\r\n\t\t\t\t\t\t<div class=\"w-post-elm post_image usg_post_image_1 stretched\"><a href=\"https:\/\/poesiaerestu.com\/revista\/serpiente-azul-de-nancy-ordonez-tu-silencio\/\" aria-label=\"Serpiente azul de Nancy Ord\u00f3\u00f1ez, Tu silencio\"><img loading=\"lazy\" decoding=\"async\" width=\"1024\" height=\"1024\" src=\"https:\/\/spcdn.shortpixel.ai\/spio\/ret_img,q_cdnize,to_auto,s_webp:avif\/poesiaerestu.com\/revista\/wp-content\/uploads\/2026\/02\/PoesiaRevistaPET-1024x1024.webp\" class=\"attachment-large size-large not-transparent wp-post-image\" alt=\"Rostro femenino reflejado en espejo roto, con luna llena y niebla, simbolizando silencio y misterio.\" srcset=\"https:\/\/spcdn.shortpixel.ai\/spio\/ret_img,q_cdnize,to_auto,s_webp:avif\/poesiaerestu.com\/revista\/wp-content\/uploads\/2026\/02\/PoesiaRevistaPET.webp 1024w, https:\/\/spcdn.shortpixel.ai\/spio\/ret_img,q_cdnize,to_auto,s_webp:avif\/poesiaerestu.com\/revista\/wp-content\/uploads\/2026\/02\/PoesiaRevistaPET-300x300.webp 300w, https:\/\/spcdn.shortpixel.ai\/spio\/ret_img,q_cdnize,to_auto,s_webp:avif\/poesiaerestu.com\/revista\/wp-content\/uploads\/2026\/02\/PoesiaRevistaPET-150x150.webp 150w, https:\/\/spcdn.shortpixel.ai\/spio\/ret_img,q_cdnize,to_auto,s_webp:avif\/poesiaerestu.com\/revista\/wp-content\/uploads\/2026\/02\/PoesiaRevistaPET-600x600.webp 600w, https:\/\/spcdn.shortpixel.ai\/spio\/ret_img,q_cdnize,to_auto,s_webp:avif\/poesiaerestu.com\/revista\/wp-content\/uploads\/2026\/02\/PoesiaRevistaPET-768x768.webp 768w, https:\/\/spcdn.shortpixel.ai\/spio\/ret_img,q_cdnize,to_auto,s_webp:avif\/poesiaerestu.com\/revista\/wp-content\/uploads\/2026\/02\/PoesiaRevistaPET-60x60.webp 60w\" sizes=\"auto, (max-width: 1024px) 100vw, 1024px\" data-has-transparency=\"false\" data-dominant-color=\"2c3644\" style=\"--dominant-color: #2c3644;\" \/><\/a><\/div><div class=\"w-vwrapper usg_vwrapper_1 align_left valign_top\"><h2 class=\"w-post-elm post_title usg_post_title_1 entry-title color_link_inherit\"><a href=\"https:\/\/poesiaerestu.com\/revista\/serpiente-azul-de-nancy-ordonez-tu-silencio\/\">Serpiente azul de Nancy Ord\u00f3\u00f1ez, Tu silencio<\/a><\/h2><div class=\"w-hwrapper usg_hwrapper_1 align_left valign_top wrap\"><time class=\"w-post-elm post_date usg_post_date_1 entry-date published\" datetime=\"2026-02-15T09:10:14+01:00\"><i class=\"far fa-clock\"><\/i>15 15Europe\/Madrid February 15Europe\/Madrid 2026<\/time><\/div><\/div>\t\t<\/div>\r\n\t\t\t<\/article>\r\n<\/div>\t<div class=\"w-grid-preloader\">\r\n\t\t<div class=\"g-preloader type_1\">\r\n\t\t\t<div><\/div>\r\n\t\t<\/div>\r\n\t<\/div>\r\n\t\t\t\t<div class=\"g-loadmore  width_full\">\r\n\t\t\t\t<div class=\"g-preloader type_1\">\r\n\t\t\t\t\t<div><\/div>\r\n\t\t\t\t<\/div>\r\n\t\t\t\t<button class=\"w-btn us-btn-style_3\" style=\"font-size:1.2rem;\">\r\n\t\t\t\t\t<span class=\"w-btn-label\">Leer m\u00e1s<\/span>\r\n\t\t\t\t<\/button>\r\n\t\t\t<\/div>\r\n\t\t\t\t<div class=\"w-grid-json hidden\" onclick='return {&quot;action&quot;:&quot;us_ajax_grid&quot;,&quot;infinite_scroll&quot;:0,&quot;max_num_pages&quot;:6,&quot;pagination&quot;:&quot;ajax&quot;,&quot;template_vars&quot;:{&quot;columns&quot;:&quot;4&quot;,&quot;exclude_items&quot;:&quot;none&quot;,&quot;img_size&quot;:&quot;default&quot;,&quot;ignore_items_size&quot;:0,&quot;items_layout&quot;:&quot;7200&quot;,&quot;items_offset&quot;:&quot;1&quot;,&quot;load_animation&quot;:&quot;none&quot;,&quot;overriding_link&quot;:&quot;%7B%22url%22%3A%22%22%7D&quot;,&quot;post_id&quot;:0,&quot;query_args&quot;:{&quot;post_type&quot;:[&quot;post&quot;],&quot;tax_query&quot;:[{&quot;taxonomy&quot;:&quot;category&quot;,&quot;field&quot;:&quot;slug&quot;,&quot;terms&quot;:[&quot;poesia&quot;]}],&quot;post_status&quot;:[&quot;publish&quot;],&quot;posts_per_page&quot;:&quot;12&quot;},&quot;orderby_query_args&quot;:{&quot;orderby&quot;:{&quot;date&quot;:&quot;DESC&quot;}},&quot;type&quot;:&quot;masonry&quot;,&quot;us_grid_post_type&quot;:&quot;post&quot;,&quot;us_grid_ajax_index&quot;:7,&quot;us_grid_filter_query_string&quot;:null,&quot;us_grid_index&quot;:7,&quot;page_args&quot;:[]}}'><\/div>\r\n\t<\/div><div class=\"w-separator size_medium\"><\/div><\/div><\/div><\/div><\/div><\/div><\/section><section class=\"l-section wpb_row height_small\"><div class=\"l-section-overlay\" style=\"background:rgba(168,168,168,0.42)\"><\/div><div class=\"l-section-h i-cf\"><div class=\"g-cols vc_row via_flex valign_top type_default stacking_default\"><div class=\"vc_col-sm-12 wpb_column vc_column_container\"><div class=\"vc_column-inner\"><div class=\"wpb_wrapper\"><div class=\"wpb_text_column\"><div class=\"wpb_wrapper\"><h1><a href=\"http:\/\/grupoeditorial.org\" target=\"_blank\" rel=\"noopener noreferrer\"><strong>GRUPO EDITORIAL P\u00c9REZ-AYALA<\/strong><\/a><\/h1>\n<\/div><\/div><div class=\"wpb_text_column\"><div class=\"wpb_wrapper\"><p>El <a href=\"http:\/\/grupoeditorialperezayala.com\" target=\"_blank\" rel=\"noopener noreferrer\">Grupo Editorial P\u00e9rez-Ayala<\/a> est\u00e1 formado por las siguientes empresas editoriales: <a href=\"https:\/\/poesiaerestu.com\">Editorial Poes\u00eda eres t\u00fa<\/a>, <a href=\"https:\/\/edicionesamaniel.com\">Ediciones Amaniel<\/a>, <a href=\"http:\/\/edicionesrilke.com\">Ediciones Rilke<\/a>, <a href=\"https:\/\/edicionesazorin.com\">Ediciones Azor\u00edn<\/a>, <a href=\"https:\/\/agenciadellibro.com\">Editorial Agencia del libro<\/a>.<\/p>\n<p>Cuenta con cinco librer\u00eda en internet: <a href=\"http:\/\/libreria.ws\">Librer\u00eda Website<\/a>, <a href=\"http:\/\/lalibreria.com.es\">La librer\u00eda del escritor<\/a>, <a href=\"http:\/\/elrincondeloslibros.com\">El rinc\u00f3n de los libros<\/a>, <a href=\"http:\/\/gepa.es\">Librer\u00eda Gepa<\/a> y <a href=\"http:\/\/librodepoesia.com\">Libro de poes\u00eda<\/a><\/p>\n<p>Adem\u00e1s contamos con una red de p\u00e1ginas web dedicadas a la difusi\u00f3n de nuestros libros y autores: <a href=\"http:\/\/clubdepoesia.com\">Club de poes\u00eda<\/a>, <a href=\"http:\/\/blogdeescritor.com\">Blog de escritor<\/a>, <a href=\"http:\/\/poesiatv.com\">Poes\u00eda Televisi\u00f3n<\/a>, <a href=\"http:\/\/ayudaescritores.com\">Ayuda escritores<\/a>, <a href=\"http:\/\/publicarlibro.com.es\">publicar un libro<\/a>, etc.<\/p>\n<\/div><\/div><div class=\"g-cols wpb_row via_flex valign_top type_default stacking_default\"><div class=\"vc_col-sm-2 wpb_column vc_column_container\"><div class=\"vc_column-inner\"><div class=\"wpb_wrapper\"><div class=\"w-separator size_custom\" style=\"height:32px\"><\/div><div class=\"wpb_text_column\"><div class=\"wpb_wrapper\"><h4><strong>Editoriales<\/strong><\/h4>\n<\/div><\/div><\/div><\/div><\/div><div class=\"vc_col-sm-2 wpb_column vc_column_container\"><div class=\"vc_column-inner\"><div class=\"wpb_wrapper\"><div class=\"w-image align_center us_animate_afc\" style=\"animation-delay:0.2s\"><a title=\"Publicar un libro. Editorial Poes\u00eda eres t\u00fa.\" target=\" _blank\" rel=\"nofollow\" href=\"http:\/\/poesiaerestu.com\" aria-label=\"Editorialpoesiaerestu-1\" class=\"w-image-h\"><img decoding=\"async\" width=\"814\" height=\"814\" src=\"https:\/\/poesiaerestu.com\/revista\/wp-content\/uploads\/2018\/02\/Editorialpoesiaerestu-1.png\" class=\"attachment-full size-full\" alt=\"\" loading=\"lazy\" srcset=\"https:\/\/poesiaerestu.com\/revista\/wp-content\/uploads\/2018\/02\/Editorialpoesiaerestu-1.png 814w, https:\/\/poesiaerestu.com\/revista\/wp-content\/uploads\/2018\/02\/Editorialpoesiaerestu-1-150x150.png 150w, https:\/\/poesiaerestu.com\/revista\/wp-content\/uploads\/2018\/02\/Editorialpoesiaerestu-1-300x300.png 300w, https:\/\/poesiaerestu.com\/revista\/wp-content\/uploads\/2018\/02\/Editorialpoesiaerestu-1-768x768.png 768w, https:\/\/poesiaerestu.com\/revista\/wp-content\/uploads\/2018\/02\/Editorialpoesiaerestu-1-600x600.png 600w, https:\/\/poesiaerestu.com\/revista\/wp-content\/uploads\/2018\/02\/Editorialpoesiaerestu-1-350x350.png 350w, https:\/\/poesiaerestu.com\/revista\/wp-content\/uploads\/2018\/02\/Editorialpoesiaerestu-1-700x700.png 700w\" sizes=\"auto, (max-width: 814px) 100vw, 814px\" \/><\/a><\/div><div class=\"wpb_text_column\"><div class=\"wpb_wrapper\"><h6><a href=\"https:\/\/poesiaerestu.com\"><em><strong>Editorial Poes\u00eda eres t\u00fa<\/strong><\/em><\/a><\/h6>\n<\/div><\/div><\/div><\/div><\/div><div class=\"vc_col-sm-2 wpb_column vc_column_container\"><div class=\"vc_column-inner\"><div class=\"wpb_wrapper\"><div class=\"w-image align_none us_animate_afc\" style=\"animation-delay:0.4s\"><a title=\"Editorial Espa\u00f1ola. Ediciones Amaniel.\" target=\" _blank\" rel=\"nofollow\" href=\"http:\/\/edicionesamaniel.com\" aria-label=\"EdicionesAmaniel-1\" class=\"w-image-h\"><img decoding=\"async\" width=\"768\" height=\"768\" src=\"https:\/\/poesiaerestu.com\/revista\/wp-content\/uploads\/2018\/02\/EdicionesAmaniel-1-768x768.png\" class=\"attachment-us_768_0 size-us_768_0\" alt=\"\" loading=\"lazy\" srcset=\"https:\/\/poesiaerestu.com\/revista\/wp-content\/uploads\/2018\/02\/EdicionesAmaniel-1-768x768.png 768w, https:\/\/poesiaerestu.com\/revista\/wp-content\/uploads\/2018\/02\/EdicionesAmaniel-1-150x150.png 150w, https:\/\/poesiaerestu.com\/revista\/wp-content\/uploads\/2018\/02\/EdicionesAmaniel-1-300x300.png 300w, https:\/\/poesiaerestu.com\/revista\/wp-content\/uploads\/2018\/02\/EdicionesAmaniel-1-600x600.png 600w, https:\/\/poesiaerestu.com\/revista\/wp-content\/uploads\/2018\/02\/EdicionesAmaniel-1-350x350.png 350w, https:\/\/poesiaerestu.com\/revista\/wp-content\/uploads\/2018\/02\/EdicionesAmaniel-1-700x700.png 700w, https:\/\/poesiaerestu.com\/revista\/wp-content\/uploads\/2018\/02\/EdicionesAmaniel-1.png 814w\" sizes=\"auto, (max-width: 768px) 100vw, 768px\" \/><\/a><\/div><div class=\"wpb_text_column\"><div class=\"wpb_wrapper\"><h6><a href=\"https:\/\/edicionesamaniel.com\"><em><strong>Ediciones Amaniel<\/strong><\/em><\/a><\/h6>\n<\/div><\/div><\/div><\/div><\/div><div class=\"vc_col-sm-2 wpb_column vc_column_container\"><div class=\"vc_column-inner\"><div class=\"wpb_wrapper\"><div class=\"w-image align_none us_animate_afc\" style=\"animation-delay:0.6s\"><a title=\"Editorial de poes\u00eda. Ediciones Rilke.\" target=\" _blank\" rel=\"nofollow\" href=\"http:\/\/edicionesrilke.com\" aria-label=\"EdicionesRilke-1\" class=\"w-image-h\"><img decoding=\"async\" width=\"768\" height=\"768\" src=\"https:\/\/poesiaerestu.com\/revista\/wp-content\/uploads\/2018\/02\/EdicionesRilke-1-768x768.png\" class=\"attachment-us_768_0 size-us_768_0\" alt=\"\" loading=\"lazy\" srcset=\"https:\/\/poesiaerestu.com\/revista\/wp-content\/uploads\/2018\/02\/EdicionesRilke-1-768x768.png 768w, https:\/\/poesiaerestu.com\/revista\/wp-content\/uploads\/2018\/02\/EdicionesRilke-1-150x150.png 150w, https:\/\/poesiaerestu.com\/revista\/wp-content\/uploads\/2018\/02\/EdicionesRilke-1-300x300.png 300w, https:\/\/poesiaerestu.com\/revista\/wp-content\/uploads\/2018\/02\/EdicionesRilke-1-600x600.png 600w, https:\/\/poesiaerestu.com\/revista\/wp-content\/uploads\/2018\/02\/EdicionesRilke-1-350x350.png 350w, https:\/\/poesiaerestu.com\/revista\/wp-content\/uploads\/2018\/02\/EdicionesRilke-1-700x700.png 700w, https:\/\/poesiaerestu.com\/revista\/wp-content\/uploads\/2018\/02\/EdicionesRilke-1.png 814w\" sizes=\"auto, (max-width: 768px) 100vw, 768px\" \/><\/a><\/div><div class=\"wpb_text_column\"><div class=\"wpb_wrapper\"><h6><a href=\"http:\/\/edicionesrilke.com\"><em><strong>Ediciones Rilke<\/strong><\/em><\/a><\/h6>\n<\/div><\/div><\/div><\/div><\/div><div class=\"vc_col-sm-2 wpb_column vc_column_container\"><div class=\"vc_column-inner\"><div class=\"wpb_wrapper\"><div class=\"w-image align_none us_animate_afc\" style=\"animation-delay:0.8s\"><a title=\"Editorial de Alicante. Editorial de Murcia. Ediciones Azor\u00edn.\" target=\" _blank\" rel=\"nofollow\" href=\"http:\/\/edicionesazorin.com\" aria-label=\"EdicionesAzorin-1\" class=\"w-image-h\"><img decoding=\"async\" width=\"768\" height=\"768\" src=\"https:\/\/poesiaerestu.com\/revista\/wp-content\/uploads\/2018\/02\/EdicionesAzorin-1-768x768.png\" class=\"attachment-us_768_0 size-us_768_0\" alt=\"\" loading=\"lazy\" srcset=\"https:\/\/poesiaerestu.com\/revista\/wp-content\/uploads\/2018\/02\/EdicionesAzorin-1-768x768.png 768w, https:\/\/poesiaerestu.com\/revista\/wp-content\/uploads\/2018\/02\/EdicionesAzorin-1-150x150.png 150w, https:\/\/poesiaerestu.com\/revista\/wp-content\/uploads\/2018\/02\/EdicionesAzorin-1-300x300.png 300w, https:\/\/poesiaerestu.com\/revista\/wp-content\/uploads\/2018\/02\/EdicionesAzorin-1-600x600.png 600w, https:\/\/poesiaerestu.com\/revista\/wp-content\/uploads\/2018\/02\/EdicionesAzorin-1-350x350.png 350w, https:\/\/poesiaerestu.com\/revista\/wp-content\/uploads\/2018\/02\/EdicionesAzorin-1-700x700.png 700w, https:\/\/poesiaerestu.com\/revista\/wp-content\/uploads\/2018\/02\/EdicionesAzorin-1.png 814w\" sizes=\"auto, (max-width: 768px) 100vw, 768px\" \/><\/a><\/div><div class=\"wpb_text_column\"><div class=\"wpb_wrapper\"><h6><a href=\"https:\/\/edicionesazorin.com\"><em><strong>Ediciones Azor\u00edn<\/strong><\/em><\/a><\/h6>\n<\/div><\/div><\/div><\/div><\/div><div class=\"vc_col-sm-2 wpb_column vc_column_container\"><div class=\"vc_column-inner\"><div class=\"wpb_wrapper\"><div class=\"w-image align_none us_animate_afc\" style=\"animation-delay:1s\"><a title=\"Agencia del libro. Publicar un libro.\" target=\" _blank\" rel=\"nofollow\" href=\"http:\/\/agenciadellibro.com\" aria-label=\"Agenciadellibro-1\" class=\"w-image-h\"><img decoding=\"async\" width=\"768\" height=\"768\" src=\"https:\/\/poesiaerestu.com\/revista\/wp-content\/uploads\/2018\/02\/Agenciadellibro-1-768x768.png\" class=\"attachment-us_768_0 size-us_768_0\" alt=\"\" loading=\"lazy\" srcset=\"https:\/\/poesiaerestu.com\/revista\/wp-content\/uploads\/2018\/02\/Agenciadellibro-1-768x768.png 768w, https:\/\/poesiaerestu.com\/revista\/wp-content\/uploads\/2018\/02\/Agenciadellibro-1-150x150.png 150w, https:\/\/poesiaerestu.com\/revista\/wp-content\/uploads\/2018\/02\/Agenciadellibro-1-300x300.png 300w, https:\/\/poesiaerestu.com\/revista\/wp-content\/uploads\/2018\/02\/Agenciadellibro-1-600x600.png 600w, https:\/\/poesiaerestu.com\/revista\/wp-content\/uploads\/2018\/02\/Agenciadellibro-1-350x350.png 350w, https:\/\/poesiaerestu.com\/revista\/wp-content\/uploads\/2018\/02\/Agenciadellibro-1-700x700.png 700w, https:\/\/poesiaerestu.com\/revista\/wp-content\/uploads\/2018\/02\/Agenciadellibro-1.png 814w\" sizes=\"auto, (max-width: 768px) 100vw, 768px\" \/><\/a><\/div><div class=\"wpb_text_column\"><div class=\"wpb_wrapper\"><h6><a href=\"https:\/\/agenciadellibro.com\"><em><strong>Agencia del libro<\/strong><\/em><\/a><\/h6>\n<\/div><\/div><\/div><\/div><\/div><\/div><div class=\"g-cols wpb_row via_flex valign_top type_default stacking_default\"><div class=\"vc_col-sm-2 wpb_column vc_column_container\"><div class=\"vc_column-inner\"><div class=\"wpb_wrapper\"><div class=\"wpb_text_column\"><div class=\"wpb_wrapper\"><h4><strong>Librer\u00edas<\/strong><\/h4>\n<\/div><\/div><\/div><\/div><\/div><div class=\"vc_col-sm-2 wpb_column vc_column_container\"><div class=\"vc_column-inner\"><div class=\"wpb_wrapper\"><div class=\"w-image align_none us_animate_afc\" style=\"animation-delay:0.2s\"><a target=\" _blank\" rel=\"nofollow\" href=\"http:\/\/libreria.ws\" aria-label=\"Libreriawebsite-1\" class=\"w-image-h\"><img decoding=\"async\" width=\"815\" height=\"816\" src=\"https:\/\/poesiaerestu.com\/revista\/wp-content\/uploads\/2018\/02\/Libreriawebsite-1.png\" class=\"attachment-large size-large\" alt=\"\" loading=\"lazy\" srcset=\"https:\/\/poesiaerestu.com\/revista\/wp-content\/uploads\/2018\/02\/Libreriawebsite-1.png 815w, https:\/\/poesiaerestu.com\/revista\/wp-content\/uploads\/2018\/02\/Libreriawebsite-1-150x150.png 150w, https:\/\/poesiaerestu.com\/revista\/wp-content\/uploads\/2018\/02\/Libreriawebsite-1-300x300.png 300w, https:\/\/poesiaerestu.com\/revista\/wp-content\/uploads\/2018\/02\/Libreriawebsite-1-768x769.png 768w, https:\/\/poesiaerestu.com\/revista\/wp-content\/uploads\/2018\/02\/Libreriawebsite-1-600x601.png 600w, https:\/\/poesiaerestu.com\/revista\/wp-content\/uploads\/2018\/02\/Libreriawebsite-1-350x350.png 350w, https:\/\/poesiaerestu.com\/revista\/wp-content\/uploads\/2018\/02\/Libreriawebsite-1-700x700.png 700w\" sizes=\"auto, (max-width: 815px) 100vw, 815px\" \/><\/a><\/div><div class=\"wpb_text_column\"><div class=\"wpb_wrapper\"><h6><a href=\"http:\/\/gepa.es\" target=\"_blank\" rel=\"noopener noreferrer\"><strong>Librer\u00eda Website<\/strong><\/a><\/h6>\n<\/div><\/div><\/div><\/div><\/div><div class=\"vc_col-sm-2 wpb_column vc_column_container\"><div class=\"vc_column-inner\"><div class=\"wpb_wrapper\"><div class=\"w-image align_none us_animate_afc\" style=\"animation-delay:0.4s\"><a target=\" _blank\" rel=\"nofollow\" href=\"http:\/\/lalibreria.com.es\/\" aria-label=\"Lalibreriadelescritor-1\" class=\"w-image-h\"><img decoding=\"async\" width=\"814\" height=\"814\" src=\"https:\/\/poesiaerestu.com\/revista\/wp-content\/uploads\/2018\/02\/Lalibreriadelescritor-1.png\" class=\"attachment-large size-large\" alt=\"\" loading=\"lazy\" srcset=\"https:\/\/poesiaerestu.com\/revista\/wp-content\/uploads\/2018\/02\/Lalibreriadelescritor-1.png 814w, https:\/\/poesiaerestu.com\/revista\/wp-content\/uploads\/2018\/02\/Lalibreriadelescritor-1-150x150.png 150w, https:\/\/poesiaerestu.com\/revista\/wp-content\/uploads\/2018\/02\/Lalibreriadelescritor-1-300x300.png 300w, https:\/\/poesiaerestu.com\/revista\/wp-content\/uploads\/2018\/02\/Lalibreriadelescritor-1-768x768.png 768w, https:\/\/poesiaerestu.com\/revista\/wp-content\/uploads\/2018\/02\/Lalibreriadelescritor-1-600x600.png 600w, https:\/\/poesiaerestu.com\/revista\/wp-content\/uploads\/2018\/02\/Lalibreriadelescritor-1-350x350.png 350w, https:\/\/poesiaerestu.com\/revista\/wp-content\/uploads\/2018\/02\/Lalibreriadelescritor-1-700x700.png 700w\" sizes=\"auto, (max-width: 814px) 100vw, 814px\" \/><\/a><\/div><div class=\"wpb_text_column\"><div class=\"wpb_wrapper\"><h6><a href=\"http:\/\/lalibreria.com.es\/\" target=\"_blank\" rel=\"noopener noreferrer\"><strong>La librer\u00eda del escritor<\/strong><\/a><\/h6>\n<\/div><\/div><\/div><\/div><\/div><div class=\"vc_col-sm-2 wpb_column vc_column_container\"><div class=\"vc_column-inner\"><div class=\"wpb_wrapper\"><div class=\"w-image align_none us_animate_afc\" style=\"animation-delay:0.6s\"><a target=\" _blank\" rel=\"nofollow\" href=\"http:\/\/elrincondeloslibros.com\" aria-label=\"Elrincondeloslibros-1\" class=\"w-image-h\"><img decoding=\"async\" width=\"815\" height=\"815\" src=\"https:\/\/poesiaerestu.com\/revista\/wp-content\/uploads\/2018\/02\/Elrincondeloslibros-1.png\" class=\"attachment-large size-large\" alt=\"\" loading=\"lazy\" srcset=\"https:\/\/poesiaerestu.com\/revista\/wp-content\/uploads\/2018\/02\/Elrincondeloslibros-1.png 815w, https:\/\/poesiaerestu.com\/revista\/wp-content\/uploads\/2018\/02\/Elrincondeloslibros-1-150x150.png 150w, https:\/\/poesiaerestu.com\/revista\/wp-content\/uploads\/2018\/02\/Elrincondeloslibros-1-300x300.png 300w, https:\/\/poesiaerestu.com\/revista\/wp-content\/uploads\/2018\/02\/Elrincondeloslibros-1-768x768.png 768w, https:\/\/poesiaerestu.com\/revista\/wp-content\/uploads\/2018\/02\/Elrincondeloslibros-1-600x600.png 600w, https:\/\/poesiaerestu.com\/revista\/wp-content\/uploads\/2018\/02\/Elrincondeloslibros-1-350x350.png 350w, https:\/\/poesiaerestu.com\/revista\/wp-content\/uploads\/2018\/02\/Elrincondeloslibros-1-700x700.png 700w\" sizes=\"auto, (max-width: 815px) 100vw, 815px\" \/><\/a><\/div><div class=\"wpb_text_column\"><div class=\"wpb_wrapper\"><h6><a href=\"http:\/\/elrincondeloslibros.com\" target=\"_blank\" rel=\"noopener noreferrer\"><strong>El rinc\u00f3n de los libros<\/strong><\/a><\/h6>\n<\/div><\/div><\/div><\/div><\/div><div class=\"vc_col-sm-2 wpb_column vc_column_container\"><div class=\"vc_column-inner\"><div class=\"wpb_wrapper\"><div class=\"w-image align_none us_animate_afc\" style=\"animation-delay:0.8s\"><a target=\" _blank\" rel=\"nofollow\" href=\"http:\/\/gepa.es\" aria-label=\"LibreriaGEPA-1\" class=\"w-image-h\"><img decoding=\"async\" width=\"814\" height=\"814\" src=\"https:\/\/poesiaerestu.com\/revista\/wp-content\/uploads\/2018\/02\/LibreriaGEPA-1.png\" class=\"attachment-large size-large\" alt=\"\" loading=\"lazy\" srcset=\"https:\/\/poesiaerestu.com\/revista\/wp-content\/uploads\/2018\/02\/LibreriaGEPA-1.png 814w, https:\/\/poesiaerestu.com\/revista\/wp-content\/uploads\/2018\/02\/LibreriaGEPA-1-150x150.png 150w, https:\/\/poesiaerestu.com\/revista\/wp-content\/uploads\/2018\/02\/LibreriaGEPA-1-300x300.png 300w, https:\/\/poesiaerestu.com\/revista\/wp-content\/uploads\/2018\/02\/LibreriaGEPA-1-768x768.png 768w, https:\/\/poesiaerestu.com\/revista\/wp-content\/uploads\/2018\/02\/LibreriaGEPA-1-600x600.png 600w, https:\/\/poesiaerestu.com\/revista\/wp-content\/uploads\/2018\/02\/LibreriaGEPA-1-350x350.png 350w, https:\/\/poesiaerestu.com\/revista\/wp-content\/uploads\/2018\/02\/LibreriaGEPA-1-700x700.png 700w\" sizes=\"auto, (max-width: 814px) 100vw, 814px\" \/><\/a><\/div><div class=\"wpb_text_column\"><div class=\"wpb_wrapper\"><h6><a href=\"http:\/\/gepa.es\" target=\"_blank\" rel=\"noopener noreferrer\"><strong>Librer\u00eda GEPA<\/strong><\/a><\/h6>\n<\/div><\/div><\/div><\/div><\/div><div class=\"vc_col-sm-2 wpb_column vc_column_container\"><div class=\"vc_column-inner\"><div class=\"wpb_wrapper\"><div class=\"w-image align_none us_animate_afc\" style=\"animation-delay:1s\"><a target=\" _blank\" rel=\"nofollow\" href=\"http:\/\/librodepoesia.com\" aria-label=\"Librodepoesia-1\" class=\"w-image-h\"><img decoding=\"async\" width=\"814\" height=\"814\" src=\"https:\/\/poesiaerestu.com\/revista\/wp-content\/uploads\/2018\/02\/Librodepoesia-1.png\" class=\"attachment-large size-large\" alt=\"\" loading=\"lazy\" srcset=\"https:\/\/poesiaerestu.com\/revista\/wp-content\/uploads\/2018\/02\/Librodepoesia-1.png 814w, https:\/\/poesiaerestu.com\/revista\/wp-content\/uploads\/2018\/02\/Librodepoesia-1-150x150.png 150w, https:\/\/poesiaerestu.com\/revista\/wp-content\/uploads\/2018\/02\/Librodepoesia-1-300x300.png 300w, https:\/\/poesiaerestu.com\/revista\/wp-content\/uploads\/2018\/02\/Librodepoesia-1-768x768.png 768w, https:\/\/poesiaerestu.com\/revista\/wp-content\/uploads\/2018\/02\/Librodepoesia-1-600x600.png 600w, https:\/\/poesiaerestu.com\/revista\/wp-content\/uploads\/2018\/02\/Librodepoesia-1-350x350.png 350w, https:\/\/poesiaerestu.com\/revista\/wp-content\/uploads\/2018\/02\/Librodepoesia-1-700x700.png 700w\" sizes=\"auto, (max-width: 814px) 100vw, 814px\" \/><\/a><\/div><div class=\"wpb_text_column\"><div class=\"wpb_wrapper\"><h6><a href=\"http:\/\/librodepoesia.com\" target=\"_blank\" rel=\"noopener noreferrer\"><strong>Libro de poes\u00eda<\/strong><\/a><\/h6>\n<\/div><\/div><\/div><\/div><\/div><\/div><div class=\"g-cols wpb_row via_flex valign_top type_default stacking_default\"><div class=\"vc_col-sm-2 wpb_column vc_column_container\"><div class=\"vc_column-inner\"><div class=\"wpb_wrapper\"><div class=\"wpb_text_column\"><div class=\"wpb_wrapper\"><h4><strong>Red poes\u00eda eres t\u00fa<br \/>\n<\/strong><\/h4>\n<\/div><\/div><\/div><\/div><\/div><div class=\"vc_col-sm-2 wpb_column vc_column_container\"><div class=\"vc_column-inner\"><div class=\"wpb_wrapper\"><div class=\"w-image align_none us_animate_afc\" style=\"animation-delay:0.2s\"><a target=\" _blank\" rel=\"nofollow\" href=\"http:\/\/clubdepoesia.com\" aria-label=\"Clubdepoesia-1\" class=\"w-image-h\"><img decoding=\"async\" width=\"814\" height=\"814\" src=\"https:\/\/poesiaerestu.com\/revista\/wp-content\/uploads\/2018\/02\/Clubdepoesia-1.png\" class=\"attachment-large size-large\" alt=\"\" loading=\"lazy\" srcset=\"https:\/\/poesiaerestu.com\/revista\/wp-content\/uploads\/2018\/02\/Clubdepoesia-1.png 814w, https:\/\/poesiaerestu.com\/revista\/wp-content\/uploads\/2018\/02\/Clubdepoesia-1-150x150.png 150w, https:\/\/poesiaerestu.com\/revista\/wp-content\/uploads\/2018\/02\/Clubdepoesia-1-300x300.png 300w, https:\/\/poesiaerestu.com\/revista\/wp-content\/uploads\/2018\/02\/Clubdepoesia-1-768x768.png 768w, https:\/\/poesiaerestu.com\/revista\/wp-content\/uploads\/2018\/02\/Clubdepoesia-1-600x600.png 600w, https:\/\/poesiaerestu.com\/revista\/wp-content\/uploads\/2018\/02\/Clubdepoesia-1-350x350.png 350w, https:\/\/poesiaerestu.com\/revista\/wp-content\/uploads\/2018\/02\/Clubdepoesia-1-700x700.png 700w\" sizes=\"auto, (max-width: 814px) 100vw, 814px\" \/><\/a><\/div><div class=\"wpb_text_column\"><div class=\"wpb_wrapper\"><h6><a href=\"http:\/\/clubdepoesia.com\" target=\"_blank\" rel=\"noopener noreferrer\"><strong>Club de poes\u00eda<\/strong><\/a><\/h6>\n<\/div><\/div><\/div><\/div><\/div><div class=\"vc_col-sm-2 wpb_column vc_column_container\"><div class=\"vc_column-inner\"><div class=\"wpb_wrapper\"><div class=\"w-image align_none us_animate_afc\" style=\"animation-delay:0.4s\"><a target=\" _blank\" rel=\"nofollow\" href=\"http:\/\/blogdeescritor.com\" aria-label=\"Blogdeescritor-1\" class=\"w-image-h\"><img decoding=\"async\" width=\"814\" height=\"814\" src=\"https:\/\/poesiaerestu.com\/revista\/wp-content\/uploads\/2018\/02\/Blogdeescritor-1.png\" class=\"attachment-large size-large\" alt=\"\" loading=\"lazy\" srcset=\"https:\/\/poesiaerestu.com\/revista\/wp-content\/uploads\/2018\/02\/Blogdeescritor-1.png 814w, https:\/\/poesiaerestu.com\/revista\/wp-content\/uploads\/2018\/02\/Blogdeescritor-1-150x150.png 150w, https:\/\/poesiaerestu.com\/revista\/wp-content\/uploads\/2018\/02\/Blogdeescritor-1-300x300.png 300w, https:\/\/poesiaerestu.com\/revista\/wp-content\/uploads\/2018\/02\/Blogdeescritor-1-768x768.png 768w, https:\/\/poesiaerestu.com\/revista\/wp-content\/uploads\/2018\/02\/Blogdeescritor-1-600x600.png 600w, https:\/\/poesiaerestu.com\/revista\/wp-content\/uploads\/2018\/02\/Blogdeescritor-1-350x350.png 350w, https:\/\/poesiaerestu.com\/revista\/wp-content\/uploads\/2018\/02\/Blogdeescritor-1-700x700.png 700w\" sizes=\"auto, (max-width: 814px) 100vw, 814px\" \/><\/a><\/div><div class=\"wpb_text_column\"><div class=\"wpb_wrapper\"><h6><a href=\"http:\/\/blogdeescritor.com\" target=\"_blank\" rel=\"noopener noreferrer\"><strong>Blog de escritor<\/strong><\/a><\/h6>\n<\/div><\/div><\/div><\/div><\/div><div class=\"vc_col-sm-2 wpb_column vc_column_container\"><div class=\"vc_column-inner\"><div class=\"wpb_wrapper\"><div class=\"w-separator size_custom\" style=\"height:32px\"><\/div><div class=\"w-image align_none us_animate_afc\" style=\"animation-delay:0.6s\"><a target=\" _blank\" rel=\"nofollow\" href=\"http:\/\/poesiatv.com\" aria-label=\"PoesiaTV-1\" class=\"w-image-h\"><img decoding=\"async\" width=\"814\" height=\"814\" src=\"https:\/\/poesiaerestu.com\/revista\/wp-content\/uploads\/2018\/02\/PoesiaTV-1.png\" class=\"attachment-large size-large\" alt=\"\" loading=\"lazy\" srcset=\"https:\/\/poesiaerestu.com\/revista\/wp-content\/uploads\/2018\/02\/PoesiaTV-1.png 814w, https:\/\/poesiaerestu.com\/revista\/wp-content\/uploads\/2018\/02\/PoesiaTV-1-150x150.png 150w, https:\/\/poesiaerestu.com\/revista\/wp-content\/uploads\/2018\/02\/PoesiaTV-1-300x300.png 300w, https:\/\/poesiaerestu.com\/revista\/wp-content\/uploads\/2018\/02\/PoesiaTV-1-768x768.png 768w, https:\/\/poesiaerestu.com\/revista\/wp-content\/uploads\/2018\/02\/PoesiaTV-1-600x600.png 600w, https:\/\/poesiaerestu.com\/revista\/wp-content\/uploads\/2018\/02\/PoesiaTV-1-350x350.png 350w, https:\/\/poesiaerestu.com\/revista\/wp-content\/uploads\/2018\/02\/PoesiaTV-1-700x700.png 700w\" sizes=\"auto, (max-width: 814px) 100vw, 814px\" \/><\/a><\/div><div class=\"wpb_text_column\"><div class=\"wpb_wrapper\"><h6><a href=\"http:\/\/poesiatv.com\" target=\"_blank\" rel=\"noopener noreferrer\"><strong>Poes\u00eda Televisi\u00f3n<\/strong><\/a><\/h6>\n<\/div><\/div><\/div><\/div><\/div><div class=\"vc_col-sm-2 wpb_column vc_column_container\"><div class=\"vc_column-inner\"><div class=\"wpb_wrapper\"><div class=\"w-image align_none us_animate_afc\" style=\"animation-delay:0.8s\"><a target=\" _blank\" rel=\"nofollow\" href=\"http:\/\/poesiaerestu.com\/revista\/\" aria-label=\"RevistaPoesiaerestu-1\" class=\"w-image-h\"><img decoding=\"async\" width=\"814\" height=\"814\" src=\"https:\/\/poesiaerestu.com\/revista\/wp-content\/uploads\/2018\/02\/RevistaPoesiaerestu-1.png\" class=\"attachment-large size-large\" alt=\"\" loading=\"lazy\" srcset=\"https:\/\/poesiaerestu.com\/revista\/wp-content\/uploads\/2018\/02\/RevistaPoesiaerestu-1.png 814w, https:\/\/poesiaerestu.com\/revista\/wp-content\/uploads\/2018\/02\/RevistaPoesiaerestu-1-150x150.png 150w, https:\/\/poesiaerestu.com\/revista\/wp-content\/uploads\/2018\/02\/RevistaPoesiaerestu-1-300x300.png 300w, https:\/\/poesiaerestu.com\/revista\/wp-content\/uploads\/2018\/02\/RevistaPoesiaerestu-1-768x768.png 768w, https:\/\/poesiaerestu.com\/revista\/wp-content\/uploads\/2018\/02\/RevistaPoesiaerestu-1-600x600.png 600w, https:\/\/poesiaerestu.com\/revista\/wp-content\/uploads\/2018\/02\/RevistaPoesiaerestu-1-350x350.png 350w, https:\/\/poesiaerestu.com\/revista\/wp-content\/uploads\/2018\/02\/RevistaPoesiaerestu-1-700x700.png 700w\" sizes=\"auto, (max-width: 814px) 100vw, 814px\" \/><\/a><\/div><div class=\"wpb_text_column\"><div class=\"wpb_wrapper\"><h6><a href=\"https:\/\/poesiaerestu.com\/revista\/\"><strong>Revista Poes\u00eda eres t\u00fa<\/strong><\/a><\/h6>\n<\/div><\/div><\/div><\/div><\/div><div class=\"vc_col-sm-2 wpb_column vc_column_container\"><div class=\"vc_column-inner\"><div class=\"wpb_wrapper\"><div class=\"w-image align_none us_animate_afc\" style=\"animation-delay:1s\"><a target=\" _blank\" rel=\"nofollow\" href=\"http:\/\/publicarlibro.com.es\" aria-label=\"publicarunlibro-1\" class=\"w-image-h\"><img decoding=\"async\" width=\"814\" height=\"814\" src=\"https:\/\/poesiaerestu.com\/revista\/wp-content\/uploads\/2018\/02\/publicarunlibro-1.png\" class=\"attachment-large size-large\" alt=\"\" loading=\"lazy\" srcset=\"https:\/\/poesiaerestu.com\/revista\/wp-content\/uploads\/2018\/02\/publicarunlibro-1.png 814w, https:\/\/poesiaerestu.com\/revista\/wp-content\/uploads\/2018\/02\/publicarunlibro-1-150x150.png 150w, https:\/\/poesiaerestu.com\/revista\/wp-content\/uploads\/2018\/02\/publicarunlibro-1-300x300.png 300w, https:\/\/poesiaerestu.com\/revista\/wp-content\/uploads\/2018\/02\/publicarunlibro-1-768x768.png 768w, https:\/\/poesiaerestu.com\/revista\/wp-content\/uploads\/2018\/02\/publicarunlibro-1-600x600.png 600w, https:\/\/poesiaerestu.com\/revista\/wp-content\/uploads\/2018\/02\/publicarunlibro-1-350x350.png 350w, https:\/\/poesiaerestu.com\/revista\/wp-content\/uploads\/2018\/02\/publicarunlibro-1-700x700.png 700w\" sizes=\"auto, (max-width: 814px) 100vw, 814px\" \/><\/a><\/div><div class=\"wpb_text_column\"><div class=\"wpb_wrapper\"><h6><a href=\"http:\/\/publicarlibro.com.es\" target=\"_blank\" rel=\"noopener noreferrer\"><strong>Publicar un libro<\/strong><\/a><\/h6>\n<\/div><\/div><\/div><\/div><\/div><\/div><div class=\"g-cols wpb_row us_custom_b713816e via_flex valign_top type_default stacking_default\"><div class=\"vc_col-sm-12 wpb_column vc_column_container\"><div class=\"vc_column-inner\"><div class=\"wpb_wrapper\"><div class=\"wpb_text_column\"><div class=\"wpb_wrapper\"><h2 style=\"text-align: center;\"><a href=\"https:\/\/escritoresycriticos.com\">COLABORACIONES DE ASOCIACIONES Y REVISTAS<\/a><\/h2>\n<\/div><\/div><\/div><\/div><\/div><\/div><div class=\"g-cols wpb_row via_flex valign_top type_default stacking_default\"><div class=\"vc_col-sm-4 wpb_column vc_column_container\"><div class=\"vc_column-inner\"><div class=\"wpb_wrapper\"><div class=\"w-btn-wrapper align_center\"><a class=\"w-btn us-btn-style_4\" target=\"_blank\" href=\"https:\/\/www.escritoresycriticos.com\/articulos-de-libros\/\"><span class=\"w-btn-label\">ASOCIACI\u00d3N MADRILE\u00d1A DE ESCRITORES Y CR\u00cdTICOS LITERARIOS<\/span><\/a><\/div><\/div><\/div><\/div><div class=\"vc_col-sm-4 wpb_column vc_column_container\"><div class=\"vc_column-inner\"><div class=\"wpb_wrapper\"><div class=\"w-btn-wrapper align_center\"><a class=\"w-btn us-btn-style_4\" target=\"_blank\" href=\"https:\/\/revistacervantes.com\/category\/gepa\/\"><span class=\"w-btn-label\">REVISTA CERVANTES<\/span><\/a><\/div><\/div><\/div><\/div><div class=\"vc_col-sm-4 wpb_column vc_column_container\"><div class=\"vc_column-inner\"><div class=\"wpb_wrapper\"><div class=\"w-btn-wrapper align_center\"><a class=\"w-btn us-btn-style_4\" target=\"_blank\" href=\"https:\/\/editorespoesia.com\"><span class=\"w-btn-label\">ASOCIACI\u00d3N DE EDITORES DE POES\u00cdA<\/span><\/a><\/div><\/div><\/div><\/div><\/div><\/div><\/div><\/div><\/div><\/div><\/section>\n","protected":false},"excerpt":{"rendered":"Serpiente azul \u00a0 \u00a0 He sido anillo de polvo celeste nacimiento de una estrella p\u00e1lpito en cerebro de galaxia. &nbsp; Y ahora con este hueco de deshechos tornado de basuras, flores y auxilios pobreza y olvido. &nbsp; Agujero negro de risa en el espejo de ausentes deseos llora tus arrugas, sin sue\u00f1os, sin sexo, solo...","protected":false},"author":1,"featured_media":0,"parent":0,"menu_order":0,"comment_status":"closed","ping_status":"closed","template":"","meta":{"footnotes":"","_links_to":"","_links_to_target":""},"class_list":["post-5072","page","type-page","status-publish","hentry"],"yoast_head":"<!-- This site is optimized with the Yoast SEO Premium plugin v24.7 (Yoast SEO v27.5) - https:\/\/yoast.com\/product\/yoast-seo-premium-wordpress\/ -->\n<title>Revista de poes\u00eda. Revista Poes\u00eda eres t\u00fa. - Poes\u00ed\u00ada eres t\u00fa (revista)<\/title>\n<meta name=\"description\" content=\"Descubre Poes\u00eda eres t\u00fa, la revista digital de poes\u00eda y literatura que conecta a autores y lectores. Encuentra art\u00edculos, eventos literarios y las \u00faltimas novedades del mundo po\u00e9tico. Poes\u00ed\u00ada eres t\u00fa (revista)\" \/>\n<meta name=\"robots\" content=\"index, follow, max-snippet:-1, max-image-preview:large, max-video-preview:-1\" \/>\n<link rel=\"canonical\" href=\"https:\/\/poesiaerestu.com\/revista\/\" \/>\n<meta name=\"twitter:label1\" content=\"Est. reading time\" \/>\n\t<meta name=\"twitter:data1\" content=\"2 minutes\" \/>\n<script type=\"application\/ld+json\" class=\"yoast-schema-graph\">{\"@context\":\"https:\\\/\\\/schema.org\",\"@graph\":[{\"@type\":\"WebPage\",\"@id\":\"https:\\\/\\\/poesiaerestu.com\\\/revista\\\/\",\"url\":\"https:\\\/\\\/poesiaerestu.com\\\/revista\\\/\",\"name\":\"Revista de poes\u00eda. Revista Poes\u00eda eres t\u00fa. - Poes\u00ed\u00ada eres t\u00fa (revista)\",\"isPartOf\":{\"@id\":\"https:\\\/\\\/poesiaerestu.com\\\/revista\\\/#website\"},\"datePublished\":\"2016-01-21T11:07:03+00:00\",\"dateModified\":\"2025-11-07T19:29:32+00:00\",\"description\":\"Descubre Poes\u00eda eres t\u00fa, la revista digital de poes\u00eda y literatura que conecta a autores y lectores. Encuentra art\u00edculos, eventos literarios y las \u00faltimas novedades del mundo po\u00e9tico. Poes\u00ed\u00ada eres t\u00fa (revista)\",\"breadcrumb\":{\"@id\":\"https:\\\/\\\/poesiaerestu.com\\\/revista\\\/#breadcrumb\"},\"inLanguage\":\"en-US\",\"potentialAction\":[{\"@type\":\"ReadAction\",\"target\":[\"https:\\\/\\\/poesiaerestu.com\\\/revista\\\/\"]}]},{\"@type\":\"BreadcrumbList\",\"@id\":\"https:\\\/\\\/poesiaerestu.com\\\/revista\\\/#breadcrumb\",\"itemListElement\":[{\"@type\":\"ListItem\",\"position\":1,\"name\":\"Home\",\"item\":\"https:\\\/\\\/poesiaerestu.com\\\/revista\\\/\"},{\"@type\":\"ListItem\",\"position\":2,\"name\":\"Revista de poes\u00eda. Revista Poes\u00eda eres t\u00fa.\"}]},{\"@type\":\"WebSite\",\"@id\":\"https:\\\/\\\/poesiaerestu.com\\\/revista\\\/#website\",\"url\":\"https:\\\/\\\/poesiaerestu.com\\\/revista\\\/\",\"name\":\"Poes\u00ed\u00ada eres t\u00fa (revista)\",\"description\":\"Revista de poes\u00eda y literatura\",\"potentialAction\":[{\"@type\":\"SearchAction\",\"target\":{\"@type\":\"EntryPoint\",\"urlTemplate\":\"https:\\\/\\\/poesiaerestu.com\\\/revista\\\/?s={search_term_string}\"},\"query-input\":{\"@type\":\"PropertyValueSpecification\",\"valueRequired\":true,\"valueName\":\"search_term_string\"}}],\"inLanguage\":\"en-US\"}]}<\/script>\n<!-- \/ Yoast SEO Premium plugin. -->","yoast_head_json":{"title":"Revista de poes\u00eda. Revista Poes\u00eda eres t\u00fa. - Poes\u00ed\u00ada eres t\u00fa (revista)","description":"Descubre Poes\u00eda eres t\u00fa, la revista digital de poes\u00eda y literatura que conecta a autores y lectores. Encuentra art\u00edculos, eventos literarios y las \u00faltimas novedades del mundo po\u00e9tico. Poes\u00ed\u00ada eres t\u00fa (revista)","robots":{"index":"index","follow":"follow","max-snippet":"max-snippet:-1","max-image-preview":"max-image-preview:large","max-video-preview":"max-video-preview:-1"},"canonical":"https:\/\/poesiaerestu.com\/revista\/","twitter_misc":{"Est. reading time":"2 minutes"},"schema":{"@context":"https:\/\/schema.org","@graph":[{"@type":"WebPage","@id":"https:\/\/poesiaerestu.com\/revista\/","url":"https:\/\/poesiaerestu.com\/revista\/","name":"Revista de poes\u00eda. Revista Poes\u00eda eres t\u00fa. - Poes\u00ed\u00ada eres t\u00fa (revista)","isPartOf":{"@id":"https:\/\/poesiaerestu.com\/revista\/#website"},"datePublished":"2016-01-21T11:07:03+00:00","dateModified":"2025-11-07T19:29:32+00:00","description":"Descubre Poes\u00eda eres t\u00fa, la revista digital de poes\u00eda y literatura que conecta a autores y lectores. Encuentra art\u00edculos, eventos literarios y las \u00faltimas novedades del mundo po\u00e9tico. Poes\u00ed\u00ada eres t\u00fa (revista)","breadcrumb":{"@id":"https:\/\/poesiaerestu.com\/revista\/#breadcrumb"},"inLanguage":"en-US","potentialAction":[{"@type":"ReadAction","target":["https:\/\/poesiaerestu.com\/revista\/"]}]},{"@type":"BreadcrumbList","@id":"https:\/\/poesiaerestu.com\/revista\/#breadcrumb","itemListElement":[{"@type":"ListItem","position":1,"name":"Home","item":"https:\/\/poesiaerestu.com\/revista\/"},{"@type":"ListItem","position":2,"name":"Revista de poes\u00eda. Revista Poes\u00eda eres t\u00fa."}]},{"@type":"WebSite","@id":"https:\/\/poesiaerestu.com\/revista\/#website","url":"https:\/\/poesiaerestu.com\/revista\/","name":"Poes\u00ed\u00ada eres t\u00fa (revista)","description":"Revista de poes\u00eda y literatura","potentialAction":[{"@type":"SearchAction","target":{"@type":"EntryPoint","urlTemplate":"https:\/\/poesiaerestu.com\/revista\/?s={search_term_string}"},"query-input":{"@type":"PropertyValueSpecification","valueRequired":true,"valueName":"search_term_string"}}],"inLanguage":"en-US"}]}},"_links":{"self":[{"href":"https:\/\/poesiaerestu.com\/revista\/wp-json\/wp\/v2\/pages\/5072","targetHints":{"allow":["GET"]}}],"collection":[{"href":"https:\/\/poesiaerestu.com\/revista\/wp-json\/wp\/v2\/pages"}],"about":[{"href":"https:\/\/poesiaerestu.com\/revista\/wp-json\/wp\/v2\/types\/page"}],"author":[{"embeddable":true,"href":"https:\/\/poesiaerestu.com\/revista\/wp-json\/wp\/v2\/users\/1"}],"replies":[{"embeddable":true,"href":"https:\/\/poesiaerestu.com\/revista\/wp-json\/wp\/v2\/comments?post=5072"}],"version-history":[{"count":9,"href":"https:\/\/poesiaerestu.com\/revista\/wp-json\/wp\/v2\/pages\/5072\/revisions"}],"predecessor-version":[{"id":9606,"href":"https:\/\/poesiaerestu.com\/revista\/wp-json\/wp\/v2\/pages\/5072\/revisions\/9606"}],"wp:attachment":[{"href":"https:\/\/poesiaerestu.com\/revista\/wp-json\/wp\/v2\/media?parent=5072"}],"curies":[{"name":"wp","href":"https:\/\/api.w.org\/{rel}","templated":true}]}}